{"id":61837,"date":"2022-04-04T17:10:31","date_gmt":"2022-04-04T15:10:31","guid":{"rendered":"https:\/\/bp2.yoho.pl\/dzialania-marketingowe\/"},"modified":"2023-07-06T13:55:42","modified_gmt":"2023-07-06T11:55:42","slug":"marketingaktivitaten","status":"publish","type":"page","link":"https:\/\/bp2.yoho.pl\/de\/marketingaktivitaten\/","title":{"rendered":"Marketingaktivit\u00e4ten"},"content":{"rendered":"\n<div class=\"wp-block-group is-style-with-b2-background\"><div class=\"wp-block-group__inner-container is-layout-flow wp-block-group-is-layout-flow\">\n<div style=\"height:100px\" aria-hidden=\"true\" class=\"wp-block-spacer is-style-small-spacer\"><\/div>\n\n\n\n<p class=\"has-text-align-center noMarginBottom has-red-color has-text-color\"><strong>ES GIBT MASSNAHMEN, DIE SICH LOHNEN.<\/strong><\/p><div id=\"ez-toc-container\" class=\"ez-toc-v2_0_73 ez-toc-wrap-center counter-hierarchy ez-toc-counter ez-toc-transparent ez-toc-container-direction\">\n<div class=\"ez-toc-title-container\">\n<p class=\"ez-toc-title\" style=\"cursor:inherit\">Table of Contents<\/p>\n<span class=\"ez-toc-title-toggle\"><a href=\"#\" class=\"ez-toc-pull-right ez-toc-btn ez-toc-btn-xs ez-toc-btn-default ez-toc-toggle\" aria-label=\"Toggle Table of Content\"><span class=\"ez-toc-js-icon-con\"><span class=\"\"><span class=\"eztoc-hide\" style=\"display:none;\">Toggle<\/span><span class=\"ez-toc-icon-toggle-span\"><svg style=\"fill: #999;color:#999\" xmlns=\"http:\/\/www.w3.org\/2000\/svg\" class=\"list-377408\" width=\"20px\" height=\"20px\" viewBox=\"0 0 24 24\" fill=\"none\"><path d=\"M6 6H4v2h2V6zm14 0H8v2h12V6zM4 11h2v2H4v-2zm16 0H8v2h12v-2zM4 16h2v2H4v-2zm16 0H8v2h12v-2z\" fill=\"currentColor\"><\/path><\/svg><svg style=\"fill: #999;color:#999\" class=\"arrow-unsorted-368013\" xmlns=\"http:\/\/www.w3.org\/2000\/svg\" width=\"10px\" height=\"10px\" viewBox=\"0 0 24 24\" version=\"1.2\" baseProfile=\"tiny\"><path d=\"M18.2 9.3l-6.2-6.3-6.2 6.3c-.2.2-.3.4-.3.7s.1.5.3.7c.2.2.4.3.7.3h11c.3 0 .5-.1.7-.3.2-.2.3-.5.3-.7s-.1-.5-.3-.7zM5.8 14.7l6.2 6.3 6.2-6.3c.2-.2.3-.5.3-.7s-.1-.5-.3-.7c-.2-.2-.4-.3-.7-.3h-11c-.3 0-.5.1-.7.3-.2.2-.3.5-.3.7s.1.5.3.7z\"\/><\/svg><\/span><\/span><\/span><\/a><\/span><\/div>\n<nav><ul class='ez-toc-list ez-toc-list-level-1 ' ><li class='ez-toc-page-1 ez-toc-heading-level-2'><a class=\"ez-toc-link ez-toc-heading-1\" href=\"https:\/\/bp2.yoho.pl\/de\/marketingaktivitaten\/#MARKETINGAKTIVITAeTEN\" title=\"MARKETINGAKTIVIT\u00c4TEN\">MARKETINGAKTIVIT\u00c4TEN<\/a><\/li><li class='ez-toc-page-1 ez-toc-heading-level-2'><a class=\"ez-toc-link ez-toc-heading-2\" href=\"https:\/\/bp2.yoho.pl\/de\/marketingaktivitaten\/#CSR-AKTIVITAeTEN\" title=\"CSR-AKTIVIT\u00c4TEN\">CSR-AKTIVIT\u00c4TEN<\/a><\/li><li class='ez-toc-page-1 ez-toc-heading-level-2'><a class=\"ez-toc-link ez-toc-heading-3\" href=\"https:\/\/bp2.yoho.pl\/de\/marketingaktivitaten\/#Das_Dach_ueber_dem_Wolfskopf_wird_von_BP2_finanziert\" title=\"Das Dach \u00fcber dem Wolfskopf wird von BP2 finanziert.\">Das Dach \u00fcber dem Wolfskopf wird von BP2 finanziert.<\/a><\/li><li class='ez-toc-page-1 ez-toc-heading-level-2'><a class=\"ez-toc-link ez-toc-heading-4\" href=\"https:\/\/bp2.yoho.pl\/de\/marketingaktivitaten\/#Naturverband_%E2%80%9EWilk%E2%80%9C\" title=\"Naturverband \u201eWilk\u201c\">Naturverband \u201eWilk\u201c<\/a><\/li><li class='ez-toc-page-1 ez-toc-heading-level-2'><a class=\"ez-toc-link ez-toc-heading-5\" href=\"https:\/\/bp2.yoho.pl\/de\/marketingaktivitaten\/#HC_Kosice\" title=\"HC Ko\u0161ice\">HC Ko\u0161ice<\/a><\/li><li class='ez-toc-page-1 ez-toc-heading-level-2'><a class=\"ez-toc-link ez-toc-heading-6\" href=\"https:\/\/bp2.yoho.pl\/de\/marketingaktivitaten\/#MARKENBOTSCHAFTER\" title=\"MARKENBOTSCHAFTER\">MARKENBOTSCHAFTER<\/a><\/li><li class='ez-toc-page-1 ez-toc-heading-level-2'><a class=\"ez-toc-link ez-toc-heading-7\" href=\"https:\/\/bp2.yoho.pl\/de\/marketingaktivitaten\/#BESTER_DACHDECKER_UNTER_DEN_SKISPRINGERN\" title=\"BESTER DACHDECKER UNTER DEN SKISPRINGERN\">BESTER DACHDECKER UNTER DEN SKISPRINGERN<\/a><\/li><li class='ez-toc-page-1 ez-toc-heading-level-2'><a class=\"ez-toc-link ez-toc-heading-8\" href=\"https:\/\/bp2.yoho.pl\/de\/marketingaktivitaten\/#Der_beste_Skispringer_unter_den_Dachdeckern\" title=\"Der beste Skispringer unter den Dachdeckern\">Der beste Skispringer unter den Dachdeckern<\/a><\/li><li class='ez-toc-page-1 ez-toc-heading-level-2'><a class=\"ez-toc-link ez-toc-heading-9\" href=\"https:\/\/bp2.yoho.pl\/de\/marketingaktivitaten\/#MASTER_ROOFER\" title=\"MASTER ROOFER\">MASTER ROOFER<\/a><\/li><li class='ez-toc-page-1 ez-toc-heading-level-2'><a class=\"ez-toc-link ez-toc-heading-10\" href=\"https:\/\/bp2.yoho.pl\/de\/marketingaktivitaten\/#AKADEMIE_DER_MEISTER\" title=\"AKADEMIE DER MEISTER\">AKADEMIE DER MEISTER<\/a><\/li><li class='ez-toc-page-1 ez-toc-heading-level-2'><a class=\"ez-toc-link ez-toc-heading-11\" href=\"https:\/\/bp2.yoho.pl\/de\/marketingaktivitaten\/#MOBILE_AKADEMIE_DER_CHAMPIONS\" title=\"MOBILE AKADEMIE DER CHAMPIONS\">MOBILE AKADEMIE DER CHAMPIONS<\/a><\/li><\/ul><\/nav><\/div>\n\n\n\n\n<h2 class=\"wp-block-heading has-text-align-center noMarginTop noMarginBottom is-style-h1\" style=\"font-size:3.5em\"><span class=\"ez-toc-section\" id=\"MARKETINGAKTIVITAeTEN\"><\/span><strong>MARKETINGAKTIVIT\u00c4TEN<\/strong><span class=\"ez-toc-section-end\"><\/span><\/h2>\n\n\n\n<div style=\"height:100px\" aria-hidden=\"true\" class=\"wp-block-spacer is-style-small-spacer\"><\/div>\n<\/div><\/div>\n\n\n\n<div class=\"wp-block-group is-style-narrower-group\"><div class=\"wp-block-group__inner-container is-layout-flow wp-block-group-is-layout-flow\">\n<p class=\"has-text-align-center\" style=\"font-size:22px\">Durch unsere Glaubw\u00fcrdigkeit und Verantwortung sind wir in der Lage, langfristige und offene Beziehungen aufzubauen. Dadurch k\u00f6nnen wir sozial handeln und unsere stetig wachsende Reichweite nutzen. Auf diese Weise k\u00f6nnen wir die Markenbekanntheit sowohl auf dem polnischen als auch auf dem internationalen Markt steigern.<\/p>\n\n\n\n<div style=\"height:100px\" aria-hidden=\"true\" class=\"wp-block-spacer is-style-small-spacer\"><\/div>\n<\/div><\/div>\n\n\n\n<div class=\"wp-block-group is-style-narrower-group has-red-background-color has-background\"><div class=\"wp-block-group__inner-container is-layout-flow wp-block-group-is-layout-flow\">\n<div style=\"height:100px\" aria-hidden=\"true\" class=\"wp-block-spacer is-style-small-spacer\"><\/div>\n\n\n\n<div class=\"wp-block-group is-style-narrow-group\"><div class=\"wp-block-group__inner-container is-layout-flow wp-block-group-is-layout-flow\">\r\n<div class=\"section__data\" data-section=\"CSR-AKTIVIT\u00c4TEN\"><\/div><\/div><\/div>\n\n\n<div class=\"wp-block-image\">\n<figure class=\"aligncenter size-full is-resized\"><img decoding=\"async\" src=\"https:\/\/bp2.yoho.pl\/wp-content\/uploads\/2022\/12\/bp2-csr-icon-white.svg\" alt=\"\" class=\"wp-image-46551\" width=\"148\" height=\"113\"\/><\/figure><\/div>\n\n\n<h2 class=\"wp-block-heading has-text-align-center is-style-h3 has-white-color has-text-color\"><span class=\"ez-toc-section\" id=\"CSR-AKTIVITAeTEN\"><\/span><strong>CSR-AKTIVIT\u00c4TEN<\/strong><span class=\"ez-toc-section-end\"><\/span><\/h2>\n\n\n\n<p class=\"has-text-align-center has-white-color has-text-color\">Wir wissen, wie wichtig Unterst\u00fctzung ist. Deshalb bieten wir sie auch gerne selbst an. Unser Engagement entspringt unserer \u00dcberzeugung, dass gute Taten sich auszahlen. Deshalb unterst\u00fctzen wir die W\u00f6lfe des Krakauer Zoos, den Naturverband \u201eWilk [Wolf]\u201c und den slowakischen Eishockeyverein HC Ko\u0161ice.<\/p>\n\n\n\n<div style=\"height:100px\" aria-hidden=\"true\" class=\"wp-block-spacer is-style-small-spacer\"><\/div>\n<\/div><\/div>\n\n\n\n<div style=\"height:100px\" aria-hidden=\"true\" class=\"wp-block-spacer is-style-smaller-spacer\"><\/div>\n\n\n\n<div style=\"height:100px\" aria-hidden=\"true\" class=\"wp-block-spacer is-style-smaller-spacer\"><\/div>\n\n\n\n<div class=\"wp-block-group\"><div class=\"wp-block-group__inner-container is-layout-flow wp-block-group-is-layout-flow\">\n<div class=\"wp-block-columns is-style-mobile-reverse is-style-grid fade-in is-layout-flex wp-container-core-columns-is-layout-9d6595d7 wp-block-columns-is-layout-flex\">\n<div class=\"wp-block-column is-layout-flow wp-block-column-is-layout-flow\">\n<div class=\"wp-block-cover is-light is-style-full-width\"><span aria-hidden=\"true\" class=\"wp-block-cover__background has-dark-gray-background-color has-background-dim-100 has-background-dim\"><\/span><div class=\"wp-block-cover__inner-container is-layout-flow wp-block-cover-is-layout-flow\">\n<h2 class=\"wp-block-heading is-style-h3 has-large-font-size\"><span class=\"ez-toc-section\" id=\"Das_Dach_ueber_dem_Wolfskopf_wird_von_BP2_finanziert\"><\/span><strong>Das Dach \u00fcber dem Wolfskopf wird von BP2 finanziert.<\/strong><span class=\"ez-toc-section-end\"><\/span><\/h2>\n\n\n\n<p>Wir pflegen seit langem eine gute Beziehung zu den W\u00f6lfen. Wir sind beeindruckt von ihrer Teamarbeit, ihrer Loyalit\u00e4t und ihrer Unabh\u00e4ngigkeit. Deshalb haben wir den Wolf in unserem Logo integriert. Wir m\u00f6chten die Art und Weise \u00e4ndern, wie Menschen \u00fcber diese fantastischen Tiere denken, die oft missverstanden werden, insbesondere von Personen, die wenig \u00fcber sie wissen.<\/p>\n\n\n\n<p><br>Deshalb haben wir die Patenschaft f\u00fcr die M\u00e4hnenw\u00f6lfe \u00fcbernommen, die im Zoologischen Garten in Krakau leben. Es erf\u00fcllt uns mit Freude, dass wir uns finanziell um diese wundersch\u00f6nen Wesen k\u00fcmmern und so zu ihrem Wohlergehen beitragen k\u00f6nnen.<\/p>\n\n\n\n<div class=\"wp-block-group\"><div class=\"wp-block-group__inner-container is-layout-flow wp-block-group-is-layout-flow\">\n<a href=\"https:\/\/zoo-krakow.pl\/\" target=\"_blank\" class=\"button button--blackSpecial \">ERFAHREN SIE MEHR<\/a><\/div><\/div>\n<\/div><\/div>\n<\/div>\n\n\n\n<div class=\"wp-block-column is-layout-flow wp-block-column-is-layout-flow\">\n<div class=\"wp-block-cover is-style-full-height\"><span aria-hidden=\"true\" class=\"wp-block-cover__background has-background-dim-0 has-background-dim\"><\/span><img fetchpriority=\"high\" decoding=\"async\" width=\"1900\" height=\"1204\" class=\"wp-block-cover__image-background wp-image-16602\" alt=\"\" src=\"https:\/\/bp2.yoho.pl\/wp-content\/uploads\/2022\/08\/wolf.jpg\" data-object-fit=\"cover\" srcset=\"https:\/\/bp2.yoho.pl\/wp-content\/uploads\/2022\/08\/wolf.jpg 1900w, https:\/\/bp2.yoho.pl\/wp-content\/uploads\/2022\/08\/wolf-820x520.jpg 820w, https:\/\/bp2.yoho.pl\/wp-content\/uploads\/2022\/08\/wolf-1024x649.jpg 1024w, https:\/\/bp2.yoho.pl\/wp-content\/uploads\/2022\/08\/wolf-768x487.jpg 768w, https:\/\/bp2.yoho.pl\/wp-content\/uploads\/2022\/08\/wolf-1536x973.jpg 1536w\" sizes=\"(max-width: 1900px) 100vw, 1900px\" \/><div class=\"wp-block-cover__inner-container is-layout-flow wp-block-cover-is-layout-flow\">\n<p class=\"has-text-align-center\"><\/p>\n<\/div><\/div>\n<\/div>\n<\/div>\n\n\n\n<div class=\"wp-block-columns is-style-grid fade-in is-style-default is-layout-flex wp-container-core-columns-is-layout-9d6595d7 wp-block-columns-is-layout-flex\">\n<div class=\"wp-block-column is-layout-flow wp-block-column-is-layout-flow\">\n<div class=\"wp-block-cover is-light is-style-full-height\"><span aria-hidden=\"true\" class=\"wp-block-cover__background has-background-dim-0 has-background-dim\"><\/span><img decoding=\"async\" width=\"1500\" height=\"1000\" class=\"wp-block-cover__image-background wp-image-7574\" alt=\"\" src=\"https:\/\/bp2.yoho.pl\/wp-content\/uploads\/2022\/04\/bp2_stowarzyszenie_wilk.png\" data-object-fit=\"cover\" srcset=\"https:\/\/bp2.yoho.pl\/wp-content\/uploads\/2022\/04\/bp2_stowarzyszenie_wilk.png 1500w, https:\/\/bp2.yoho.pl\/wp-content\/uploads\/2022\/04\/bp2_stowarzyszenie_wilk-820x547.png 820w, https:\/\/bp2.yoho.pl\/wp-content\/uploads\/2022\/04\/bp2_stowarzyszenie_wilk-1024x683.png 1024w, https:\/\/bp2.yoho.pl\/wp-content\/uploads\/2022\/04\/bp2_stowarzyszenie_wilk-768x512.png 768w\" sizes=\"(max-width: 1500px) 100vw, 1500px\" \/><div class=\"wp-block-cover__inner-container is-layout-flow wp-block-cover-is-layout-flow\">\n<p class=\"has-text-align-center\"><\/p>\n<\/div><\/div>\n<\/div>\n\n\n\n<div class=\"wp-block-column is-layout-flow wp-block-column-is-layout-flow\">\n<div class=\"wp-block-cover is-light is-style-full-width\"><span aria-hidden=\"true\" class=\"wp-block-cover__background has-dark-gray-background-color has-background-dim-100 has-background-dim\"><\/span><div class=\"wp-block-cover__inner-container is-layout-flow wp-block-cover-is-layout-flow\">\n<h2 class=\"wp-block-heading is-style-h3 has-large-font-size\"><span class=\"ez-toc-section\" id=\"Naturverband_%E2%80%9EWilk%E2%80%9C\"><\/span><strong>Naturverband \u201eWilk\u201c<\/strong><span class=\"ez-toc-section-end\"><\/span><\/h2>\n\n\n\n<p>Wir empfinden eine starke Motivation, den W\u00f6lfen zu helfen. Daher unterst\u00fctzen wir den Naturverband &#8222;Wilk&#8220; finanziell, der eine Gruppe erstklassiger Fachleute vereint, die sich f\u00fcr den Schutz der W\u00f6lfe in Polen einsetzen.<\/p>\n\n\n\n<p><br>Der Naturverband &#8222;Wilk&#8220; ist seit 1996 unerm\u00fcdlich f\u00fcr unsere Natur t\u00e4tig, haupts\u00e4chlich f\u00fcr den Schutz gro\u00dfer Raubtiere wie Luchse, B\u00e4ren und W\u00f6lfe. Seine gro\u00dfartige, wenn auch unglaublich herausfordernde Arbeit verdient h\u00f6chste Anerkennung.<\/p>\n\n\n\n<div class=\"wp-block-group\"><div class=\"wp-block-group__inner-container is-layout-flow wp-block-group-is-layout-flow\">\n<a href=\"https:\/\/www.polskiwilk.org.pl\/en\/\" target=\"_blank\" class=\"button button--blackSpecial \">ERFAHREN SIE MEHR<\/a><\/div><\/div>\n<\/div><\/div>\n<\/div>\n<\/div>\n\n\n\n<div class=\"wp-block-columns is-style-mobile-reverse is-style-grid fade-in is-layout-flex wp-container-core-columns-is-layout-9d6595d7 wp-block-columns-is-layout-flex\">\n<div class=\"wp-block-column is-layout-flow wp-block-column-is-layout-flow\">\n<div class=\"wp-block-cover is-light is-style-full-width\"><span aria-hidden=\"true\" class=\"wp-block-cover__background has-dark-gray-background-color has-background-dim-100 has-background-dim\"><\/span><div class=\"wp-block-cover__inner-container is-layout-flow wp-block-cover-is-layout-flow\">\n<h2 class=\"wp-block-heading is-style-h3 has-large-font-size\"><span class=\"ez-toc-section\" id=\"HC_Kosice\"><\/span>HC Ko\u0161ice<span class=\"ez-toc-section-end\"><\/span><\/h2>\n\n\n\n<p>Seit M\u00e4rz 2018 sind wir offizieller Sponsor der Hockeymannschaft des HC Ko\u0161ice.<\/p>\n\n\n\n<p>Der HC Ko\u0161ice ist einer der erfolgreichsten Vereine in der Slowakei und hat bereits achtmal den nationalen Meistertitel errungen. Die Heimspiele finden in der Eissporthalle Steel Ar\u00e9na statt, in der auch unsere Werbung zu sehen ist.<\/p>\n\n\n\n<div class=\"wp-block-group\"><div class=\"wp-block-group__inner-container is-layout-flow wp-block-group-is-layout-flow\">\n<a href=\"https:\/\/www.hckosice.sk\/\" target=\"_blank\" class=\"button button--blackSpecial \">ERFAHREN SIE MEHR<\/a><\/div><\/div>\n<\/div><\/div>\n<\/div>\n\n\n\n<div class=\"wp-block-column is-layout-flow wp-block-column-is-layout-flow\">\n<div class=\"wp-block-cover is-style-full-height\"><span aria-hidden=\"true\" class=\"wp-block-cover__background has-background-dim-0 has-background-dim\"><\/span><img loading=\"lazy\" decoding=\"async\" width=\"1900\" height=\"1204\" class=\"wp-block-cover__image-background wp-image-16634\" alt=\"\" src=\"https:\/\/bp2.yoho.pl\/wp-content\/uploads\/2022\/08\/hc-kosice.jpg\" style=\"object-position:49% 26%\" data-object-fit=\"cover\" data-object-position=\"49% 26%\" srcset=\"https:\/\/bp2.yoho.pl\/wp-content\/uploads\/2022\/08\/hc-kosice.jpg 1900w, https:\/\/bp2.yoho.pl\/wp-content\/uploads\/2022\/08\/hc-kosice-820x520.jpg 820w, https:\/\/bp2.yoho.pl\/wp-content\/uploads\/2022\/08\/hc-kosice-1024x649.jpg 1024w, https:\/\/bp2.yoho.pl\/wp-content\/uploads\/2022\/08\/hc-kosice-768x487.jpg 768w, https:\/\/bp2.yoho.pl\/wp-content\/uploads\/2022\/08\/hc-kosice-1536x973.jpg 1536w\" sizes=\"(max-width: 1900px) 100vw, 1900px\" \/><div class=\"wp-block-cover__inner-container is-layout-flow wp-block-cover-is-layout-flow\">\n<p class=\"has-text-align-center\"><\/p>\n<\/div><\/div>\n<\/div>\n<\/div>\n<\/div><\/div>\n\n\n\n<div class=\"wp-block-group is-style-narrower-group has-red-background-color has-background\"><div class=\"wp-block-group__inner-container is-layout-flow wp-block-group-is-layout-flow\">\n<div style=\"height:100px\" aria-hidden=\"true\" class=\"wp-block-spacer is-style-small-spacer\"><\/div>\n\n\n\r\n<div class=\"section__data\" data-section=\"MARKENBOTSCHAFTER\"><\/div>\n\n<div class=\"wp-block-image\">\n<figure class=\"aligncenter size-full is-resized\"><img decoding=\"async\" src=\"https:\/\/bp2.yoho.pl\/wp-content\/uploads\/2022\/12\/bp2-csr-icon-white.svg\" alt=\"\" class=\"wp-image-46551\" width=\"148\" height=\"113\"\/><\/figure><\/div>\n\n\n<h2 class=\"wp-block-heading has-text-align-center is-style-h3 has-white-color has-text-color\"><span class=\"ez-toc-section\" id=\"MARKENBOTSCHAFTER\"><\/span><strong>MARKENBOTSCHAFTER<\/strong><span class=\"ez-toc-section-end\"><\/span><\/h2>\n\n\n\n<p class=\"has-text-align-center has-white-color has-text-color\">Von 2017 bis 2022 der Markenbotschafter von BP2 &#8211; Adam Ma\u0142ysz. Der beste Skispringer unter den Dachdeckern und der beste Dachdecker unter den Skispringern, der sich dazu entschlossen hat, BP2 zu vertrauen. Wir teilten die gleiche Leidenschaft und das st\u00e4ndige Streben nach Spitzenleistungen. Es war ein gro\u00dfes Privileg, den Champion an unserer Seite zu haben.<\/p>\n\n\n\n<div style=\"height:100px\" aria-hidden=\"true\" class=\"wp-block-spacer is-style-small-spacer\"><\/div>\n<\/div><\/div>\n\n\n\n<div style=\"height:100px\" aria-hidden=\"true\" class=\"wp-block-spacer is-style-smaller-spacer\"><\/div>\n\n\n\n<div class=\"wp-block-group is-style-default\"><div class=\"wp-block-group__inner-container is-layout-flow wp-block-group-is-layout-flow\">\n<div class=\"wp-block-columns is-style-mobile-reverse is-style-grid fade-in is-layout-flex wp-container-core-columns-is-layout-9d6595d7 wp-block-columns-is-layout-flex\">\n<div class=\"wp-block-column is-layout-flow wp-block-column-is-layout-flow\">\n<div class=\"wp-block-cover is-light is-style-full-width\"><span aria-hidden=\"true\" class=\"wp-block-cover__background has-dark-gray-background-color has-background-dim-100 has-background-dim\"><\/span><div class=\"wp-block-cover__inner-container is-layout-flow wp-block-cover-is-layout-flow\">\n<h2 class=\"wp-block-heading is-style-h3\"><span class=\"ez-toc-section\" id=\"BESTER_DACHDECKER_UNTER_DEN_SKISPRINGERN\"><\/span><br><strong>BESTER DACHDECKER UNTER DEN SKISPRINGERN<\/strong><span class=\"ez-toc-section-end\"><\/span><\/h2>\n\n\n\n<h2 class=\"wp-block-heading is-style-h3\" style=\"font-style:normal;font-weight:300\"><span class=\"ez-toc-section\" id=\"Der_beste_Skispringer_unter_den_Dachdeckern\"><\/span>Der beste Skispringer unter den Dachdeckern<span class=\"ez-toc-section-end\"><\/span><\/h2>\n\n\n\n<p>Im Jahr 2017 wurde Adam Malysz Markenbotschafter von BP2 und hat bis 2022 aktiv das Image des Unternehmens mitgestaltet.<br><br>Nur wenige wissen, dass Adam Malysz von Beruf Dachdecker ist, und diese Tatsache hat unsere Zusammenarbeit beeinflusst. Trotz seiner zahlreichen gewonnenen Titel hat er seine Wurzeln nicht vergessen und kehrt mit Begeisterung zu seiner ersten T\u00e4tigkeit als Dachdecker zur\u00fcck.<br><br>Der Beruf des Dachdeckers hat sich im Laufe der Jahre weiterentwickelt und ist prestigetr\u00e4chtig sowie \u00e4u\u00dferst attraktiv geworden. Die Marktnachfrage ist nach wie vor hoch. Die sich ver\u00e4ndernden Realit\u00e4ten und der technologische Fortschritt bedeuten, dass Dachdeckermeister mit den Innovationen Schritt halten m\u00fcssen.<br><\/p>\n\n\n\n<p>Wie stellt sich Adam Ma\u0142ysz sein Leben vor, wenn seine Karriere anders verlaufen und er in der Branche geblieben w\u00e4re?<br><br><em>&#8222;Wenn ich heute Dachdecker w\u00e4re, w\u00fcrde ich die Gr\u00fcndung meines eigenen Unternehmens anstreben. Ich w\u00fcrde mich nicht mit der Rolle eines Gesellen zufriedengeben, sondern den Meisterabschluss anstreben. Ich w\u00fcrde mich st\u00e4ndig weiterbilden und meine Qualifikationen verbessern. Ich habe mich nie vor Herausforderungen gescheut, wie mein Weg im Skispringen und im Motorsport gezeigt hat. Ich w\u00e4re auch hier erfolgreich!&#8220;,<\/em> erkl\u00e4rt Adam Ma\u0142ysz.<br><br>Adam Malysz hat in den letzten Jahren an Trainingskursen teilgenommen und seine Fachkollegen ermutigt, sich neues Wissen anzueignen und ihre Qualifikationen zu verbessern, was heutzutage besonders wichtig ist.<\/p>\n<\/div><\/div>\n<\/div>\n\n\n\n<div class=\"wp-block-column is-layout-flow wp-block-column-is-layout-flow\">\n<div class=\"wp-block-cover is-style-full-height\"><span aria-hidden=\"true\" class=\"wp-block-cover__background has-background-dim-0 has-background-dim\"><\/span><img loading=\"lazy\" decoding=\"async\" width=\"1000\" height=\"909\" class=\"wp-block-cover__image-background wp-image-10432\" alt=\"\" src=\"https:\/\/bp2.yoho.pl\/wp-content\/uploads\/2022\/05\/adam.png\" data-object-fit=\"cover\" srcset=\"https:\/\/bp2.yoho.pl\/wp-content\/uploads\/2022\/05\/adam.png 1000w, https:\/\/bp2.yoho.pl\/wp-content\/uploads\/2022\/05\/adam-820x745.png 820w, https:\/\/bp2.yoho.pl\/wp-content\/uploads\/2022\/05\/adam-768x698.png 768w\" sizes=\"(max-width: 1000px) 100vw, 1000px\" \/><div class=\"wp-block-cover__inner-container is-layout-flow wp-block-cover-is-layout-flow\">\n<p class=\"has-text-align-center\"><\/p>\n<\/div><\/div>\n<\/div>\n<\/div>\n\n\n\n<div style=\"height:100px\" aria-hidden=\"true\" class=\"wp-block-spacer is-style-smaller-spacer\"><\/div>\n<\/div><\/div>\n\n\n\n<div class=\"wp-block-group has-black-background-color has-background\"><div class=\"wp-block-group__inner-container is-layout-flow wp-block-group-is-layout-flow\">\n<figure class=\"wp-block-embed is-type-video is-provider-youtube wp-block-embed-youtube wp-embed-aspect-16-9 wp-has-aspect-ratio\"><div class=\"wp-block-embed__wrapper\">\n<iframe title=\"RANGA: MISTRZ. ZAW\u00d3D: DEKARZ. ADAM MA\u0141YSZ AMBASADOR BLACHPROFIL 2\" width=\"640\" height=\"360\" src=\"https:\/\/www.youtube.com\/embed\/D_ijt3CxV6k?feature=oembed\" frameborder=\"0\" allow=\"accelerometer; autoplay; clipboard-write; encrypted-media; gyroscope; picture-in-picture; web-share\" referrerpolicy=\"strict-origin-when-cross-origin\" allowfullscreen><\/iframe>\n<\/div><\/figure>\n<\/div><\/div>\n\n\n\n<div style=\"height:100px\" aria-hidden=\"true\" class=\"wp-block-spacer is-style-small-spacer\"><\/div>\n\n\n\n<div class=\"wp-block-group\"><div class=\"wp-block-group__inner-container is-layout-flow wp-block-group-is-layout-flow\">\n<div class=\"wp-block-columns is-style-grid is-layout-flex wp-container-core-columns-is-layout-9d6595d7 wp-block-columns-is-layout-flex\">\n<div class=\"wp-block-column is-layout-flow wp-block-column-is-layout-flow\">\n<div class=\"wp-block-cover is-style-content-from-bottom\"><span aria-hidden=\"true\" class=\"wp-block-cover__background has-background-dim-60 has-background-dim\"><\/span><img loading=\"lazy\" decoding=\"async\" width=\"1620\" height=\"1080\" class=\"wp-block-cover__image-background wp-image-11144\" alt=\"\" src=\"https:\/\/bp2.yoho.pl\/wp-content\/uploads\/2022\/06\/bp2_master_roofer.jpg\" data-object-fit=\"cover\" srcset=\"https:\/\/bp2.yoho.pl\/wp-content\/uploads\/2022\/06\/bp2_master_roofer.jpg 1620w, https:\/\/bp2.yoho.pl\/wp-content\/uploads\/2022\/06\/bp2_master_roofer-820x547.jpg 820w, https:\/\/bp2.yoho.pl\/wp-content\/uploads\/2022\/06\/bp2_master_roofer-1024x683.jpg 1024w, https:\/\/bp2.yoho.pl\/wp-content\/uploads\/2022\/06\/bp2_master_roofer-768x512.jpg 768w, https:\/\/bp2.yoho.pl\/wp-content\/uploads\/2022\/06\/bp2_master_roofer-1536x1024.jpg 1536w\" sizes=\"(max-width: 1620px) 100vw, 1620px\" \/><div class=\"wp-block-cover__inner-container is-layout-flow wp-block-cover-is-layout-flow\">\n<div style=\"height:100px\" aria-hidden=\"true\" class=\"wp-block-spacer is-style-medium-spacer\"><\/div>\n\n\n\n<h2 class=\"wp-block-heading is-style-h3\"><span class=\"ez-toc-section\" id=\"MASTER_ROOFER\"><\/span>MASTER ROOFER<span class=\"ez-toc-section-end\"><\/span><\/h2>\n\n\n\n<p>Ein Programm, in dem wir Dachdecker ausbilden und in unsere Produktpalette einf\u00fchren.<\/p>\n\n\n\n<div class=\"wp-block-group\"><div class=\"wp-block-group__inner-container is-layout-flow wp-block-group-is-layout-flow\">\n<a href=\"https:\/\/bp2.yoho.pl\/de\/dachdecker\/#master-roofer\"  class=\"button button--red \">WERDEN SIE UNSER ZERTIFIZIERTER DACHDECKER!<\/a><\/div><\/div>\n<\/div><\/div>\n<\/div>\n\n\n\n<div class=\"wp-block-column is-layout-flow wp-block-column-is-layout-flow\">\n<div class=\"wp-block-cover is-style-content-from-bottom\"><span aria-hidden=\"true\" class=\"wp-block-cover__background has-background-dim-60 has-background-dim\"><\/span><img loading=\"lazy\" decoding=\"async\" width=\"526\" height=\"534\" class=\"wp-block-cover__image-background wp-image-5514\" alt=\"\" src=\"https:\/\/bp2.yoho.pl\/wp-content\/uploads\/2022\/03\/MASTER-ROOFER_01-07-2021-23.png\" data-object-fit=\"cover\"\/><div class=\"wp-block-cover__inner-container is-layout-flow wp-block-cover-is-layout-flow\">\n<div style=\"height:100px\" aria-hidden=\"true\" class=\"wp-block-spacer is-style-medium-spacer\"><\/div>\n\n\n\n<h2 class=\"wp-block-heading is-style-h3\"><span class=\"ez-toc-section\" id=\"AKADEMIE_DER_MEISTER\"><\/span>AKADEMIE DER MEISTER<span class=\"ez-toc-section-end\"><\/span><\/h2>\n\n\n\n<p>Ein originelles Programm f\u00fcr die praktische Ausbildung unter der Leitung von Dachdeckermeister Waldemar Piela.<\/p>\n\n\n\n<div class=\"wp-block-group\"><div class=\"wp-block-group__inner-container is-layout-flow wp-block-group-is-layout-flow\">\n<a href=\"https:\/\/bp2.yoho.pl\/de\/dachdecker\/#meisterakademie\"  class=\"button button--red \">TRETEN SIE DER AKADEMIE DER MEISTER BEI!<\/a><\/div><\/div>\n<\/div><\/div>\n<\/div>\n\n\n\n<div class=\"wp-block-column is-layout-flow wp-block-column-is-layout-flow\">\n<div class=\"wp-block-cover is-style-content-from-bottom\"><span aria-hidden=\"true\" class=\"wp-block-cover__background has-background-dim-60 has-background-dim\"><\/span><img loading=\"lazy\" decoding=\"async\" width=\"1000\" height=\"667\" class=\"wp-block-cover__image-background wp-image-11148\" alt=\"\" src=\"https:\/\/bp2.yoho.pl\/wp-content\/uploads\/2022\/06\/bp2_mobilna_am.png\" data-object-fit=\"cover\" srcset=\"https:\/\/bp2.yoho.pl\/wp-content\/uploads\/2022\/06\/bp2_mobilna_am.png 1000w, https:\/\/bp2.yoho.pl\/wp-content\/uploads\/2022\/06\/bp2_mobilna_am-820x547.png 820w, https:\/\/bp2.yoho.pl\/wp-content\/uploads\/2022\/06\/bp2_mobilna_am-768x512.png 768w\" sizes=\"(max-width: 1000px) 100vw, 1000px\" \/><div class=\"wp-block-cover__inner-container is-layout-flow wp-block-cover-is-layout-flow\">\n<div style=\"height:100px\" aria-hidden=\"true\" class=\"wp-block-spacer is-style-medium-spacer\"><\/div>\n\n\n\n<h2 class=\"wp-block-heading is-style-h3 has-white-color has-text-color\"><span class=\"ez-toc-section\" id=\"MOBILE_AKADEMIE_DER_CHAMPIONS\"><\/span>MOBILE AKADEMIE DER CHAMPIONS<span class=\"ez-toc-section-end\"><\/span><\/h2>\n\n\n\n<p class=\"has-white-color has-text-color\">Mobilne centrum informacji, szkole\u0144 monta\u017cu, spotkania z ekspertami BP2 oraz food truck.<\/p>\n\n\n\n<div class=\"wp-block-group\"><div class=\"wp-block-group__inner-container is-layout-flow wp-block-group-is-layout-flow\">\n<a href=\"https:\/\/bp2.yoho.pl\/de\/dachdecker\/#Mobile-Meisterakademie\"  class=\"button button--red \">BESUCHEN SIE UNS AUF TOUR!<\/a><\/div><\/div>\n<\/div><\/div>\n<\/div>\n<\/div>\n<\/div><\/div>\n\n\n\n<div style=\"height:100px\" aria-hidden=\"true\" class=\"wp-block-spacer is-style-smaller-spacer\"><\/div>\n","protected":false},"excerpt":{"rendered":"<p>ES GIBT MASSNAHMEN, DIE SICH LOHNEN. MARKETINGAKTIVIT\u00c4TEN Durch unsere Glaubw\u00fcrdigkeit und Verantwortung sind wir in der Lage, langfristige und offene Beziehungen aufzubauen. Dadurch k\u00f6nnen wir sozial handeln und unsere stetig wachsende Reichweite nutzen. Auf diese Weise k\u00f6nnen wir die Markenbekanntheit sowohl auf dem polnischen als auch auf dem internationalen Markt steigern. CSR-AKTIVIT\u00c4TEN Wir wissen, wie [&hellip;]<\/p>\n","protected":false},"author":3,"featured_media":0,"parent":0,"menu_order":46,"comment_status":"closed","ping_status":"closed","template":"","meta":{"_acf_changed":false,"content-type":"","footnotes":""},"class_list":["post-61837","page","type-page","status-publish","hentry"],"acf":[],"_links":{"self":[{"href":"https:\/\/bp2.yoho.pl\/de\/wp-json\/wp\/v2\/pages\/61837","targetHints":{"allow":["GET"]}}],"collection":[{"href":"https:\/\/bp2.yoho.pl\/de\/wp-json\/wp\/v2\/pages"}],"about":[{"href":"https:\/\/bp2.yoho.pl\/de\/wp-json\/wp\/v2\/types\/page"}],"author":[{"embeddable":true,"href":"https:\/\/bp2.yoho.pl\/de\/wp-json\/wp\/v2\/users\/3"}],"replies":[{"embeddable":true,"href":"https:\/\/bp2.yoho.pl\/de\/wp-json\/wp\/v2\/comments?post=61837"}],"version-history":[{"count":0,"href":"https:\/\/bp2.yoho.pl\/de\/wp-json\/wp\/v2\/pages\/61837\/revisions"}],"wp:attachment":[{"href":"https:\/\/bp2.yoho.pl\/de\/wp-json\/wp\/v2\/media?parent=61837"}],"curies":[{"name":"wp","href":"https:\/\/api.w.org\/{rel}","templated":true}]}}