{"id":62067,"date":"2022-01-05T14:14:58","date_gmt":"2022-01-05T13:14:58","guid":{"rendered":"https:\/\/bp2.yoho.pl\/o-nas\/"},"modified":"2023-10-16T14:31:39","modified_gmt":"2023-10-16T12:31:39","slug":"uber-uns","status":"publish","type":"page","link":"https:\/\/bp2.yoho.pl\/de\/uber-uns\/","title":{"rendered":"\u00dcber uns"},"content":{"rendered":"\n<div class=\"wp-block-group is-style-with-b2-background\"><div class=\"wp-block-group__inner-container is-layout-flow wp-block-group-is-layout-flow\">\r\n<div class=\"section__data\" data-section=\"Willkommen in der Welt von BP2\"><\/div>\n\n\n<div style=\"height:100px\" aria-hidden=\"true\" class=\"wp-block-spacer is-style-small-spacer\"><\/div>\n\n\n\n<p class=\"has-text-align-center noMarginBottom has-red-color has-text-color\"><strong><strong>W\u00c4HLEN SIE DIE MARKE, DIE SIE INTERESSIERT, UM ZUR ENTSPRECHENDEN SEITE ZU GELANGEN<\/strong><\/strong><\/p><div id=\"ez-toc-container\" class=\"ez-toc-v2_0_73 ez-toc-wrap-center counter-hierarchy ez-toc-counter ez-toc-transparent ez-toc-container-direction\">\n<div class=\"ez-toc-title-container\">\n<p class=\"ez-toc-title\" style=\"cursor:inherit\">Table of Contents<\/p>\n<span class=\"ez-toc-title-toggle\"><a href=\"#\" class=\"ez-toc-pull-right ez-toc-btn ez-toc-btn-xs ez-toc-btn-default ez-toc-toggle\" aria-label=\"Toggle Table of Content\"><span class=\"ez-toc-js-icon-con\"><span class=\"\"><span class=\"eztoc-hide\" style=\"display:none;\">Toggle<\/span><span class=\"ez-toc-icon-toggle-span\"><svg style=\"fill: #999;color:#999\" xmlns=\"http:\/\/www.w3.org\/2000\/svg\" class=\"list-377408\" width=\"20px\" height=\"20px\" viewBox=\"0 0 24 24\" fill=\"none\"><path d=\"M6 6H4v2h2V6zm14 0H8v2h12V6zM4 11h2v2H4v-2zm16 0H8v2h12v-2zM4 16h2v2H4v-2zm16 0H8v2h12v-2z\" fill=\"currentColor\"><\/path><\/svg><svg style=\"fill: #999;color:#999\" class=\"arrow-unsorted-368013\" xmlns=\"http:\/\/www.w3.org\/2000\/svg\" width=\"10px\" height=\"10px\" viewBox=\"0 0 24 24\" version=\"1.2\" baseProfile=\"tiny\"><path d=\"M18.2 9.3l-6.2-6.3-6.2 6.3c-.2.2-.3.4-.3.7s.1.5.3.7c.2.2.4.3.7.3h11c.3 0 .5-.1.7-.3.2-.2.3-.5.3-.7s-.1-.5-.3-.7zM5.8 14.7l6.2 6.3 6.2-6.3c.2-.2.3-.5.3-.7s-.1-.5-.3-.7c-.2-.2-.4-.3-.7-.3h-11c-.3 0-.5.1-.7.3-.2.2-.3.5-.3.7s.1.5.3.7z\"\/><\/svg><\/span><\/span><\/span><\/a><\/span><\/div>\n<nav><ul class='ez-toc-list ez-toc-list-level-1 ' ><ul class='ez-toc-list-level-2' ><li class='ez-toc-heading-level-2'><a class=\"ez-toc-link ez-toc-heading-1\" href=\"https:\/\/bp2.yoho.pl\/de\/uber-uns\/#Willkommen_in_der_Welt_von_BP2\" title=\"Willkommen in der Welt von BP2\">Willkommen in der Welt von BP2<\/a><\/li><li class='ez-toc-page-1 ez-toc-heading-level-2'><a class=\"ez-toc-link ez-toc-heading-2\" href=\"https:\/\/bp2.yoho.pl\/de\/uber-uns\/#Warum_wir\" title=\"Warum wir?\">Warum wir?<\/a><ul class='ez-toc-list-level-3' ><li class='ez-toc-heading-level-3'><a class=\"ez-toc-link ez-toc-heading-3\" href=\"https:\/\/bp2.yoho.pl\/de\/uber-uns\/#Wir_glauben_an_das_was_wir_tun_und_sind_unseren_Werten_treu\" title=\"Wir glauben an das, was wir tun, und sind unseren Werten treu.\">Wir glauben an das, was wir tun, und sind unseren Werten treu.<\/a><\/li><li class='ez-toc-page-1 ez-toc-heading-level-3'><a class=\"ez-toc-link ez-toc-heading-4\" href=\"https:\/\/bp2.yoho.pl\/de\/uber-uns\/#KOMPLETTANBIETER\" title=\"KOMPLETTANBIETER\">KOMPLETTANBIETER<\/a><ul class='ez-toc-list-level-4' ><li class='ez-toc-heading-level-4'><a class=\"ez-toc-link ez-toc-heading-5\" href=\"https:\/\/bp2.yoho.pl\/de\/uber-uns\/#Innovative_und_aesthetische_Dacheindeckung\" title=\"Innovative und \u00e4sthetische Dacheindeckung\">Innovative und \u00e4sthetische Dacheindeckung<\/a><\/li><\/ul><\/li><li class='ez-toc-page-1 ez-toc-heading-level-3'><a class=\"ez-toc-link ez-toc-heading-6\" href=\"https:\/\/bp2.yoho.pl\/de\/uber-uns\/#Wohnungsbau\" title=\"Wohnungsbau\">Wohnungsbau<\/a><\/li><li class='ez-toc-page-1 ez-toc-heading-level-3'><a class=\"ez-toc-link ez-toc-heading-7\" href=\"https:\/\/bp2.yoho.pl\/de\/uber-uns\/#Industriebau\" title=\"Industriebau\">Industriebau<\/a><\/li><li class='ez-toc-page-1 ez-toc-heading-level-3'><a class=\"ez-toc-link ez-toc-heading-8\" href=\"https:\/\/bp2.yoho.pl\/de\/uber-uns\/#Stahl_Kundendienstzentrum\" title=\"Stahl Kundendienstzentrum\">Stahl Kundendienstzentrum<\/a><\/li><li class='ez-toc-page-1 ez-toc-heading-level-3'><a class=\"ez-toc-link ez-toc-heading-9\" href=\"https:\/\/bp2.yoho.pl\/de\/uber-uns\/#VERTRAUENSWUeRDIGES_UNTERNEHMEN\" title=\"VERTRAUENSW\u00dcRDIGES UNTERNEHMEN\">VERTRAUENSW\u00dcRDIGES UNTERNEHMEN<\/a><ul class='ez-toc-list-level-4' ><li class='ez-toc-heading-level-4'><a class=\"ez-toc-link ez-toc-heading-10\" href=\"https:\/\/bp2.yoho.pl\/de\/uber-uns\/#Professionalitaet_und_Qualitaetssicherung\" title=\"Professionalit\u00e4t und Qualit\u00e4tssicherung\">Professionalit\u00e4t und Qualit\u00e4tssicherung<\/a><\/li><\/ul><\/li><\/ul><\/li><li class='ez-toc-page-1 ez-toc-heading-level-2'><a class=\"ez-toc-link ez-toc-heading-11\" href=\"https:\/\/bp2.yoho.pl\/de\/uber-uns\/#Geschichte\" title=\"Geschichte\">Geschichte<\/a><ul class='ez-toc-list-level-3' ><li class='ez-toc-heading-level-3'><a class=\"ez-toc-link ez-toc-heading-12\" href=\"https:\/\/bp2.yoho.pl\/de\/uber-uns\/#FANGEN_WIR_AN\" title=\"FANGEN WIR AN!\">FANGEN WIR AN!<\/a><ul class='ez-toc-list-level-4' ><li class='ez-toc-heading-level-4'><a class=\"ez-toc-link ez-toc-heading-13\" href=\"https:\/\/bp2.yoho.pl\/de\/uber-uns\/#Wir_beginnen_mit_dem_Verkauf_von_Blechbedachungen\" title=\"Wir beginnen mit dem Verkauf von Blechbedachungen\">Wir beginnen mit dem Verkauf von Blechbedachungen<\/a><\/li><\/ul><\/li><li class='ez-toc-page-1 ez-toc-heading-level-3'><a class=\"ez-toc-link ez-toc-heading-14\" href=\"https:\/\/bp2.yoho.pl\/de\/uber-uns\/#ERSTE_PRODUKTIONSLINIE\" title=\"ERSTE PRODUKTIONSLINIE\">ERSTE PRODUKTIONSLINIE<\/a><ul class='ez-toc-list-level-4' ><li class='ez-toc-heading-level-4'><a class=\"ez-toc-link ez-toc-heading-15\" href=\"https:\/\/bp2.yoho.pl\/de\/uber-uns\/#Wir_starten_unsere_erste_Produktionslinie_fuer_Dacheindeckungen\" title=\"Wir starten unsere erste Produktionslinie f\u00fcr Dacheindeckungen\">Wir starten unsere erste Produktionslinie f\u00fcr Dacheindeckungen<\/a><\/li><\/ul><\/li><li class='ez-toc-page-1 ez-toc-heading-level-3'><a class=\"ez-toc-link ez-toc-heading-16\" href=\"https:\/\/bp2.yoho.pl\/de\/uber-uns\/#LOGISTIKZENTRUM\" title=\"LOGISTIKZENTRUM\">LOGISTIKZENTRUM<\/a><ul class='ez-toc-list-level-4' ><li class='ez-toc-heading-level-4'><a class=\"ez-toc-link ez-toc-heading-17\" href=\"https:\/\/bp2.yoho.pl\/de\/uber-uns\/#Wir_eroeffnen_ein_modernes_Logistik-_und_Produktionszentrum_in_Krakau\" title=\"Wir er\u00f6ffnen ein modernes Logistik- und Produktionszentrum in Krakau,\">Wir er\u00f6ffnen ein modernes Logistik- und Produktionszentrum in Krakau,<\/a><\/li><\/ul><\/li><li class='ez-toc-page-1 ez-toc-heading-level-3'><a class=\"ez-toc-link ez-toc-heading-18\" href=\"https:\/\/bp2.yoho.pl\/de\/uber-uns\/#IMPRO\" title=\"IMPRO\">IMPRO<\/a><ul class='ez-toc-list-level-4' ><li class='ez-toc-heading-level-4'><a class=\"ez-toc-link ez-toc-heading-19\" href=\"https:\/\/bp2.yoho.pl\/de\/uber-uns\/#Neue_Entwicklungen_haben_zur_Gruendung_der_Marke_IMPRO_gefuehrt_die_sich_zu_100_im_Besitz_der_BP2-Gruppe_befindet\" title=\"Neue Entwicklungen haben zur Gr\u00fcndung der Marke IMPRO gef\u00fchrt, die sich zu 100 % im Besitz der BP2-Gruppe befindet.\">Neue Entwicklungen haben zur Gr\u00fcndung der Marke IMPRO gef\u00fchrt, die sich zu 100 % im Besitz der BP2-Gruppe befindet.<\/a><\/li><\/ul><\/li><li class='ez-toc-page-1 ez-toc-heading-level-3'><a class=\"ez-toc-link ez-toc-heading-20\" href=\"https:\/\/bp2.yoho.pl\/de\/uber-uns\/#VERTRIEB_IN_EUROPA\" title=\"VERTRIEB IN EUROPA\">VERTRIEB IN EUROPA<\/a><ul class='ez-toc-list-level-4' ><li class='ez-toc-heading-level-4'><a class=\"ez-toc-link ez-toc-heading-21\" href=\"https:\/\/bp2.yoho.pl\/de\/uber-uns\/#Wir_sind_dabei_unser_eigenes_Vertriebsnetz_in_Europa_aufzubauen\" title=\"Wir sind dabei, unser eigenes Vertriebsnetz in Europa aufzubauen.\">Wir sind dabei, unser eigenes Vertriebsnetz in Europa aufzubauen.<\/a><\/li><\/ul><\/li><li class='ez-toc-page-1 ez-toc-heading-level-3'><a class=\"ez-toc-link ez-toc-heading-22\" href=\"https:\/\/bp2.yoho.pl\/de\/uber-uns\/#AUTOMATISIERUNG\" title=\"AUTOMATISIERUNG\">AUTOMATISIERUNG<\/a><ul class='ez-toc-list-level-4' ><li class='ez-toc-heading-level-4'><a class=\"ez-toc-link ez-toc-heading-23\" href=\"https:\/\/bp2.yoho.pl\/de\/uber-uns\/#Wir_glauben_an_die_Kraft_der_Technologie_die_nicht_nur_die_Produktion_steigert\" title=\"Wir glauben an die Kraft der Technologie, die nicht nur die Produktion steigert,\">Wir glauben an die Kraft der Technologie, die nicht nur die Produktion steigert,<\/a><\/li><\/ul><\/li><li class='ez-toc-page-1 ez-toc-heading-level-3'><a class=\"ez-toc-link ez-toc-heading-24\" href=\"https:\/\/bp2.yoho.pl\/de\/uber-uns\/#NEUE_PRODUKTIONSSTAeTTE\" title=\"NEUE PRODUKTIONSST\u00c4TTE\">NEUE PRODUKTIONSST\u00c4TTE<\/a><ul class='ez-toc-list-level-4' ><li class='ez-toc-heading-level-4'><a class=\"ez-toc-link ez-toc-heading-25\" href=\"https:\/\/bp2.yoho.pl\/de\/uber-uns\/#Uruchamiamy_innowacyjna_zautomatyzowana_hale_produkcyjna_i_poszerzamy_oferte_blach_konstrukcyjnych\" title=\"Uruchamiamy innowacyjn\u0105, zautomatyzowan\u0105 hal\u0119 produkcyjn\u0105 i poszerzamy ofert\u0119 blach konstrukcyjnych.\">Uruchamiamy innowacyjn\u0105, zautomatyzowan\u0105 hal\u0119 produkcyjn\u0105 i poszerzamy ofert\u0119 blach konstrukcyjnych.<\/a><\/li><\/ul><\/li><li class='ez-toc-page-1 ez-toc-heading-level-3'><a class=\"ez-toc-link ez-toc-heading-26\" href=\"https:\/\/bp2.yoho.pl\/de\/uber-uns\/#Cluj_Napoca\" title=\"Cluj Napoca\">Cluj Napoca<\/a><ul class='ez-toc-list-level-4' ><li class='ez-toc-heading-level-4'><a class=\"ez-toc-link ez-toc-heading-27\" href=\"https:\/\/bp2.yoho.pl\/de\/uber-uns\/#Wir_eroeffnen_eine_moderne_Produktionsstaette_im_transsilvanischen_Hochland_im_Nordwesten_Rumaeniens\" title=\"Wir er\u00f6ffnen eine moderne Produktionsst\u00e4tte im transsilvanischen Hochland im Nordwesten Rum\u00e4niens.\">Wir er\u00f6ffnen eine moderne Produktionsst\u00e4tte im transsilvanischen Hochland im Nordwesten Rum\u00e4niens.<\/a><\/li><\/ul><\/li><li class='ez-toc-page-1 ez-toc-heading-level-3'><a class=\"ez-toc-link ez-toc-heading-28\" href=\"https:\/\/bp2.yoho.pl\/de\/uber-uns\/#ADAM_MALYSZ_UND_DIE_MEISTERAKADEMIE\" title=\"ADAM MALYSZ UND DIE MEISTERAKADEMIE\">ADAM MALYSZ UND DIE MEISTERAKADEMIE<\/a><ul class='ez-toc-list-level-4' ><li class='ez-toc-heading-level-4'><a class=\"ez-toc-link ez-toc-heading-29\" href=\"https:\/\/bp2.yoho.pl\/de\/uber-uns\/#Adam_Malysz_wird_offiziell_Markenbotschafter_von_BP2\" title=\"Adam Malysz wird offiziell Markenbotschafter von BP2!\">Adam Malysz wird offiziell Markenbotschafter von BP2!<\/a><\/li><\/ul><\/li><li class='ez-toc-page-1 ez-toc-heading-level-3'><a class=\"ez-toc-link ez-toc-heading-30\" href=\"https:\/\/bp2.yoho.pl\/de\/uber-uns\/#WOLF\" title=\"WOLF\">WOLF<\/a><ul class='ez-toc-list-level-4' ><li class='ez-toc-heading-level-4'><a class=\"ez-toc-link ez-toc-heading-31\" href=\"https:\/\/bp2.yoho.pl\/de\/uber-uns\/#Wahl_des_Wolfsbildes_als_BP2-Symbol\" title=\"Wahl des Wolfsbildes als BP2-Symbol\">Wahl des Wolfsbildes als BP2-Symbol<\/a><\/li><\/ul><\/li><li class='ez-toc-page-1 ez-toc-heading-level-3'><a class=\"ez-toc-link ez-toc-heading-32\" href=\"https:\/\/bp2.yoho.pl\/de\/uber-uns\/#EINE_WEITERE_PRODUKTIONSSTAeTTE\" title=\"EINE WEITERE PRODUKTIONSST\u00c4TTE\">EINE WEITERE PRODUKTIONSST\u00c4TTE<\/a><ul class='ez-toc-list-level-4' ><li class='ez-toc-heading-level-4'><a class=\"ez-toc-link ez-toc-heading-33\" href=\"https:\/\/bp2.yoho.pl\/de\/uber-uns\/#Die_ehemalige_Produktionsstaette_von_MARCEGAGLIA\" title=\"Die ehemalige Produktionsst\u00e4tte von MARCEGAGLIA\">Die ehemalige Produktionsst\u00e4tte von MARCEGAGLIA<\/a><\/li><\/ul><\/li><li class='ez-toc-page-1 ez-toc-heading-level-3'><a class=\"ez-toc-link ez-toc-heading-34\" href=\"https:\/\/bp2.yoho.pl\/de\/uber-uns\/#IZI\" title=\"IZI\">IZI<\/a><ul class='ez-toc-list-level-4' ><li class='ez-toc-heading-level-4'><a class=\"ez-toc-link ez-toc-heading-35\" href=\"https:\/\/bp2.yoho.pl\/de\/uber-uns\/#Wir_fuehren_die_modularen_flachen_Dachplatten_IZI\" title=\"Wir f\u00fchren die modularen flachen Dachplatten IZI\">Wir f\u00fchren die modularen flachen Dachplatten IZI<\/a><\/li><\/ul><\/li><li class='ez-toc-page-1 ez-toc-heading-level-3'><a class=\"ez-toc-link ez-toc-heading-36\" href=\"https:\/\/bp2.yoho.pl\/de\/uber-uns\/#AUSBAU_VON_IMPRO\" title=\"AUSBAU VON IMPRO\">AUSBAU VON IMPRO<\/a><ul class='ez-toc-list-level-4' ><li class='ez-toc-heading-level-4'><a class=\"ez-toc-link ez-toc-heading-37\" href=\"https:\/\/bp2.yoho.pl\/de\/uber-uns\/#Aufnahme_der_Produktion_von_Trapezblechen_fuer_Konstruktionszwecke_in_der_Produktionsstaette_in_Timisoara_Rumaenien\" title=\"Aufnahme der Produktion von Trapezblechen f\u00fcr Konstruktionszwecke in der Produktionsst\u00e4tte in Timisoara (Rum\u00e4nien),\">Aufnahme der Produktion von Trapezblechen f\u00fcr Konstruktionszwecke in der Produktionsst\u00e4tte in Timisoara (Rum\u00e4nien),<\/a><\/li><\/ul><\/li><li class='ez-toc-page-1 ez-toc-heading-level-3'><a class=\"ez-toc-link ez-toc-heading-38\" href=\"https:\/\/bp2.yoho.pl\/de\/uber-uns\/#COMPACT_SERIES\" title=\"COMPACT SERIES\">COMPACT SERIES<\/a><ul class='ez-toc-list-level-4' ><li class='ez-toc-heading-level-4'><a class=\"ez-toc-link ez-toc-heading-39\" href=\"https:\/\/bp2.yoho.pl\/de\/uber-uns\/#Wir_fuehren_die_Metalldachbleche_COMPACT_SERIES\" title=\"Wir f\u00fchren die Metalldachbleche COMPACT SERIES\">Wir f\u00fchren die Metalldachbleche COMPACT SERIES<\/a><\/li><\/ul><\/li><li class='ez-toc-page-1 ez-toc-heading-level-3'><a class=\"ez-toc-link ez-toc-heading-40\" href=\"https:\/\/bp2.yoho.pl\/de\/uber-uns\/#MODERNES_AUSBILDUNGSZENTRUM\" title=\"MODERNES AUSBILDUNGSZENTRUM\">MODERNES AUSBILDUNGSZENTRUM<\/a><ul class='ez-toc-list-level-4' ><li class='ez-toc-heading-level-4'><a class=\"ez-toc-link ez-toc-heading-41\" href=\"https:\/\/bp2.yoho.pl\/de\/uber-uns\/#Um_den_Teilnehmern_der_Meisterakademie_die_bestmoeglichen_Entwicklungsmoeglichkeiten_zu_bieten\" title=\"Um den Teilnehmern der Meisterakademie die bestm\u00f6glichen Entwicklungsm\u00f6glichkeiten zu bieten,\">Um den Teilnehmern der Meisterakademie die bestm\u00f6glichen Entwicklungsm\u00f6glichkeiten zu bieten,<\/a><\/li><\/ul><\/li><li class='ez-toc-page-1 ez-toc-heading-level-3'><a class=\"ez-toc-link ez-toc-heading-42\" href=\"https:\/\/bp2.yoho.pl\/de\/uber-uns\/#ERWEITERUNG_DES_IMPRO_PRODUKTIONSWERKS\" title=\"ERWEITERUNG DES IMPRO PRODUKTIONSWERKS\">ERWEITERUNG DES IMPRO PRODUKTIONSWERKS<\/a><ul class='ez-toc-list-level-4' ><li class='ez-toc-heading-level-4'><a class=\"ez-toc-link ez-toc-heading-43\" href=\"https:\/\/bp2.yoho.pl\/de\/uber-uns\/#Im_Jahr_2022_haben_wir_eine_Reihe_von_Investitionsmassnahmen_durchgefuehrt_darunter_die_Erweiterung_des_IMPRO_Werks\" title=\"Im Jahr 2022 haben wir eine Reihe von Investitionsma\u00dfnahmen durchgef\u00fchrt, darunter die Erweiterung des IMPRO Werks.\">Im Jahr 2022 haben wir eine Reihe von Investitionsma\u00dfnahmen durchgef\u00fchrt, darunter die Erweiterung des IMPRO Werks.<\/a><\/li><\/ul><\/li><li class='ez-toc-page-1 ez-toc-heading-level-3'><a class=\"ez-toc-link ez-toc-heading-44\" href=\"https:\/\/bp2.yoho.pl\/de\/uber-uns\/#BP2_VSS\" title=\"BP2 VSS\">BP2 VSS<\/a><ul class='ez-toc-list-level-4' ><li class='ez-toc-heading-level-4'><a class=\"ez-toc-link ez-toc-heading-45\" href=\"https:\/\/bp2.yoho.pl\/de\/uber-uns\/#Wir_eroeffnen_ein_modernes_Logistik\" title=\"Wir er\u00f6ffnen ein modernes Logistik\">Wir er\u00f6ffnen ein modernes Logistik<\/a><\/li><\/ul><\/li><li class='ez-toc-page-1 ez-toc-heading-level-3'><a class=\"ez-toc-link ez-toc-heading-46\" href=\"https:\/\/bp2.yoho.pl\/de\/uber-uns\/#SOLROOF_%E2%80%93_INTEGRIERTES_PHOTOVOLTAIKDACH\" title=\"SOLROOF \u2013 INTEGRIERTES PHOTOVOLTAIKDACH\">SOLROOF \u2013 INTEGRIERTES PHOTOVOLTAIKDACH<\/a><ul class='ez-toc-list-level-4' ><li class='ez-toc-heading-level-4'><a class=\"ez-toc-link ez-toc-heading-47\" href=\"https:\/\/bp2.yoho.pl\/de\/uber-uns\/#2023_Einfuehrung_neuer_Marke_und_unsere_SOLROOF_Produkten\" title=\"2023 Einf\u00fchrung neuer Marke und unsere SOLROOF Produkten\">2023 Einf\u00fchrung neuer Marke und unsere SOLROOF Produkten<\/a><\/li><\/ul><\/li><\/ul><\/li><\/ul><\/li><li class='ez-toc-page-1 ez-toc-heading-level-1'><a class=\"ez-toc-link ez-toc-heading-48\" href=\"https:\/\/bp2.yoho.pl\/de\/uber-uns\/#PRODUKTIONSSTANDORTE\" title=\"PRODUKTIONSSTANDORTE\">PRODUKTIONSSTANDORTE<\/a><ul class='ez-toc-list-level-3' ><li class='ez-toc-heading-level-3'><ul class='ez-toc-list-level-3' ><li class='ez-toc-heading-level-3'><a class=\"ez-toc-link ez-toc-heading-49\" href=\"https:\/\/bp2.yoho.pl\/de\/uber-uns\/#BP2_LABOR\" title=\"BP2 LABOR\">BP2 LABOR<\/a><ul class='ez-toc-list-level-4' ><li class='ez-toc-heading-level-4'><a class=\"ez-toc-link ez-toc-heading-50\" href=\"https:\/\/bp2.yoho.pl\/de\/uber-uns\/#Wir_setzen_auf_Qualitaet_und_Innovation\" title=\"Wir setzen auf Qualit\u00e4t und Innovation\">Wir setzen auf Qualit\u00e4t und Innovation<\/a><\/li><li class='ez-toc-page-1 ez-toc-heading-level-4'><a class=\"ez-toc-link ez-toc-heading-51\" href=\"https:\/\/bp2.yoho.pl\/de\/uber-uns\/#LabGuarantee55\" title=\"LabGuarantee55\">LabGuarantee55<\/a><\/li><\/ul><\/li><\/ul><\/li><li class='ez-toc-page-1 ez-toc-heading-level-2'><a class=\"ez-toc-link ez-toc-heading-52\" href=\"https:\/\/bp2.yoho.pl\/de\/uber-uns\/#STELLENANGEBOTE_VON_BP2\" title=\"STELLENANGEBOTE VON BP2\">STELLENANGEBOTE VON BP2<\/a><\/li><li class='ez-toc-page-1 ez-toc-heading-level-2'><a class=\"ez-toc-link ez-toc-heading-53\" href=\"https:\/\/bp2.yoho.pl\/de\/uber-uns\/#MEISTERAKADEMIE\" title=\"MEISTERAKADEMIE\">MEISTERAKADEMIE<\/a><\/li><li class='ez-toc-page-1 ez-toc-heading-level-2'><a class=\"ez-toc-link ez-toc-heading-54\" href=\"https:\/\/bp2.yoho.pl\/de\/uber-uns\/#MARKETINGAKTIVITAeTEN\" title=\"MARKETINGAKTIVIT\u00c4TEN\">MARKETINGAKTIVIT\u00c4TEN<\/a><\/li><li class='ez-toc-page-1 ez-toc-heading-level-2'><a class=\"ez-toc-link ez-toc-heading-55\" href=\"https:\/\/bp2.yoho.pl\/de\/uber-uns\/#NEWS\" title=\"NEWS\">NEWS<\/a><\/li><li class='ez-toc-page-1 ez-toc-heading-level-2'><a class=\"ez-toc-link ez-toc-heading-56\" href=\"https:\/\/bp2.yoho.pl\/de\/uber-uns\/#Aenderung_der_Anschrift_des_eingetragenen_Firmensitzes_von_BP2_sp_z_oo\" title=\"\u00c4nderung der Anschrift des eingetragenen Firmensitzes von BP2 sp. z o.o.\">\u00c4nderung der Anschrift des eingetragenen Firmensitzes von BP2 sp. z o.o.<\/a><\/li><li class='ez-toc-page-1 ez-toc-heading-level-2'><a class=\"ez-toc-link ez-toc-heading-57\" href=\"https:\/\/bp2.yoho.pl\/de\/uber-uns\/#ZERTIFIKAT_FUeR_GRUeNE_ENERGIE_IM_JAHR_2023\" title=\"ZERTIFIKAT F\u00dcR GR\u00dcNE ENERGIE IM JAHR 2023\">ZERTIFIKAT F\u00dcR GR\u00dcNE ENERGIE IM JAHR 2023<\/a><\/li><li class='ez-toc-page-1 ez-toc-heading-level-2'><a class=\"ez-toc-link ez-toc-heading-58\" href=\"https:\/\/bp2.yoho.pl\/de\/uber-uns\/#VERRINGERUNG_DES_CO2-FUSSABDRUCKS_MIT_XCARB%C2%AE-STAH\" title=\"VERRINGERUNG DES CO2-FUSSABDRUCKS MIT XCARB\u00ae-STAH\">VERRINGERUNG DES CO2-FUSSABDRUCKS MIT XCARB\u00ae-STAH<\/a><\/li><li class='ez-toc-page-1 ez-toc-heading-level-2'><a class=\"ez-toc-link ez-toc-heading-59\" href=\"https:\/\/bp2.yoho.pl\/de\/uber-uns\/#ANMELDUNG_ZUR_SCHULUNG_IN_DER_AKADEMIE_DER_MEISTER\" title=\"ANMELDUNG ZUR SCHULUNG IN DER AKADEMIE DER MEISTER\">ANMELDUNG ZUR SCHULUNG IN DER AKADEMIE DER MEISTER<\/a><\/li><li class='ez-toc-page-1 ez-toc-heading-level-2'><a class=\"ez-toc-link ez-toc-heading-60\" href=\"https:\/\/bp2.yoho.pl\/de\/uber-uns\/#Zertifizierung_des_FIT_VOLT-Paneels_durch_VDE_Testing_and_Certification\" title=\"Zertifizierung des FIT VOLT-Paneels durch VDE Testing and Certification\">Zertifizierung des FIT VOLT-Paneels durch VDE Testing and Certification<\/a><\/li><li class='ez-toc-page-1 ez-toc-heading-level-2'><a class=\"ez-toc-link ez-toc-heading-61\" href=\"https:\/\/bp2.yoho.pl\/de\/uber-uns\/#PHOTOVOLTAIKDACH_INSTALLIERT_VON_DACHDECKERN_%E2%80%93_SOLROOF\" title=\"PHOTOVOLTAIKDACH INSTALLIERT VON DACHDECKERN \u2013 SOLROOF\">PHOTOVOLTAIKDACH INSTALLIERT VON DACHDECKERN \u2013 SOLROOF<\/a><\/li><\/ul><\/li><\/ul><\/nav><\/div>\n\n\n\n\n<h2 class=\"wp-block-heading has-text-align-center noMarginTop noMarginBottom is-style-h1\"><span class=\"ez-toc-section\" id=\"Willkommen_in_der_Welt_von_BP2\"><\/span>Willkommen in der Welt von BP2<span class=\"ez-toc-section-end\"><\/span><\/h2>\n\n\n\n<div style=\"height:100px\" aria-hidden=\"true\" class=\"wp-block-spacer is-style-small-spacer\"><\/div>\n<\/div><\/div>\n\n\n\n<div class=\"wp-block-group is-style-narrower-group\"><div class=\"wp-block-group__inner-container is-layout-flow wp-block-group-is-layout-flow\">\n<p class=\"has-text-align-center\" style=\"font-size:22px\"><strong>Seit 1995 ist BP2 <\/strong>ein angesehener Hersteller von umfassenden L\u00f6sungen f\u00fcr den Wohnungs- und Industriebau. Unsere Dienstleistungen umfassen auch das<strong> Steel Service-Center.<\/strong> Wir sind die Sch\u00f6pfer der Marke und Produkte SOLROOF &#8211; das integrierte Photovoltaikdach. BP2 verf\u00fcgt \u00fcber f\u00fcnf Produktionsst\u00e4tten in Polen (Krakau, D\u0105browa G\u00f3rnicza), der Slowakei (Ko\u0161ice) und Rum\u00e4nien (Cluj Napoca, Timi\u0219oara).<\/p>\n<\/div><\/div>\n\n\n\n<div style=\"height:100px\" aria-hidden=\"true\" class=\"wp-block-spacer is-style-smaller-spacer\"><\/div>\n\n\n\n<div class=\"wp-block-group\"><div class=\"wp-block-group__inner-container is-layout-constrained wp-block-group-is-layout-constrained\">\n<div class=\"brands-tiles\">\n        <div class=\"brands-tile\" style='background-image: url(\"https:\/\/bp2.yoho.pl\/wp-content\/uploads\/2022\/10\/bp2-nakladka.jpg\"); '>\n        <div class=\"brands-tile__inner\">\n            <img decoding=\"async\" src=\"https:\/\/bp2.yoho.pl\/wp-content\/uploads\/2022\/12\/bp2_white.svg\" class=\"brands-tile__logo\" alt=\"\">                    <\/div>\n        <a href=\"https:\/\/bp2.yoho.pl\/de\" target=\"self\" class=\"button button--red\">MEHR ERFAHREN<\/a>    <\/div>\n        <div class=\"brands-tile\" style='background-image: url(\"https:\/\/bp2.yoho.pl\/wp-content\/uploads\/2023\/01\/impro-nakladka.jpg\"); '>\n        <div class=\"brands-tile__inner\">\n            <img decoding=\"async\" src=\"https:\/\/bp2.yoho.pl\/wp-content\/uploads\/2022\/12\/impro_white.svg\" class=\"brands-tile__logo\" alt=\"\">                    <\/div>\n        <a href=\"https:\/\/www.impro.ro\/\" target=\"blank\" class=\"button button--red\">\u00dcBERPR\u00dcFEN<\/a>    <\/div>\n        <div class=\"brands-tile\" style='background-image: url(\"https:\/\/bp2.yoho.pl\/wp-content\/uploads\/2023\/01\/nakladka-vss.png\"); '>\n        <div class=\"brands-tile__inner\">\n            <img decoding=\"async\" src=\"https:\/\/bp2.yoho.pl\/wp-content\/uploads\/2022\/12\/vss_white.svg\" class=\"brands-tile__logo\" alt=\"\">                    <\/div>\n        <a href=\"https:\/\/vss.sk\/en\/offer\/steel-servicing-centre\/\" target=\"blank\" class=\"button button--red\">\u00dcBERPR\u00dcFEN<\/a>    <\/div>\n        <div class=\"brands-tile\" style='background-image: url(\"https:\/\/bp2.yoho.pl\/wp-content\/uploads\/2022\/12\/solroof-nakladka-v2.jpeg\"); '>\n        <div class=\"brands-tile__inner\">\n            <img decoding=\"async\" src=\"https:\/\/bp2.yoho.pl\/wp-content\/uploads\/2022\/12\/solroof-logo.svg\" class=\"brands-tile__logo\" alt=\"\">                    <\/div>\n        <a href=\"https:\/\/solroof.eu\/de\/\" target=\"blank\" class=\"button button--solroof\">\u00dcBERPR\u00dcFEN<\/a>    <\/div>\n    <\/div><\/div><\/div>\n\n\n\n<div style=\"height:100px\" aria-hidden=\"true\" class=\"wp-block-spacer is-style-small-spacer\"><\/div>\n\n\n\n<div class=\"wp-block-group is-style-narrow-group has-gray-background-color has-background\"><div class=\"wp-block-group__inner-container is-layout-flow wp-block-group-is-layout-flow\">\n<div style=\"height:100px\" aria-hidden=\"true\" class=\"wp-block-spacer is-style-small-spacer\"><\/div>\n\n\n\n<figure class=\"wp-block-embed is-type-video is-provider-youtube wp-block-embed-youtube wp-embed-aspect-16-9 wp-has-aspect-ratio\"><div class=\"wp-block-embed__wrapper\">\n<iframe title=\"BP2 - PRODUCT REALIZATIONS 2022\" width=\"640\" height=\"360\" src=\"https:\/\/www.youtube.com\/embed\/tgZ6lHE9VcQ?feature=oembed\" frameborder=\"0\" allow=\"accelerometer; autoplay; clipboard-write; encrypted-media; gyroscope; picture-in-picture; web-share\" referrerpolicy=\"strict-origin-when-cross-origin\" allowfullscreen><\/iframe>\n<\/div><\/figure>\n\n\n\n<div style=\"height:100px\" aria-hidden=\"true\" class=\"wp-block-spacer is-style-smaller-spacer\"><\/div>\n<\/div><\/div>\n\n\n\n<div style=\"height:100px\" aria-hidden=\"true\" class=\"wp-block-spacer is-style-small-spacer\"><\/div>\n\n\n\n<div class=\"wp-block-group\"><div class=\"wp-block-group__inner-container is-layout-flow wp-block-group-is-layout-flow\">\r\n<div class=\"section__data\" data-section=\"WARUM WIR\"><\/div>\n\n<div class=\"wp-block-image\">\n<figure class=\"aligncenter size-full is-resized\" id=\"warum-wir\"><img decoding=\"async\" src=\"https:\/\/bp2.yoho.pl\/wp-content\/uploads\/2022\/12\/bp2_about_dlaczego_my.svg\" alt=\"\" class=\"wp-image-34796\" style=\"width:96px;height:113px\" width=\"96\" height=\"113\"\/><\/figure><\/div>\n\n\n<h2 class=\"wp-block-heading has-text-align-center is-style-default has-red-color has-text-color\" style=\"font-size:2.5em\"><span class=\"ez-toc-section\" id=\"Warum_wir\"><\/span>Warum wir?<span class=\"ez-toc-section-end\"><\/span><\/h2>\n\n\n\n<h3 class=\"wp-block-heading has-text-align-center is-style-h3\" style=\"font-style:normal;font-weight:300\"><span class=\"ez-toc-section\" id=\"Wir_glauben_an_das_was_wir_tun_und_sind_unseren_Werten_treu\"><\/span><strong>Wir glauben an das, was wir tun, und sind unseren Werten treu.<\/strong><span class=\"ez-toc-section-end\"><\/span><\/h3>\n<\/div><\/div>\n\n\n\n<div class=\"wp-block-group is-style-narrow-group\"><div class=\"wp-block-group__inner-container is-layout-flow wp-block-group-is-layout-flow\">\n<p class=\"has-text-align-center has-medium-font-size\">Unsere Verbindung basiert auf Respekt und Vertrauen, und wir sind davon \u00fcberzeugt, dass jedes einzelne Element in einem gro\u00dfen System perfekt zusammenpassen muss. Unser Unternehmen steht auf vier stahlstarken S\u00e4ulen, die f\u00fcr Stabilit\u00e4t sorgen und kontinuierliches Wachstum erm\u00f6glichen. Diese grundlegenden Prinzipien gew\u00e4hrleisten nicht nur hohe Leistungsf\u00e4higkeit und Qualit\u00e4t, sondern schaffen auch ein Gef\u00fchl der Solidarit\u00e4t und des Vertrauens. Sie erlauben es uns, uns auf die gemeinsame Zielerreichung zu konzentrieren.<\/p>\n<\/div><\/div>\n\n\n\n<div class=\"wp-block-group is-style-narrow-group\"><div class=\"wp-block-group__inner-container is-layout-flow wp-block-group-is-layout-flow\">\n<div style=\"height:100px\" aria-hidden=\"true\" class=\"wp-block-spacer is-style-small-spacer\"><\/div>\n\n\n\n<div class=\"wp-block-columns is-layout-flex wp-container-core-columns-is-layout-9d6595d7 wp-block-columns-is-layout-flex\">\n<div class=\"wp-block-column alignCenter is-layout-flow wp-block-column-is-layout-flow\"><div class=\"wp-block-image\">\n<figure class=\"aligncenter size-full is-resized\"><img decoding=\"async\" src=\"https:\/\/bp2.yoho.pl\/wp-content\/uploads\/2022\/12\/o_nas_ludzie-icon.svg\" alt=\"\" class=\"wp-image-49431\" style=\"width:107px;height:113px\" width=\"107\" height=\"113\"\/><\/figure><\/div>\n\n\n<p class=\"has-text-align-center has-medium-font-size\"><strong><strong><strong><strong><strong><strong>MENSCHEN<\/strong><\/strong><\/strong><\/strong><\/strong><\/strong><\/p>\n\n\n\n<p class=\"has-text-align-center\">Das Unternehmen und die positive Atmosph\u00e4re werden von den Menschen geschaffen. Wir m\u00f6chten, dass sich jeder Mitarbeiter im Team von BP2 wohlf\u00fchlt und optimale Bedingungen hat, um seine Arbeit zu erledigen. Dazu verbessern wir kontinuierlich unseren Managementprozess, um eine transparente Entscheidungsfindung und einen klaren Informationsfluss zu gew\u00e4hrleisten. <strong>\u00c4hnlich wie W\u00f6lfe handeln wir als Team und arbeiten gemeinsam daran, erfolgreich zu sein.<\/strong><\/p>\n<\/div>\n\n\n\n<div class=\"wp-block-column alignCenter is-layout-flow wp-block-column-is-layout-flow\"><div class=\"wp-block-image\">\n<figure class=\"aligncenter size-full is-resized\"><img decoding=\"async\" src=\"https:\/\/bp2.yoho.pl\/wp-content\/uploads\/2022\/12\/o_nas_relacje-icon.svg\" alt=\"\" class=\"wp-image-49452\" style=\"width:119px;height:113px\" width=\"119\" height=\"113\"\/><\/figure><\/div>\n\n\n<p class=\"has-text-align-center has-medium-font-size\"><strong><strong><strong><strong><strong><strong><strong><strong>GESCH\u00c4FTSBEZIEHUNGEN<\/strong><\/strong><\/strong><\/strong><\/strong><\/strong><\/strong><\/strong><\/p>\n\n\n\n<p class=\"has-text-align-center\">Bei BP2 haben wir \u00fcber viele Jahre hinweg professionelle Beziehungen zu unseren Kunden, Lieferanten und Mitarbeitern aufgebaut. Wir legen gro\u00dfen Wert auf transparente Kommunikation und offenen Dialog. Unser Ziel ist es, unseren Kunden moderne Zusammenarbeitsinstrumente anzubieten und sie bei ihren Marketingprogrammen zu unterst\u00fctzen. <strong>Wir sind uns bewusst, dass sich der Markt st\u00e4ndig ver\u00e4ndert, daher passen wir uns flexibel an die Bed\u00fcrfnisse unserer Kunden an.<\/strong><\/p>\n<\/div>\n\n\n\n<div class=\"wp-block-column alignCenter is-layout-flow wp-block-column-is-layout-flow\"><div class=\"wp-block-image\">\n<figure class=\"aligncenter size-full is-resized\"><img loading=\"lazy\" decoding=\"async\" src=\"https:\/\/bp2.yoho.pl\/wp-content\/uploads\/2022\/12\/o_nas_technologia-icon.svg\" alt=\"\" class=\"wp-image-49445\" style=\"width:139px;height:113px\" width=\"139\" height=\"113\"\/><\/figure><\/div>\n\n\n<p class=\"has-text-align-center has-medium-font-size\"><strong><strong><strong><strong><strong><strong><strong>TECHNOLOGIE<\/strong><\/strong><\/strong><\/strong><\/strong><\/strong><\/strong><\/p>\n\n\n\n<p class=\"has-text-align-center\">Wir setzen wir auf innovative L\u00f6sungen und modernste Technologien, um unsere Produktion kontinuierlich zu optimieren, unsere <strong>Produktpalette zu erweitern und die Qualit\u00e4t unserer Produkte und Dienstleistungen zu verbessern<\/strong>. Dabei verlieren wir jedoch nie die Prinzipien der Nachhaltigkeit und der Sicherheit unserer Mitarbeiter aus den Augen.<\/p>\n<\/div>\n\n\n\n<div class=\"wp-block-column alignCenter is-layout-flow wp-block-column-is-layout-flow\"><div class=\"wp-block-image\">\n<figure class=\"aligncenter size-full is-resized\"><img loading=\"lazy\" decoding=\"async\" src=\"https:\/\/bp2.yoho.pl\/wp-content\/uploads\/2022\/12\/o_nas_jakosc-icon.svg\" alt=\"\" class=\"wp-image-49438\" style=\"width:152px;height:113px\" width=\"152\" height=\"113\"\/><\/figure><\/div>\n\n\n<p class=\"has-text-align-center has-medium-font-size\"><strong><strong><strong><strong><strong><strong><strong><strong>QUALIT\u00c4T<\/strong><\/strong><\/strong><\/strong><\/strong><\/strong><\/strong><\/strong><\/p>\n\n\n\n<p class=\"has-text-align-center\">Qualit\u00e4t steht bei uns an erster Stelle. An allen BP2-Produktionsstandorten erfolgt eine umfassende Prozess- und Produktkontrolle, um h\u00f6chste Qualit\u00e4t sicherzustellen. <strong>Unsere internen Qualit\u00e4tsma\u00dfnahmen stehen unter st\u00e4ndiger \u00dcberwachung durch die deutsche DVS ZERT GmbH mit Sitz in D\u00fcsseldorf. <\/strong>Die kontinuierliche Fokussierung auf Produktqualit\u00e4t wird durch ein ausgestelltes und j\u00e4hrlich erneuertes Zertifikat best\u00e4tigt, das die einwandfreie Funktion der werkseigenen Produktionskontrolle best\u00e4tigt.<\/p>\n<\/div>\n<\/div>\n<\/div><\/div>\n\n\n\n<div class=\"wp-block-group\"><div class=\"wp-block-group__inner-container is-layout-flow wp-block-group-is-layout-flow\"><\/div><\/div>\n\n\n\n<div class=\"wp-block-group\"><div class=\"wp-block-group__inner-container is-layout-flow wp-block-group-is-layout-flow\">\n<div style=\"height:100px\" aria-hidden=\"true\" class=\"wp-block-spacer is-style-small-spacer\"><\/div>\n\n\n\n<div class=\"wp-block-columns is-style-mobile-reverse is-style-grid fade-in is-layout-flex wp-container-core-columns-is-layout-9d6595d7 wp-block-columns-is-layout-flex\">\n<div class=\"wp-block-column is-layout-flow wp-block-column-is-layout-flow\">\n<div class=\"wp-block-cover is-light is-style-full-width\"><span aria-hidden=\"true\" class=\"wp-block-cover__background has-gray-background-color has-background-dim-100 has-background-dim\"><\/span><div class=\"wp-block-cover__inner-container is-layout-flow wp-block-cover-is-layout-flow\">\n<h3 class=\"wp-block-heading is-style-h3\"><span class=\"ez-toc-section\" id=\"KOMPLETTANBIETER\"><\/span><strong>KOMPLETTANBIETER<\/strong><span class=\"ez-toc-section-end\"><\/span><\/h3>\n\n\n\n<h4 class=\"wp-block-heading is-style-h3\" style=\"font-style:normal;font-weight:300\"><span class=\"ez-toc-section\" id=\"Innovative_und_aesthetische_Dacheindeckung\"><\/span>Innovative und \u00e4sthetische Dacheindeckung<span class=\"ez-toc-section-end\"><\/span><\/h4>\n\n\n\n<h3 class=\"wp-block-heading\"><span class=\"ez-toc-section\" id=\"Wohnungsbau\"><\/span>Wohnungsbau<span class=\"ez-toc-section-end\"><\/span><\/h3>\n\n\n\n<p>BP2 stellt modulare und kompakte Metalldachziegel sowie entsprechende zugeschnittene Blechprodukte her. Zus\u00e4tzlich bieten wir drei innovative Dachplattenmodelle sowie eine gro\u00dfe Auswahl an Trapez- und Wellblechen an. Unser Sortiment wird durch Dachrinnensysteme, spezielle Kantteile und Zubeh\u00f6r erg\u00e4nzt.<\/p>\n\n\n\n<h3 class=\"wp-block-heading\"><span class=\"ez-toc-section\" id=\"Industriebau\"><\/span>Industriebau<span class=\"ez-toc-section-end\"><\/span><\/h3>\n\n\n\n<p>Unser Sortiment umfasst einen breiten Querschnitt von Produkten f\u00fcr Bauvorhaben, wie z.B. Produktionshallen, Wirtschaftsgeb\u00e4ude oder Gewerbe- und Sportanlagen. Wir bieten umfassende L\u00f6sungen f\u00fcr den Industriebau, darunter Trapezbleche, SINUS Wellbleche, Wandverkleidungen und Fassadenkassetten. Dar\u00fcber hinaus f\u00fchren wir Verbundplatten mit PIR-, PUR- und STEINWOLL-Kern. Auf Anfrage sind die Produkte f\u00fcr den Industriebau auch in perforierte Ausf\u00fchrung erh\u00e4ltlich. Dank ihrer herausragenden Leistungsmerkmale eignen sie sich auch f\u00fcr anspruchsvollste industrielle Anwendungen.<\/p>\n\n\n\n<h3 class=\"wp-block-heading\"><span class=\"ez-toc-section\" id=\"Stahl_Kundendienstzentrum\"><\/span>Stahl Kundendienstzentrum<span class=\"ez-toc-section-end\"><\/span><\/h3>\n\n\n\n<p>Unser Kundendienstzentrum richtet sich an Kunden, die Materialien mit spezifischen Eigenschaften und Verarbeitungsgraden suchen. Wir bieten eine kontinuierliche Verf\u00fcgbarkeit und eine gro\u00dfe Auswahl an von BP2 empfohlenen Stahlsorten, -dicken und -beschichtungen. Wir realisieren individuelle Auftr\u00e4ge nach beliebigen Parametern. Die Verarbeitung der Bleche umfasst das Umwickeln, L\u00e4ngs- und Querschneiden sowie den Schutz mit Schutzfolien. Wir k\u00f6nnen Bleche in Tafeln oder Formate mit den vom Kunden angegebenen Abmessungen zuschneiden. Dar\u00fcber hinaus bieten wir die Perforation von Blechen mit metallischen und organischen Beschichtungen an. Wir f\u00fchren auch Auftr\u00e4ge mit Fremdmaterial aus und gew\u00e4hrleisten dank unserer hochwertigen Produktionsprozesse eine optimale Ausnutzung des Materials.<\/p>\n\n\n\n<a href=\"https:\/\/bp2.yoho.pl\/de\/angebot\/\"  class=\"button button--black \">ANGEBOTE ANZEIGEN<\/a><\/div><\/div>\n<\/div>\n\n\n\n<div class=\"wp-block-column is-layout-flow wp-block-column-is-layout-flow\">\n<div class=\"wp-block-cover is-light is-style-full-height\"><span aria-hidden=\"true\" class=\"wp-block-cover__background has-background-dim-0 has-background-dim\"><\/span><img loading=\"lazy\" decoding=\"async\" width=\"1000\" height=\"668\" class=\"wp-block-cover__image-background wp-image-54851\" alt=\"\" src=\"https:\/\/bp2.yoho.pl\/wp-content\/uploads\/2023\/01\/LAMBDA-O-NAS.jpeg\" data-object-fit=\"cover\" srcset=\"https:\/\/bp2.yoho.pl\/wp-content\/uploads\/2023\/01\/LAMBDA-O-NAS.jpeg 1000w, https:\/\/bp2.yoho.pl\/wp-content\/uploads\/2023\/01\/LAMBDA-O-NAS-820x548.jpeg 820w, https:\/\/bp2.yoho.pl\/wp-content\/uploads\/2023\/01\/LAMBDA-O-NAS-768x513.jpeg 768w\" sizes=\"(max-width: 1000px) 100vw, 1000px\" \/><div class=\"wp-block-cover__inner-container is-layout-flow wp-block-cover-is-layout-flow\">\n<p class=\"has-text-align-center\"><\/p>\n<\/div><\/div>\n<\/div>\n<\/div>\n\n\n\n<div class=\"wp-block-columns is-style-grid fade-in is-layout-flex wp-container-core-columns-is-layout-9d6595d7 wp-block-columns-is-layout-flex\">\n<div class=\"wp-block-column is-layout-flow wp-block-column-is-layout-flow\">\n<div class=\"wp-block-cover is-style-full-height\"><span aria-hidden=\"true\" class=\"wp-block-cover__background has-background-dim-0 has-background-dim\"><\/span><img loading=\"lazy\" decoding=\"async\" width=\"805\" height=\"561\" class=\"wp-block-cover__image-background wp-image-2096\" alt=\"\" src=\"https:\/\/bp2.yoho.pl\/wp-content\/uploads\/2022\/03\/130.png\" data-object-fit=\"cover\" srcset=\"https:\/\/bp2.yoho.pl\/wp-content\/uploads\/2022\/03\/130.png 805w, https:\/\/bp2.yoho.pl\/wp-content\/uploads\/2022\/03\/130-768x535.png 768w\" sizes=\"(max-width: 805px) 100vw, 805px\" \/><div class=\"wp-block-cover__inner-container is-layout-flow wp-block-cover-is-layout-flow\">\n<p class=\"has-text-align-center\"><\/p>\n<\/div><\/div>\n<\/div>\n\n\n\n<div class=\"wp-block-column is-layout-flow wp-block-column-is-layout-flow\">\n<div class=\"wp-block-cover is-light is-style-full-width\"><span aria-hidden=\"true\" class=\"wp-block-cover__background has-white-background-color has-background-dim-100 has-background-dim\"><\/span><div class=\"wp-block-cover__inner-container is-layout-flow wp-block-cover-is-layout-flow\">\n<h3 class=\"wp-block-heading is-style-h3\"><span class=\"ez-toc-section\" id=\"VERTRAUENSWUeRDIGES_UNTERNEHMEN\"><\/span><strong>VERTRAUENSW\u00dcRDIGES UNTERNEHMEN<\/strong><span class=\"ez-toc-section-end\"><\/span><\/h3>\n\n\n\n<h4 class=\"wp-block-heading is-style-h3\" style=\"font-style:normal;font-weight:300\"><span class=\"ez-toc-section\" id=\"Professionalitaet_und_Qualitaetssicherung\"><\/span>Professionalit\u00e4t und Qualit\u00e4tssicherung<span class=\"ez-toc-section-end\"><\/span><\/h4>\n\n\n\n<p>BP2 legt gro\u00dfen Wert auf die Qualit\u00e4t des verwendeten Stahls und gew\u00e4hrt eine Garantie von bis zu 55 Jahren, die durch spezielle Pr\u00fcfungen best\u00e4tigt wird. Wir verf\u00fcgen \u00fcber eigene Labors, in denen der Stahl unter komplexen atmosph\u00e4rischen Bedingungen eingehenden Pr\u00fcfungen unterzogen wird. Die Ergebnisse dieser Pr\u00fcfungen beweisen, dass die von uns angebotenen Produkte viele Jahre lang den Umwelteinfl\u00fcssen standhalten k\u00f6nnen. So garantieren wir ihre dauerhafte Eleganz und Zuverl\u00e4ssigkeit f\u00fcr Generationen.<\/p>\n\n\n\n<p>Durch das umfangreiche Fachwissen des technischen Beraters und die langj\u00e4hrige Erfahrung als Dachdeckermeister Waldemar Piela kann BP2 seinen H\u00e4ndlern und Bauunternehmern eine erstklassige professionelle Unterst\u00fctzung bieten. Auf diese Weise profitieren unsere Kunden von den Leistungen ausgebildeter, erstklassiger Spezialisten.<\/p>\n\n\n\n<p>Eine Gelegenheit, das Wissen \u00fcber neue Produkte und die darin verwendeten innovativen Technologien zu vertiefen, ist die Meisterakademie, eine Reihe von Schulungskursen f\u00fcr Bauunternehmer. W\u00e4hrend der Veranstaltungen k\u00f6nnen sich die Teilnehmer \u00fcber den detaillierten Produktionsprozess und die breite Palette der angebotenen Produkte informieren und im praktischen Teil ihre bereits erworbenen Kenntnisse erweitern oder vertiefen.<\/p>\n<\/div><\/div>\n<\/div>\n<\/div>\n\n\n\n<div style=\"height:100px\" aria-hidden=\"true\" id=\"geschichte\" class=\"wp-block-spacer is-style-small-spacer\"><\/div>\n\n\n\r\n<div class=\"section__data\" data-section=\"Geschichte\"><\/div>\n\n\n<h2 class=\"wp-block-heading has-text-align-center\"><span class=\"ez-toc-section\" id=\"Geschichte\"><\/span>Geschichte<span class=\"ez-toc-section-end\"><\/span><\/h2>\n\n\n\n<div class=\"timeline__wrapper\">\n    <div class=\"timeline__slider sliderGroup\" data-timeline-slider>\n                            <div class=\"timeline__slide sliderGroup__elem\">\n                <div class=\"timeline__slideInner \" data-index=\"0\">\n                    <p class=\"timeline__label\">1995<\/p>\n                <\/div>\n            <\/div>\n                                <div class=\"timeline__slide sliderGroup__elem\">\n                <div class=\"timeline__slideInner \" data-index=\"1\">\n                    <p class=\"timeline__label\">1999<\/p>\n                <\/div>\n            <\/div>\n                                <div class=\"timeline__slide sliderGroup__elem\">\n                <div class=\"timeline__slideInner \" data-index=\"2\">\n                    <p class=\"timeline__label\">2007<\/p>\n                <\/div>\n            <\/div>\n                                <div class=\"timeline__slide sliderGroup__elem\">\n                <div class=\"timeline__slideInner \" data-index=\"3\">\n                    <p class=\"timeline__label\">2009<\/p>\n                <\/div>\n            <\/div>\n                                <div class=\"timeline__slide sliderGroup__elem\">\n                <div class=\"timeline__slideInner \" data-index=\"4\">\n                    <p class=\"timeline__label\">2009<\/p>\n                <\/div>\n            <\/div>\n                                <div class=\"timeline__slide sliderGroup__elem\">\n                <div class=\"timeline__slideInner \" data-index=\"5\">\n                    <p class=\"timeline__label\">2011<\/p>\n                <\/div>\n            <\/div>\n                                <div class=\"timeline__slide sliderGroup__elem\">\n                <div class=\"timeline__slideInner \" data-index=\"6\">\n                    <p class=\"timeline__label\">2015<\/p>\n                <\/div>\n            <\/div>\n                                <div class=\"timeline__slide sliderGroup__elem\">\n                <div class=\"timeline__slideInner \" data-index=\"7\">\n                    <p class=\"timeline__label\">2016<\/p>\n                <\/div>\n            <\/div>\n                                <div class=\"timeline__slide sliderGroup__elem\">\n                <div class=\"timeline__slideInner \" data-index=\"8\">\n                    <p class=\"timeline__label\">2017<\/p>\n                <\/div>\n            <\/div>\n                                <div class=\"timeline__slide sliderGroup__elem\">\n                <div class=\"timeline__slideInner \" data-index=\"9\">\n                    <p class=\"timeline__label\">2018<\/p>\n                <\/div>\n            <\/div>\n                                <div class=\"timeline__slide sliderGroup__elem\">\n                <div class=\"timeline__slideInner \" data-index=\"10\">\n                    <p class=\"timeline__label\">2018<\/p>\n                <\/div>\n            <\/div>\n                                <div class=\"timeline__slide sliderGroup__elem\">\n                <div class=\"timeline__slideInner \" data-index=\"11\">\n                    <p class=\"timeline__label\">2019<\/p>\n                <\/div>\n            <\/div>\n                                <div class=\"timeline__slide sliderGroup__elem\">\n                <div class=\"timeline__slideInner \" data-index=\"12\">\n                    <p class=\"timeline__label\">2020<\/p>\n                <\/div>\n            <\/div>\n                                <div class=\"timeline__slide sliderGroup__elem\">\n                <div class=\"timeline__slideInner \" data-index=\"13\">\n                    <p class=\"timeline__label\">2020<\/p>\n                <\/div>\n            <\/div>\n                                <div class=\"timeline__slide sliderGroup__elem\">\n                <div class=\"timeline__slideInner \" data-index=\"14\">\n                    <p class=\"timeline__label\">2021<\/p>\n                <\/div>\n            <\/div>\n                                <div class=\"timeline__slide sliderGroup__elem\">\n                <div class=\"timeline__slideInner \" data-index=\"15\">\n                    <p class=\"timeline__label\">2022 <\/p>\n                <\/div>\n            <\/div>\n                                <div class=\"timeline__slide sliderGroup__elem\">\n                <div class=\"timeline__slideInner \" data-index=\"16\">\n                    <p class=\"timeline__label\">2022<\/p>\n                <\/div>\n            <\/div>\n                                <div class=\"timeline__slide sliderGroup__elem\">\n                <div class=\"timeline__slideInner active\" data-index=\"17\">\n                    <p class=\"timeline__label\">2023 <\/p>\n                <\/div>\n            <\/div>\n                        <\/div>\n    <div class=\"timeline__contentWrapper\" data-timeline-contentWrapper data-aos=\"fade-in\">\n                            <div class=\"wp-block-columns is-style-grid fade-in is-style-desktop-reverse is-style-no-margin \" data-index=\"0\">\n\n                <div class=\"wp-block-column\" style=\"margin-left: 0;\">\n                    <div class=\"wp-block-cover has-dark-gray-background-color has-background-dim is-style-full-height\">\n                        <div class=\"wp-block-cover__inner-container\">\n                            <h3 class=\"h3 uppercase feature__title\"><span class=\"ez-toc-section\" id=\"FANGEN_WIR_AN\"><\/span>FANGEN WIR AN!<span class=\"ez-toc-section-end\"><\/span><\/h3>                            <h4 class=\"h3 feature__subtitle\"><span class=\"ez-toc-section\" id=\"Wir_beginnen_mit_dem_Verkauf_von_Blechbedachungen\"><\/span>Wir beginnen mit dem Verkauf von Blechbedachungen<span class=\"ez-toc-section-end\"><\/span><\/h4>                            <div class=\"full-width\"><p>Zun\u00e4chst konzentrierten wir uns auf den polnischen Markt. Der Hauptsitz unseres Unternehmens befindet sich in Krakau, wo sich in den ersten Jahren auch das Herz der Produktion befindet.<\/p>\n<\/div>\n\n                        <\/div>\n                    <\/div>\n                <\/div>\n\n                <div class=\"wp-block-column\">\n                    <div class=\"wp-block-cover is-style-full-height\">\n                        <img decoding=\"async\" loading=\"lazy\" class=\"wp-block-cover__image-background wp-image-461\" alt=\"FANGEN WIR AN!\" src=\"https:\/\/bp2.yoho.pl\/wp-content\/uploads\/2022\/09\/OTWARCIE-BP2-scaled.jpg\" data-object-fit=\"cover\">\n                    <\/div>\n                <\/div>\n\n            <\/div>\n                                <div class=\"wp-block-columns is-style-grid fade-in is-style-desktop-reverse is-style-no-margin \" data-index=\"1\">\n\n                <div class=\"wp-block-column\" style=\"margin-left: 0;\">\n                    <div class=\"wp-block-cover has-dark-gray-background-color has-background-dim is-style-full-height\">\n                        <div class=\"wp-block-cover__inner-container\">\n                            <h3 class=\"h3 uppercase feature__title\"><span class=\"ez-toc-section\" id=\"ERSTE_PRODUKTIONSLINIE\"><\/span>ERSTE PRODUKTIONSLINIE<span class=\"ez-toc-section-end\"><\/span><\/h3>                            <h4 class=\"h3 feature__subtitle\"><span class=\"ez-toc-section\" id=\"Wir_starten_unsere_erste_Produktionslinie_fuer_Dacheindeckungen\"><\/span> Wir starten unsere erste Produktionslinie f\u00fcr Dacheindeckungen<span class=\"ez-toc-section-end\"><\/span><\/h4>                            <div class=\"full-width\"><p>und beginnen mit der Entwicklung unserer eigenen Produkte.<\/p>\n<\/div>\n\n                        <\/div>\n                    <\/div>\n                <\/div>\n\n                <div class=\"wp-block-column\">\n                    <div class=\"wp-block-cover is-style-full-height\">\n                        <img decoding=\"async\" loading=\"lazy\" class=\"wp-block-cover__image-background wp-image-461\" alt=\"ERSTE PRODUKTIONSLINIE\" src=\"https:\/\/bp2.yoho.pl\/wp-content\/uploads\/2022\/09\/OTWARCIE-BP2_2-scaled.jpg\" data-object-fit=\"cover\">\n                    <\/div>\n                <\/div>\n\n            <\/div>\n                                <div class=\"wp-block-columns is-style-grid fade-in is-style-desktop-reverse is-style-no-margin \" data-index=\"2\">\n\n                <div class=\"wp-block-column\" style=\"margin-left: 0;\">\n                    <div class=\"wp-block-cover has-dark-gray-background-color has-background-dim is-style-full-height\">\n                        <div class=\"wp-block-cover__inner-container\">\n                            <h3 class=\"h3 uppercase feature__title\"><span class=\"ez-toc-section\" id=\"LOGISTIKZENTRUM\"><\/span>LOGISTIKZENTRUM<span class=\"ez-toc-section-end\"><\/span><\/h3>                            <h4 class=\"h3 feature__subtitle\"><span class=\"ez-toc-section\" id=\"Wir_eroeffnen_ein_modernes_Logistik-_und_Produktionszentrum_in_Krakau\"><\/span> Wir er\u00f6ffnen ein modernes Logistik- und Produktionszentrum in Krakau,<span class=\"ez-toc-section-end\"><\/span><\/h4>                            <div class=\"full-width\"><p>mit dessen Hilfe wir unsere Produktpalette diversifizieren und weitere wettbewerbsf\u00e4hige L\u00f6sungen auf den Markt bringen.<\/p>\n<\/div>\n\n                        <\/div>\n                    <\/div>\n                <\/div>\n\n                <div class=\"wp-block-column\">\n                    <div class=\"wp-block-cover is-style-full-height\">\n                        <img decoding=\"async\" loading=\"lazy\" class=\"wp-block-cover__image-background wp-image-461\" alt=\"LOGISTIKZENTRUM\" src=\"https:\/\/bp2.yoho.pl\/wp-content\/uploads\/2022\/09\/OTWARCIE-ALWENIA-BP2.jpeg\" data-object-fit=\"cover\">\n                    <\/div>\n                <\/div>\n\n            <\/div>\n                                <div class=\"wp-block-columns is-style-grid fade-in is-style-desktop-reverse is-style-no-margin \" data-index=\"3\">\n\n                <div class=\"wp-block-column\" style=\"margin-left: 0;\">\n                    <div class=\"wp-block-cover has-dark-gray-background-color has-background-dim is-style-full-height\">\n                        <div class=\"wp-block-cover__inner-container\">\n                            <h3 class=\"h3 uppercase feature__title\"><span class=\"ez-toc-section\" id=\"IMPRO\"><\/span>IMPRO<span class=\"ez-toc-section-end\"><\/span><\/h3>                            <h4 class=\"h3 feature__subtitle\"><span class=\"ez-toc-section\" id=\"Neue_Entwicklungen_haben_zur_Gruendung_der_Marke_IMPRO_gefuehrt_die_sich_zu_100_im_Besitz_der_BP2-Gruppe_befindet\"><\/span> Neue Entwicklungen haben zur Gr\u00fcndung der Marke IMPRO gef\u00fchrt, die sich zu 100 % im Besitz der BP2-Gruppe befindet. <span class=\"ez-toc-section-end\"><\/span><\/h4>                            <div class=\"full-width\"><p>Der Hauptsitz des rum\u00e4nischen Unternehmens sieht fast genauso aus wie sein Vorbild, der BP2 Standort in Krakau.<\/p>\n<\/div>\n\n                        <\/div>\n                    <\/div>\n                <\/div>\n\n                <div class=\"wp-block-column\">\n                    <div class=\"wp-block-cover is-style-full-height\">\n                        <img decoding=\"async\" loading=\"lazy\" class=\"wp-block-cover__image-background wp-image-461\" alt=\"IMPRO\" src=\"https:\/\/bp2.yoho.pl\/wp-content\/uploads\/2023\/01\/impro-historia.jpg\" data-object-fit=\"cover\">\n                    <\/div>\n                <\/div>\n\n            <\/div>\n                                <div class=\"wp-block-columns is-style-grid fade-in is-style-desktop-reverse is-style-no-margin \" data-index=\"4\">\n\n                <div class=\"wp-block-column\" style=\"margin-left: 0;\">\n                    <div class=\"wp-block-cover has-dark-gray-background-color has-background-dim is-style-full-height\">\n                        <div class=\"wp-block-cover__inner-container\">\n                            <h3 class=\"h3 uppercase feature__title\"><span class=\"ez-toc-section\" id=\"VERTRIEB_IN_EUROPA\"><\/span>VERTRIEB IN EUROPA<span class=\"ez-toc-section-end\"><\/span><\/h3>                            <h4 class=\"h3 feature__subtitle\"><span class=\"ez-toc-section\" id=\"Wir_sind_dabei_unser_eigenes_Vertriebsnetz_in_Europa_aufzubauen\"><\/span> Wir sind dabei, unser eigenes Vertriebsnetz in Europa aufzubauen.<span class=\"ez-toc-section-end\"><\/span><\/h4>                            <div class=\"full-width\"><p>Unsere st\u00e4ndigen Handelsvertreter sind in der Tschechischen Republik, der Slowakei, Litauen, Ungarn und Rum\u00e4nien t\u00e4tig. Auf diese Weise werden wir nicht nur zu einem wichtigen Akteur auf dem europ\u00e4ischen Markt, sondern erhalten auch die M\u00f6glichkeit, neue Trends im Bereich der Dacheindeckung zu erkennen.<\/p>\n<\/div>\n\n                        <\/div>\n                    <\/div>\n                <\/div>\n\n                <div class=\"wp-block-column\">\n                    <div class=\"wp-block-cover is-style-full-height\">\n                        <img decoding=\"async\" loading=\"lazy\" class=\"wp-block-cover__image-background wp-image-461\" alt=\"VERTRIEB IN EUROPA\" src=\"https:\/\/bp2.yoho.pl\/wp-content\/uploads\/2022\/06\/2009.jpg\" data-object-fit=\"cover\">\n                    <\/div>\n                <\/div>\n\n            <\/div>\n                                <div class=\"wp-block-columns is-style-grid fade-in is-style-desktop-reverse is-style-no-margin \" data-index=\"5\">\n\n                <div class=\"wp-block-column\" style=\"margin-left: 0;\">\n                    <div class=\"wp-block-cover has-dark-gray-background-color has-background-dim is-style-full-height\">\n                        <div class=\"wp-block-cover__inner-container\">\n                            <h3 class=\"h3 uppercase feature__title\"><span class=\"ez-toc-section\" id=\"AUTOMATISIERUNG\"><\/span>AUTOMATISIERUNG<span class=\"ez-toc-section-end\"><\/span><\/h3>                            <h4 class=\"h3 feature__subtitle\"><span class=\"ez-toc-section\" id=\"Wir_glauben_an_die_Kraft_der_Technologie_die_nicht_nur_die_Produktion_steigert\"><\/span>Wir glauben an die Kraft der Technologie, die nicht nur die Produktion steigert,<span class=\"ez-toc-section-end\"><\/span><\/h4>                            <div class=\"full-width\"><p>sondern auch den Komfort und die Sicherheit bei der Arbeit verbessert. Im Jahr 2011 haben wir die Fertigungsprozesse im Logistik- und Produktionszentrum in Krakau automatisiert.<\/p>\n<\/div>\n\n                        <\/div>\n                    <\/div>\n                <\/div>\n\n                <div class=\"wp-block-column\">\n                    <div class=\"wp-block-cover is-style-full-height\">\n                        <img decoding=\"async\" loading=\"lazy\" class=\"wp-block-cover__image-background wp-image-461\" alt=\"AUTOMATISIERUNG\" src=\"https:\/\/bp2.yoho.pl\/wp-content\/uploads\/2023\/01\/AUTOMATYZACJA-BP2-Duzy.jpeg\" data-object-fit=\"cover\">\n                    <\/div>\n                <\/div>\n\n            <\/div>\n                                <div class=\"wp-block-columns is-style-grid fade-in is-style-desktop-reverse is-style-no-margin \" data-index=\"6\">\n\n                <div class=\"wp-block-column\" style=\"margin-left: 0;\">\n                    <div class=\"wp-block-cover has-dark-gray-background-color has-background-dim is-style-full-height\">\n                        <div class=\"wp-block-cover__inner-container\">\n                            <h3 class=\"h3 uppercase feature__title\"><span class=\"ez-toc-section\" id=\"NEUE_PRODUKTIONSSTAeTTE\"><\/span>NEUE PRODUKTIONSST\u00c4TTE<span class=\"ez-toc-section-end\"><\/span><\/h3>                            <h4 class=\"h3 feature__subtitle\"><span class=\"ez-toc-section\" id=\"Uruchamiamy_innowacyjna_zautomatyzowana_hale_produkcyjna_i_poszerzamy_oferte_blach_konstrukcyjnych\"><\/span>Uruchamiamy innowacyjn\u0105, zautomatyzowan\u0105 hal\u0119 produkcyjn\u0105 i poszerzamy ofert\u0119 blach konstrukcyjnych.<span class=\"ez-toc-section-end\"><\/span><\/h4>                            <div class=\"full-width\"><p>Wir nehmen eine innovative automatisierte Produktionsanlage in Betrieb und erweitern unser Angebot f\u00fcr Trapezblechkonstruktionen.<\/p>\n<\/div>\n\n                        <\/div>\n                    <\/div>\n                <\/div>\n\n                <div class=\"wp-block-column\">\n                    <div class=\"wp-block-cover is-style-full-height\">\n                        <img decoding=\"async\" loading=\"lazy\" class=\"wp-block-cover__image-background wp-image-461\" alt=\"NEUE PRODUKTIONSST\u00c4TTE\" src=\"https:\/\/bp2.yoho.pl\/wp-content\/uploads\/2022\/09\/OTWARCIE-DG.jpeg\" data-object-fit=\"cover\">\n                    <\/div>\n                <\/div>\n\n            <\/div>\n                                <div class=\"wp-block-columns is-style-grid fade-in is-style-desktop-reverse is-style-no-margin \" data-index=\"7\">\n\n                <div class=\"wp-block-column\" style=\"margin-left: 0;\">\n                    <div class=\"wp-block-cover has-dark-gray-background-color has-background-dim is-style-full-height\">\n                        <div class=\"wp-block-cover__inner-container\">\n                            <h3 class=\"h3 uppercase feature__title\"><span class=\"ez-toc-section\" id=\"Cluj_Napoca\"><\/span>Cluj Napoca<span class=\"ez-toc-section-end\"><\/span><\/h3>                            <h4 class=\"h3 feature__subtitle\"><span class=\"ez-toc-section\" id=\"Wir_eroeffnen_eine_moderne_Produktionsstaette_im_transsilvanischen_Hochland_im_Nordwesten_Rumaeniens\"><\/span>Wir er\u00f6ffnen eine moderne Produktionsst\u00e4tte im transsilvanischen Hochland im Nordwesten Rum\u00e4niens.<span class=\"ez-toc-section-end\"><\/span><\/h4>                            <div class=\"full-width\"><p> Auf diese Weise schaffen wir neue Arbeitspl\u00e4tze f\u00fcr die Einwohner von Cluj Napoca.<\/p>\n<\/div>\n\n                        <\/div>\n                    <\/div>\n                <\/div>\n\n                <div class=\"wp-block-column\">\n                    <div class=\"wp-block-cover is-style-full-height\">\n                        <img decoding=\"async\" loading=\"lazy\" class=\"wp-block-cover__image-background wp-image-461\" alt=\"Cluj Napoca\" src=\"https:\/\/bp2.yoho.pl\/wp-content\/uploads\/2022\/09\/OTWARCIE-IMPRO-JUCU.jpg\" data-object-fit=\"cover\">\n                    <\/div>\n                <\/div>\n\n            <\/div>\n                                <div class=\"wp-block-columns is-style-grid fade-in is-style-desktop-reverse is-style-no-margin \" data-index=\"8\">\n\n                <div class=\"wp-block-column\" style=\"margin-left: 0;\">\n                    <div class=\"wp-block-cover has-dark-gray-background-color has-background-dim is-style-full-height\">\n                        <div class=\"wp-block-cover__inner-container\">\n                            <h3 class=\"h3 uppercase feature__title\"><span class=\"ez-toc-section\" id=\"ADAM_MALYSZ_UND_DIE_MEISTERAKADEMIE\"><\/span>ADAM MALYSZ UND DIE MEISTERAKADEMIE<span class=\"ez-toc-section-end\"><\/span><\/h3>                            <h4 class=\"h3 feature__subtitle\"><span class=\"ez-toc-section\" id=\"Adam_Malysz_wird_offiziell_Markenbotschafter_von_BP2\"><\/span>Adam Malysz wird offiziell Markenbotschafter von BP2!<span class=\"ez-toc-section-end\"><\/span><\/h4>                            <div class=\"full-width\"><p>Bester Skispringer unter den Dachdeckern, bester Dachdecker unter den Skispringern. Im selben Jahr haben wir auch ein eigenes Schulungsprogramm in Form von mobilen und station\u00e4ren Veranstaltungen der MEISTERAKADEMIE eingef\u00fchrt. Unsere Schulungen heben den Wissensstand der Dachdecker und erm\u00f6glichen es Fachleuten, auf dem Markt noch wettbewerbsf\u00e4higer zu werden.<\/p>\n<\/div>\n\n                        <\/div>\n                    <\/div>\n                <\/div>\n\n                <div class=\"wp-block-column\">\n                    <div class=\"wp-block-cover is-style-full-height\">\n                        <img decoding=\"async\" loading=\"lazy\" class=\"wp-block-cover__image-background wp-image-461\" alt=\"ADAM MALYSZ UND DIE MEISTERAKADEMIE\" src=\"https:\/\/bp2.yoho.pl\/wp-content\/uploads\/2022\/10\/adam-am.jpg\" data-object-fit=\"cover\">\n                    <\/div>\n                <\/div>\n\n            <\/div>\n                                <div class=\"wp-block-columns is-style-grid fade-in is-style-desktop-reverse is-style-no-margin \" data-index=\"9\">\n\n                <div class=\"wp-block-column\" style=\"margin-left: 0;\">\n                    <div class=\"wp-block-cover has-dark-gray-background-color has-background-dim is-style-full-height\">\n                        <div class=\"wp-block-cover__inner-container\">\n                            <h3 class=\"h3 uppercase feature__title\"><span class=\"ez-toc-section\" id=\"WOLF\"><\/span>WOLF<span class=\"ez-toc-section-end\"><\/span><\/h3>                            <h4 class=\"h3 feature__subtitle\"><span class=\"ez-toc-section\" id=\"Wahl_des_Wolfsbildes_als_BP2-Symbol\"><\/span>Wahl des Wolfsbildes als BP2-Symbol<span class=\"ez-toc-section-end\"><\/span><\/h4>                            <div class=\"full-width\"><p>W\u00f6lfe sind Rudeltiere, deren Lebensweise den engen Zusammenhalt im Team symbolisiert.<\/p>\n<\/div>\n\n                        <\/div>\n                    <\/div>\n                <\/div>\n\n                <div class=\"wp-block-column\">\n                    <div class=\"wp-block-cover is-style-full-height\">\n                        <img decoding=\"async\" loading=\"lazy\" class=\"wp-block-cover__image-background wp-image-461\" alt=\"WOLF\" src=\"https:\/\/bp2.yoho.pl\/wp-content\/uploads\/2022\/10\/wolf.jpg\" data-object-fit=\"cover\">\n                    <\/div>\n                <\/div>\n\n            <\/div>\n                                <div class=\"wp-block-columns is-style-grid fade-in is-style-desktop-reverse is-style-no-margin \" data-index=\"10\">\n\n                <div class=\"wp-block-column\" style=\"margin-left: 0;\">\n                    <div class=\"wp-block-cover has-dark-gray-background-color has-background-dim is-style-full-height\">\n                        <div class=\"wp-block-cover__inner-container\">\n                            <h3 class=\"h3 uppercase feature__title\"><span class=\"ez-toc-section\" id=\"EINE_WEITERE_PRODUKTIONSSTAeTTE\"><\/span>EINE WEITERE PRODUKTIONSST\u00c4TTE<span class=\"ez-toc-section-end\"><\/span><\/h3>                            <h4 class=\"h3 feature__subtitle\"><span class=\"ez-toc-section\" id=\"Die_ehemalige_Produktionsstaette_von_MARCEGAGLIA\"><\/span> Die ehemalige Produktionsst\u00e4tte von MARCEGAGLIA<span class=\"ez-toc-section-end\"><\/span><\/h4>                            <div class=\"full-width\"><p>in Rum\u00e4nien wurde in die BP2 Gruppe integriert. Von nun an produzieren wir Verbundplatten in Rum\u00e4nien.<\/p>\n<\/div>\n\n                        <\/div>\n                    <\/div>\n                <\/div>\n\n                <div class=\"wp-block-column\">\n                    <div class=\"wp-block-cover is-style-full-height\">\n                        <img decoding=\"async\" loading=\"lazy\" class=\"wp-block-cover__image-background wp-image-461\" alt=\"EINE WEITERE PRODUKTIONSST\u00c4TTE\" src=\"https:\/\/bp2.yoho.pl\/wp-content\/uploads\/2022\/05\/2018.jpg\" data-object-fit=\"cover\">\n                    <\/div>\n                <\/div>\n\n            <\/div>\n                                <div class=\"wp-block-columns is-style-grid fade-in is-style-desktop-reverse is-style-no-margin \" data-index=\"11\">\n\n                <div class=\"wp-block-column\" style=\"margin-left: 0;\">\n                    <div class=\"wp-block-cover has-dark-gray-background-color has-background-dim is-style-full-height\">\n                        <div class=\"wp-block-cover__inner-container\">\n                            <h3 class=\"h3 uppercase feature__title\"><span class=\"ez-toc-section\" id=\"IZI\"><\/span>IZI<span class=\"ez-toc-section-end\"><\/span><\/h3>                            <h4 class=\"h3 feature__subtitle\"><span class=\"ez-toc-section\" id=\"Wir_fuehren_die_modularen_flachen_Dachplatten_IZI\"><\/span> Wir f\u00fchren die modularen flachen Dachplatten IZI<span class=\"ez-toc-section-end\"><\/span><\/h4>                            <div class=\"full-width\"><p>ein, die den neuesten \u00e4sthetischen und modernen Trend im Bauwesen darstellen.<\/p>\n<\/div>\n\n                        <\/div>\n                    <\/div>\n                <\/div>\n\n                <div class=\"wp-block-column\">\n                    <div class=\"wp-block-cover is-style-full-height\">\n                        <img decoding=\"async\" loading=\"lazy\" class=\"wp-block-cover__image-background wp-image-461\" alt=\"IZI\" src=\"https:\/\/bp2.yoho.pl\/wp-content\/uploads\/2022\/05\/2019.jpg\" data-object-fit=\"cover\">\n                    <\/div>\n                <\/div>\n\n            <\/div>\n                                <div class=\"wp-block-columns is-style-grid fade-in is-style-desktop-reverse is-style-no-margin \" data-index=\"12\">\n\n                <div class=\"wp-block-column\" style=\"margin-left: 0;\">\n                    <div class=\"wp-block-cover has-dark-gray-background-color has-background-dim is-style-full-height\">\n                        <div class=\"wp-block-cover__inner-container\">\n                            <h3 class=\"h3 uppercase feature__title\"><span class=\"ez-toc-section\" id=\"AUSBAU_VON_IMPRO\"><\/span>AUSBAU VON IMPRO<span class=\"ez-toc-section-end\"><\/span><\/h3>                            <h4 class=\"h3 feature__subtitle\"><span class=\"ez-toc-section\" id=\"Aufnahme_der_Produktion_von_Trapezblechen_fuer_Konstruktionszwecke_in_der_Produktionsstaette_in_Timisoara_Rumaenien\"><\/span>Aufnahme der Produktion von Trapezblechen f\u00fcr Konstruktionszwecke in der Produktionsst\u00e4tte in Timisoara (Rum\u00e4nien),<span class=\"ez-toc-section-end\"><\/span><\/h4>                            <div class=\"full-width\"><p>was ein dynamisches Wachstum auf dem B2B-Markt in diesem Teil Europas erm\u00f6glicht.<\/p>\n<\/div>\n\n                        <\/div>\n                    <\/div>\n                <\/div>\n\n                <div class=\"wp-block-column\">\n                    <div class=\"wp-block-cover is-style-full-height\">\n                        <img decoding=\"async\" loading=\"lazy\" class=\"wp-block-cover__image-background wp-image-461\" alt=\"AUSBAU VON IMPRO\" src=\"https:\/\/bp2.yoho.pl\/wp-content\/uploads\/2022\/05\/zaklad-timi.png\" data-object-fit=\"cover\">\n                    <\/div>\n                <\/div>\n\n            <\/div>\n                                <div class=\"wp-block-columns is-style-grid fade-in is-style-desktop-reverse is-style-no-margin \" data-index=\"13\">\n\n                <div class=\"wp-block-column\" style=\"margin-left: 0;\">\n                    <div class=\"wp-block-cover has-dark-gray-background-color has-background-dim is-style-full-height\">\n                        <div class=\"wp-block-cover__inner-container\">\n                            <h3 class=\"h3 uppercase feature__title\"><span class=\"ez-toc-section\" id=\"COMPACT_SERIES\"><\/span>COMPACT SERIES<span class=\"ez-toc-section-end\"><\/span><\/h3>                            <h4 class=\"h3 feature__subtitle\"><span class=\"ez-toc-section\" id=\"Wir_fuehren_die_Metalldachbleche_COMPACT_SERIES\"><\/span>Wir f\u00fchren die Metalldachbleche COMPACT SERIES<span class=\"ez-toc-section-end\"><\/span><\/h4>                            <div class=\"full-width\"><p>ein, die auf der Grundlage klassischer L\u00f6sungen in Form von leichten, zweimoduligen Platten hergestellt werden. Wir haben auch vorgefertigte Montage\u00f6ffnungen eingef\u00fchrt, um die Montage der Dachplatten zu verbessern und das Risiko von technischen Fehlern auszuschlie\u00dfen.<\/p>\n<\/div>\n\n                        <\/div>\n                    <\/div>\n                <\/div>\n\n                <div class=\"wp-block-column\">\n                    <div class=\"wp-block-cover is-style-full-height\">\n                        <img decoding=\"async\" loading=\"lazy\" class=\"wp-block-cover__image-background wp-image-461\" alt=\"COMPACT SERIES\" src=\"https:\/\/bp2.yoho.pl\/wp-content\/uploads\/2023\/01\/2021.jpeg\" data-object-fit=\"cover\">\n                    <\/div>\n                <\/div>\n\n            <\/div>\n                                <div class=\"wp-block-columns is-style-grid fade-in is-style-desktop-reverse is-style-no-margin \" data-index=\"14\">\n\n                <div class=\"wp-block-column\" style=\"margin-left: 0;\">\n                    <div class=\"wp-block-cover has-dark-gray-background-color has-background-dim is-style-full-height\">\n                        <div class=\"wp-block-cover__inner-container\">\n                            <h3 class=\"h3 uppercase feature__title\"><span class=\"ez-toc-section\" id=\"MODERNES_AUSBILDUNGSZENTRUM\"><\/span>MODERNES AUSBILDUNGSZENTRUM<span class=\"ez-toc-section-end\"><\/span><\/h3>                            <h4 class=\"h3 feature__subtitle\"><span class=\"ez-toc-section\" id=\"Um_den_Teilnehmern_der_Meisterakademie_die_bestmoeglichen_Entwicklungsmoeglichkeiten_zu_bieten\"><\/span>Um den Teilnehmern der Meisterakademie die bestm\u00f6glichen Entwicklungsm\u00f6glichkeiten zu bieten,<span class=\"ez-toc-section-end\"><\/span><\/h4>                            <div class=\"full-width\"><p>haben wir in unserer Produktionsst\u00e4tte in D\u0105browa G\u00f3rnicza einen Schulungsraum eingerichtet. Dieser besondere Ort ist mit modernster Ausstattung versehen, um die F\u00e4higkeiten der Dachdecker zu erweitern und das Wissen sowie die praktischen Fertigkeiten der Fachleute auf ein h\u00f6heres Niveau zu bringen.<\/p>\n<\/div>\n\n                        <\/div>\n                    <\/div>\n                <\/div>\n\n                <div class=\"wp-block-column\">\n                    <div class=\"wp-block-cover is-style-full-height\">\n                        <img decoding=\"async\" loading=\"lazy\" class=\"wp-block-cover__image-background wp-image-461\" alt=\"MODERNES AUSBILDUNGSZENTRUM\" src=\"https:\/\/bp2.yoho.pl\/wp-content\/uploads\/2022\/03\/bp2_AM_centrum_szkoleniowe.jpg\" data-object-fit=\"cover\">\n                    <\/div>\n                <\/div>\n\n            <\/div>\n                                <div class=\"wp-block-columns is-style-grid fade-in is-style-desktop-reverse is-style-no-margin \" data-index=\"15\">\n\n                <div class=\"wp-block-column\" style=\"margin-left: 0;\">\n                    <div class=\"wp-block-cover has-dark-gray-background-color has-background-dim is-style-full-height\">\n                        <div class=\"wp-block-cover__inner-container\">\n                            <h3 class=\"h3 uppercase feature__title\"><span class=\"ez-toc-section\" id=\"ERWEITERUNG_DES_IMPRO_PRODUKTIONSWERKS\"><\/span>ERWEITERUNG DES IMPRO PRODUKTIONSWERKS<span class=\"ez-toc-section-end\"><\/span><\/h3>                            <h4 class=\"h3 feature__subtitle\"><span class=\"ez-toc-section\" id=\"Im_Jahr_2022_haben_wir_eine_Reihe_von_Investitionsmassnahmen_durchgefuehrt_darunter_die_Erweiterung_des_IMPRO_Werks\"><\/span>Im Jahr 2022 haben wir eine Reihe von Investitionsma\u00dfnahmen durchgef\u00fchrt, darunter die Erweiterung des IMPRO Werks.<span class=\"ez-toc-section-end\"><\/span><\/h4>                            <div class=\"full-width\"><p>Zudem haben wir an einem der IMPRO Produktionsstandorte eine Meisterakademie eingerichtet. Dieses hochmoderne Schulungszentrum dient der Verbesserung praktischer F\u00e4higkeiten.<\/p>\n<\/div>\n\n                        <\/div>\n                    <\/div>\n                <\/div>\n\n                <div class=\"wp-block-column\">\n                    <div class=\"wp-block-cover is-style-full-height\">\n                        <img decoding=\"async\" loading=\"lazy\" class=\"wp-block-cover__image-background wp-image-461\" alt=\"ERWEITERUNG DES IMPRO PRODUKTIONSWERKS\" src=\"https:\/\/bp2.yoho.pl\/wp-content\/uploads\/2022\/11\/impro-zaklad2.png\" data-object-fit=\"cover\">\n                    <\/div>\n                <\/div>\n\n            <\/div>\n                                <div class=\"wp-block-columns is-style-grid fade-in is-style-desktop-reverse is-style-no-margin \" data-index=\"16\">\n\n                <div class=\"wp-block-column\" style=\"margin-left: 0;\">\n                    <div class=\"wp-block-cover has-dark-gray-background-color has-background-dim is-style-full-height\">\n                        <div class=\"wp-block-cover__inner-container\">\n                            <h3 class=\"h3 uppercase feature__title\"><span class=\"ez-toc-section\" id=\"BP2_VSS\"><\/span>BP2 VSS<span class=\"ez-toc-section-end\"><\/span><\/h3>                            <h4 class=\"h3 feature__subtitle\"><span class=\"ez-toc-section\" id=\"Wir_eroeffnen_ein_modernes_Logistik\"><\/span>Wir er\u00f6ffnen ein modernes Logistik<span class=\"ez-toc-section-end\"><\/span><\/h4>                            <div class=\"full-width\"><p>Wir er\u00f6ffnen ein modernes Logistik- und Produktionszentrum in Ko\u0161ice, der gr\u00f6\u00dften Stadt im Osten der Slowakei.<\/p>\n<\/div>\n\n                        <\/div>\n                    <\/div>\n                <\/div>\n\n                <div class=\"wp-block-column\">\n                    <div class=\"wp-block-cover is-style-full-height\">\n                        <img decoding=\"async\" loading=\"lazy\" class=\"wp-block-cover__image-background wp-image-461\" alt=\"BP2 VSS\" src=\"https:\/\/bp2.yoho.pl\/wp-content\/uploads\/2023\/07\/vss-kosice-2.jpeg\" data-object-fit=\"cover\">\n                    <\/div>\n                <\/div>\n\n            <\/div>\n                                <div class=\"wp-block-columns is-style-grid fade-in is-style-desktop-reverse is-style-no-margin active\" data-index=\"17\">\n\n                <div class=\"wp-block-column\" style=\"margin-left: 0;\">\n                    <div class=\"wp-block-cover has-dark-gray-background-color has-background-dim is-style-full-height\">\n                        <div class=\"wp-block-cover__inner-container\">\n                            <h3 class=\"h3 uppercase feature__title\"><span class=\"ez-toc-section\" id=\"SOLROOF_%E2%80%93_INTEGRIERTES_PHOTOVOLTAIKDACH\"><\/span>SOLROOF \u2013 INTEGRIERTES PHOTOVOLTAIKDACH<span class=\"ez-toc-section-end\"><\/span><\/h3>                            <h4 class=\"h3 feature__subtitle\"><span class=\"ez-toc-section\" id=\"2023_Einfuehrung_neuer_Marke_und_unsere_SOLROOF_Produkten\"><\/span>2023 Einf\u00fchrung neuer Marke und unsere SOLROOF Produkten<span class=\"ez-toc-section-end\"><\/span><\/h4>                            <div class=\"full-width\"><p>SOLROOF ist ein integriertes Fotovoltaikdach, das speziell entwickelt wurde, um der wachsenden Nachfrage nach sauberer Energie gerecht zu werden.<\/p>\n<\/div>\n\n                        <\/div>\n                    <\/div>\n                <\/div>\n\n                <div class=\"wp-block-column\">\n                    <div class=\"wp-block-cover is-style-full-height\">\n                        <img decoding=\"async\" loading=\"lazy\" class=\"wp-block-cover__image-background wp-image-461\" alt=\"SOLROOF \u2013 INTEGRIERTES PHOTOVOLTAIKDACH\" src=\"https:\/\/bp2.yoho.pl\/wp-content\/uploads\/2023\/01\/solroof-blog-1.jpg\" data-object-fit=\"cover\">\n                    <\/div>\n                <\/div>\n\n            <\/div>\n                    \n    <\/div>\n<\/div>\n\n\r\n<div class=\"section__data\" data-section=\"PRODUKTIONSST\u00c4TTEN\"><\/div>\n\n\n<div class=\"wp-block-columns is-style-mobile-reverse is-style-grid fade-in is-layout-flex wp-container-core-columns-is-layout-9d6595d7 wp-block-columns-is-layout-flex\" id=\"produktionsstatten\">\n<div class=\"wp-block-column is-layout-flow wp-block-column-is-layout-flow\">\n<div class=\"wp-block-cover is-light is-style-full-width\"><span aria-hidden=\"true\" class=\"wp-block-cover__background has-white-background-color has-background-dim-100 has-background-dim\"><\/span><div class=\"wp-block-cover__inner-container is-layout-flow wp-block-cover-is-layout-flow\">\n<h1 class=\"wp-block-heading is-style-h1\"><span class=\"ez-toc-section\" id=\"PRODUKTIONSSTANDORTE\"><\/span><strong>PRODUKTIONSSTANDORTE<\/strong><span class=\"ez-toc-section-end\"><\/span><\/h1>\n\n\n\n<p>BP2 betreibt f\u00fcnf integrierte Produktionsst\u00e4tten in Polen, der Slowakei und Rum\u00e4nien. Diese Standorte sind logistisch und systemisch miteinander verbunden und bilden eine homogene Struktur aus hoch spezialisierten Produktionswerken.<\/p>\n\n\n\n<div class=\"accordion__list accordion__list--simple\">\n\n        <div class=\"accordion__elem\">\n        <p class=\"accordion__title\"><strong>Produktionsstandort in Krakau<\/strong><\/p>\n\n        <div class=\"accordion__answer\">\n            <div class=\"accordion__answerInner is-style-small-font\"><div style=\"margin-bottom: 10px; padding-bottom: 56.25%; position: relative;\"><iframe style=\"display: block; width: 98%; height: 100%; position: absolute; left: 0px; top: 0px;\" title=\"YouTube video player\" src=\"https:\/\/www.youtube.com\/embed\/nR-FGBsqw48\" frameborder=\"0\" allowfullscreen=\"allowfullscreen\"><\/iframe><\/div>\n<p>Dieses Produktionswerk wurde eines der ersten von BP2 errichtet und im Jahr 2007 fertiggestellt. Das moderne Erscheinungsbild und die Innenausstattung haben als Vorbild f\u00fcr nachfolgende Bauprojekte von BP2 gedient. Mit seiner strategisch g\u00fcnstigen Lage an der Autobahn A4 ist unser <b>2.340 m\u00b2<\/b> gro\u00dfes Werk ein idealer logistischer Standort. An diesem Produktionsstandort konzentrieren wir uns auf die Herstellung von Produkten f\u00fcr den Wohnungsbau.<\/p>\n<\/div>\n        <\/div>\n    <\/div>\n        <div class=\"accordion__elem\">\n        <p class=\"accordion__title\"><strong>Produktionsstandort in D\u0105browa G\u00f3rnicza<\/strong><\/p>\n\n        <div class=\"accordion__answer\">\n            <div class=\"accordion__answerInner is-style-small-font\"><div style=\"margin-bottom: 10px; padding-bottom: 56.25%; position: relative;\"><iframe style=\"display: block; width: 98%; height: 100%; position: absolute; left: 0px; top: 0px;\" title=\"YouTube video player\" src=\"https:\/\/www.youtube.com\/embed\/JnVF8aVZMRI\" frameborder=\"0\" allowfullscreen=\"allowfullscreen\"><\/iframe><\/div>\n<p>Das dynamische Wachstum hat neue M\u00f6glichkeiten er\u00f6ffnet. Im Jahr 2015 haben wir eine Produktionsst\u00e4tte in D\u0105browa G\u00f3rnicza mit einer Fl\u00e4che von <b>5.500 m\u00b2<\/b> erworben. Innerhalb kurzer Zeit hat dieser Standort eine bedeutende Rolle in der weltweiten Produktion von BP2 eingenommen. Neben der Produktion beherbergt D\u0105browa G\u00f3rnicza auch das BP2-Schulungszentrum, in dem Sie durch die Teilnahme an der Meisterakademie, einem einzigartigen praktischen Ausbildungsprogramm unter der Leitung des zertifizierten Dachdeckermeisters Waldemar Piela, Ihre F\u00e4higkeiten stufenweise optimieren und Ihre Qualifikationen verbessern k\u00f6nnen.<br \/>\nAn diesem Standort stellen wir die Produkte SKRIN- und LINEA-Fassadenkassetten sowie Bautrapezbleche f\u00fcr den industriellen Bau her. Bei der Produktion werden wir von spezialisierten Labortechnikern unterst\u00fctzt, die die mechanische Festigkeit und die Widerstandsf\u00e4higkeit des in unseren Produkten verwendeten Stahls gegen\u00fcber wechselnden Witterungsbedingungen eingehend in dem hochmodernen Labor an diesem Produktionsstandort pr\u00fcfen.<\/p>\n<\/div>\n        <\/div>\n    <\/div>\n        <div class=\"accordion__elem\">\n        <p class=\"accordion__title\"><strong>Produktionsst\u00e4tte in Cluj-Napoca<\/strong><\/p>\n\n        <div class=\"accordion__answer\">\n            <div class=\"accordion__answerInner is-style-small-font\"><div style=\"margin-bottom: 10px; padding-bottom: 56.25%; position: relative;\"><iframe style=\"display: block; width: 98%; height: 100%; position: absolute; left: 0px; top: 0px;\" title=\"YouTube video player\" src=\"https:\/\/www.youtube.com\/embed\/f1orWs3PY_A\" frameborder=\"0\" allowfullscreen=\"allowfullscreen\"><\/iframe><\/div>\n<p>Umfangreiche Investitionspl\u00e4ne f\u00fchrten uns nach Rum\u00e4nien, wo 2016 unsere n\u00e4chste <b>4.160 m\u00b2<\/b> gro\u00dfe Produktionsst\u00e4tte gebaut wurde. Wir haben darauf geachtet, dass jedes Detail die Konsistenz unserer Marke widerspiegelt. Deshalb ist das Werk in Cluj-Napoca ein getreues Abbild des Werks in Krakau. Es ist voll funktionsf\u00e4hig und eigenst\u00e4ndig und wurde zur ersten ausl\u00e4ndischen Investition, die einen echten Einfluss auf das Wachstum der Produktion der BP2-Gruppe hatte, die unter der Marke IMPRO bekannt ist.<br \/>\nIm Jahr 2022 haben wir die Arbeiten zur Erweiterung und Modernisierung der Produktionsst\u00e4tte in Cluj-Napoca abgeschlossen. Zudem haben wir ein eigenes Schulungszentrum er\u00f6ffnet, das der perfekte Ort f\u00fcr den Erfahrungsaustausch zwischen IMPRO und Dachdeckern ist. Wir sind auch im Rahmen der Meisterakademie aktiv, die darauf abzielt, das Wissen von Dachdeckern durch praktische Schulungen zu den neuesten Branchentrends zu erweitern.<\/p>\n<\/div>\n        <\/div>\n    <\/div>\n        <div class=\"accordion__elem\">\n        <p class=\"accordion__title\"><strong>Produktionsst\u00e4tte in Timisoara<\/strong><\/p>\n\n        <div class=\"accordion__answer\">\n            <div class=\"accordion__answerInner is-style-small-font\"><div style=\"margin-bottom: 10px; padding-bottom: 56.25%; position: relative;\"><iframe style=\"display: block; width: 98%; height: 100%; position: absolute; left: 0px; top: 0px;\" title=\"YouTube video player\" src=\"https:\/\/www.youtube.com\/embed\/vITjYwQcTjg?si=MyS03XpDCfGcsJ_L\" frameborder=\"0\" allowfullscreen=\"allowfullscreen\"><\/iframe><\/div>\n<p>Das Werk in Timisoara wurde im Jahr 2018 erworben und war zuvor im Besitz von MARCEGAGLIA. Nach der \u00dcbernahme wurde es erfolgreich in die BP2 Gruppe integriert.<\/p>\n<p>Es erfolgte eine umfassende Modernisierung der Produktionslinien, um die Prozesse gem\u00e4\u00df den Standards unserer Marke zu optimieren. Dabei wurde besonderer Wert auf hohe Produktqualit\u00e4t, Sicherheit und Nachhaltigkeit gelegt. Heute werden in der <b>11.000 m\u00b2<\/b> gro\u00dfen Produktionsst\u00e4tte in Timisoara Produkte f\u00fcr den Industriebau, wie Verbundplatten und Trapezbleche, hergestellt.<\/p>\n<\/div>\n        <\/div>\n    <\/div>\n        <div class=\"accordion__elem\">\n        <p class=\"accordion__title\"><strong>VSS Produktionsst\u00e4tte in Ko\u0161ice<\/strong><\/p>\n\n        <div class=\"accordion__answer\">\n            <div class=\"accordion__answerInner is-style-small-font\"><div style=\"margin-bottom: 10px; padding-bottom: 56.25%; position: relative;\"><iframe style=\"display: block; width: 98%; height: 100%; position: absolute; left: 0px; top: 0px;\" title=\"YouTube video player\" src=\"https:\/\/www.youtube.com\/embed\/a29u6Tn6Ot0?si=jy1vxwAmSk4hhaWW\" frameborder=\"0\" allowfullscreen=\"allowfullscreen\"><\/iframe><\/div>\n<p>Aufgrund unseres dynamischen Wachstums haben wir im Jahr 2022 eine weitere Produktionsst\u00e4tte in der Slowakei er\u00f6ffnet, die sich in der zweitgr\u00f6\u00dften Stadt unseres s\u00fcdlichen Nachbarlandes befindet. Das Werk erstreckt sich \u00fcber eine Fl\u00e4che von <b>21 000 m\u00b2<\/b> und ist spezialisiert auf die Produktion von Verbundplatten.<\/p>\n<p>Au\u00dferdem wurde am Produktionsstandort ein Stahl-Kundendienstzentrum eingerichtet.<\/p>\n<\/div>\n        <\/div>\n    <\/div>\n    <\/div><\/div><\/div>\n<\/div>\n\n\n\n<div class=\"wp-block-column is-layout-flow wp-block-column-is-layout-flow\">\n<figure class=\"wp-block-image size-full is-resized hiddenBelowTablet\"><img loading=\"lazy\" decoding=\"async\" src=\"https:\/\/bp2.yoho.pl\/wp-content\/uploads\/2022\/12\/map-web-o-nas-1.svg\" alt=\"\" class=\"wp-image-46418\" style=\"width:800px;height:780px\" width=\"800\" height=\"780\"\/><\/figure>\n<\/div>\n<\/div>\n\n\n\r\n<div class=\"section__data\" data-section=\"laboratorium\"><\/div>\n\n\n<div class=\"wp-block-columns is-style-grid fade-in is-layout-flex wp-container-core-columns-is-layout-9d6595d7 wp-block-columns-is-layout-flex\" id=\"bp2-lab\">\n<div class=\"wp-block-column is-layout-flow wp-block-column-is-layout-flow\">\n<div class=\"wp-block-cover is-light is-style-full-height\"><span aria-hidden=\"true\" class=\"wp-block-cover__background has-background-dim-0 has-background-dim\"><\/span><img loading=\"lazy\" decoding=\"async\" width=\"805\" height=\"674\" class=\"wp-block-cover__image-background wp-image-2223\" alt=\"\" src=\"https:\/\/bp2.yoho.pl\/wp-content\/uploads\/2022\/03\/LABORATORIUM-bp2.png\" data-object-fit=\"cover\" srcset=\"https:\/\/bp2.yoho.pl\/wp-content\/uploads\/2022\/03\/LABORATORIUM-bp2.png 805w, https:\/\/bp2.yoho.pl\/wp-content\/uploads\/2022\/03\/LABORATORIUM-bp2-768x643.png 768w\" sizes=\"(max-width: 805px) 100vw, 805px\" \/><div class=\"wp-block-cover__inner-container is-layout-flow wp-block-cover-is-layout-flow\">\n<p class=\"has-text-align-center\"><\/p>\n<\/div><\/div>\n<\/div>\n\n\n\n<div class=\"wp-block-column is-layout-flow wp-block-column-is-layout-flow\">\n<div class=\"wp-block-cover is-light is-style-full-width\"><span aria-hidden=\"true\" class=\"wp-block-cover__background has-gray-background-color has-background-dim-100 has-background-dim\"><\/span><div class=\"wp-block-cover__inner-container is-layout-flow wp-block-cover-is-layout-flow\">\n<h3 class=\"wp-block-heading is-style-h3\"><span class=\"ez-toc-section\" id=\"BP2_LABOR\"><\/span><strong>BP2 LABOR<\/strong><span class=\"ez-toc-section-end\"><\/span><\/h3>\n\n\n\n<h4 class=\"wp-block-heading is-style-h3\" style=\"font-style:normal;font-weight:300\"><span class=\"ez-toc-section\" id=\"Wir_setzen_auf_Qualitaet_und_Innovation\"><\/span>Wir setzen auf Qualit\u00e4t und Innovation<span class=\"ez-toc-section-end\"><\/span><\/h4>\n\n\n\n<p>Unsere oberste Priorit\u00e4t liegt auf der Qualit\u00e4t unserer Produkte. Wir legen nicht nur Wert auf die allgemeine \u00c4sthetik unserer Produkte, sondern auch auf die technischen Details, die von gro\u00dfer Bedeutung sind. Aus diesem Grund haben wir eigene professionelle Labore in Polen, Rum\u00e4nien und der Slowakei eingerichtet, in denen wir sowohl unsere Produkte als auch unsere Materialien anspruchsvollen Pr\u00fcfungen unterziehen.<br><br>Unsere Qualit\u00e4tskontrolle erfolgt unter Verwendung neuester Erkenntnisse und innovativer Pr\u00fcfger\u00e4te, die von unserer technischen Entwicklungsabteilung sorgf\u00e4ltig \u00fcberwacht werden. Wir konzentrieren uns auf eine detaillierte Untersuchung der Prozesse, die bei den von uns angebotenen Beschichtungen und St\u00e4hlen zum Einsatz kommen. Durch unsere Labortests sind wir in der Lage, Bedingungen zu simulieren, die den mehreren Jahrzehnten der Exposition gegen\u00fcber verschiedenen atmosph\u00e4rischen Einfl\u00fcssen entsprechen.<\/p>\n\n\n\n<a href=\"http:\/\/bp2.yoho.pl\/de\/laboratorium\/\"  class=\"button button--blackSpecial \">MEHR ERFAHREN<\/a>\n\n\n<div style=\"height:100px\" aria-hidden=\"true\" class=\"wp-block-spacer is-style-smaller-spacer\"><\/div>\n\n\n\n<h4 class=\"wp-block-heading is-style-h3\" style=\"font-style:normal;font-weight:300\"><span class=\"ez-toc-section\" id=\"LabGuarantee55\"><\/span>LabGuarantee55<span class=\"ez-toc-section-end\"><\/span><\/h4>\n\n\n\n<p><strong>Garantien von bis zu 55 Jahren<\/strong> sind nur m\u00f6glich, wenn das Material gr\u00fcndlich getestet wurde. Eine Dacheindeckung ist eine Investition, die f\u00fcr mehrere Generationen geplant wird, daher sind wir uns der verantwortungsvollen Rolle als Hersteller bewusst. Durch eingehende Untersuchungen sind wir sicher, dass die von uns gelieferten Produkte von h\u00f6chster Qualit\u00e4t sind.<\/p>\n\n\n\n<a href=\"https:\/\/bp2.yoho.pl\/de\/beschichtungen-farben-und-garantien\/\"  class=\"button button--red \">MEHR ERFAHREN<\/a><\/div><\/div>\n<\/div>\n<\/div>\n<\/div><\/div>\n\n\n\n<div style=\"height:100px\" aria-hidden=\"true\" class=\"wp-block-spacer is-style-small-spacer\"><\/div>\n\n\n\n<div class=\"wp-block-group\"><div class=\"wp-block-group__inner-container is-layout-flow wp-block-group-is-layout-flow\">\n<div class=\"wp-block-columns is-style-grid is-layout-flex wp-container-core-columns-is-layout-9d6595d7 wp-block-columns-is-layout-flex\">\n<div class=\"wp-block-column is-layout-flow wp-block-column-is-layout-flow\">\n<div class=\"wp-block-cover is-style-content-from-bottom\"><span aria-hidden=\"true\" class=\"wp-block-cover__background has-background-dim\"><\/span><img loading=\"lazy\" decoding=\"async\" width=\"527\" height=\"534\" class=\"wp-block-cover__image-background wp-image-3694\" alt=\"\" src=\"https:\/\/bp2.yoho.pl\/wp-content\/uploads\/2022\/03\/IMG_8343.png\" data-object-fit=\"cover\"\/><div class=\"wp-block-cover__inner-container is-layout-flow wp-block-cover-is-layout-flow\">\n<div style=\"height:100px\" aria-hidden=\"true\" class=\"wp-block-spacer is-style-medium-spacer\"><\/div>\n\n\n\n<h2 class=\"wp-block-heading is-style-h3\"><span class=\"ez-toc-section\" id=\"STELLENANGEBOTE_VON_BP2\"><\/span><strong><strong><strong>STELLENANGEBOTE VON BP2<\/strong><\/strong><\/strong><span class=\"ez-toc-section-end\"><\/span><\/h2>\n\n\n\n<p>Schlie\u00dfen Sie sich unserem Team an!<\/p>\n\n\n\n<div class=\"wp-block-group\"><div class=\"wp-block-group__inner-container is-layout-flow wp-block-group-is-layout-flow\">\n<a href=\"http:\/\/bp2.yoho.pl\/de\/karriere\"  class=\"button button--red \">SCHLIESSEN SIE SICH UNSEREM TEAM AN<\/a><\/div><\/div>\n<\/div><\/div>\n<\/div>\n\n\n\n<div class=\"wp-block-column is-layout-flow wp-block-column-is-layout-flow\">\n<div class=\"wp-block-cover is-style-content-from-bottom\"><span aria-hidden=\"true\" class=\"wp-block-cover__background has-background-dim\"><\/span><img loading=\"lazy\" decoding=\"async\" width=\"526\" height=\"534\" class=\"wp-block-cover__image-background wp-image-5514\" alt=\"\" src=\"https:\/\/bp2.yoho.pl\/wp-content\/uploads\/2022\/03\/MASTER-ROOFER_01-07-2021-23.png\" data-object-fit=\"cover\"\/><div class=\"wp-block-cover__inner-container is-layout-flow wp-block-cover-is-layout-flow\">\n<div style=\"height:100px\" aria-hidden=\"true\" class=\"wp-block-spacer is-style-medium-spacer\"><\/div>\n\n\n\n<h2 class=\"wp-block-heading is-style-h3\"><span class=\"ez-toc-section\" id=\"MEISTERAKADEMIE\"><\/span><strong><strong><strong>MEISTERAKADEMIE<\/strong><\/strong><\/strong><span class=\"ez-toc-section-end\"><\/span><\/h2>\n\n\n\n<p>Eigenes Schulungsprogramm und Plattform f\u00fcr den Erfahrungsaustausch.<\/p>\n\n\n\n<div class=\"wp-block-group\"><div class=\"wp-block-group__inner-container is-layout-flow wp-block-group-is-layout-flow\">\n<a href=\"https:\/\/am.bp2.pl\/\"  class=\"button button--red \">TRETEN SIE DER MEISTERAKADEMIE BEI<\/a><\/div><\/div>\n<\/div><\/div>\n<\/div>\n\n\n\n<div class=\"wp-block-column is-layout-flow wp-block-column-is-layout-flow\">\n<div class=\"wp-block-cover is-light is-style-content-from-bottom\"><span aria-hidden=\"true\" class=\"wp-block-cover__background has-background-dim\"><\/span><img loading=\"lazy\" decoding=\"async\" width=\"526\" height=\"534\" class=\"wp-block-cover__image-background wp-image-5510\" alt=\"\" src=\"https:\/\/bp2.yoho.pl\/wp-content\/uploads\/2022\/03\/Piknik-15-lecie-PSD-Malopolska-14.png\" data-object-fit=\"cover\"\/><div class=\"wp-block-cover__inner-container is-layout-flow wp-block-cover-is-layout-flow\">\n<div style=\"height:100px\" aria-hidden=\"true\" class=\"wp-block-spacer is-style-medium-spacer\"><\/div>\n\n\n\n<h2 class=\"wp-block-heading is-style-h3 has-white-color has-text-color\"><span class=\"ez-toc-section\" id=\"MARKETINGAKTIVITAeTEN\"><\/span><strong><strong><strong>MARKETINGAKTIVIT\u00c4TEN<\/strong><\/strong><\/strong><span class=\"ez-toc-section-end\"><\/span><\/h2>\n\n\n\n<p class=\"has-white-color has-text-color\">Spo\u0142eczna odpowiedzialno\u015b\u0107 w biznesie.<\/p>\n\n\n\n<div class=\"wp-block-group\"><div class=\"wp-block-group__inner-container is-layout-flow wp-block-group-is-layout-flow\">\n<a href=\"https:\/\/bp2.yoho.pl\/de\/marketingaktivitaten\"  class=\"button button--red \">Soziale Verantwortung in der Gesch\u00e4ftswelt.<\/a><\/div><\/div>\n<\/div><\/div>\n<\/div>\n<\/div>\n<\/div><\/div>\n\n\n\n<div style=\"height:100px\" aria-hidden=\"true\" class=\"wp-block-spacer is-style-small-spacer\"><\/div>\n\n\n\n<div class=\"wp-block-group has-dark-gray-background-color has-background\"><div class=\"wp-block-group__inner-container is-layout-flow wp-block-group-is-layout-flow\">\n<div style=\"height:100px\" aria-hidden=\"true\" class=\"wp-block-spacer is-style-small-spacer\"><\/div>\n\n\n\n\n<div class=\"header-with-button\">\n    <div class=\"header-with-button__label\">\n        <h2 class=\"uppercase noMarginTop noMarginBottom\"><span class=\"ez-toc-section\" id=\"NEWS\"><\/span>NEWS<span class=\"ez-toc-section-end\"><\/span><\/h2>\n    <\/div>\n    <div class=\"header-with-button__button\">\n        <a href=\"http:\/\/bp2.yoho.pl\/de\/news\" class=\"button button--black \">ALLE ANZEIGEN<\/a>\n    <\/div>\n<\/div>\n\n\n    <div class=\"posts-slider-wrapper\">\n        <div class=\"posts-slider sliderGroup\" data-posts-slider>\n            <div class=\"sliderGroup__elem\">\n<div class=\"postTile\">\n    <a class=\"postTile__thumb\" href=\"https:\/\/bp2.yoho.pl\/de\/anderung-der-anschrift-des-eingetragenen-firmensitzes-von-bp2-sp-z-o-o\/\">\n        <img decoding=\"async\" src=\"https:\/\/bp2.yoho.pl\/wp-content\/uploads\/2024\/02\/Tlo-newsletter-820x478.png\" class=\"postTile__thumbImage\" alt=\"\u00c4nderung der Anschrift des eingetragenen Firmensitzes von BP2 sp. z o.o.\">      <\/a>\n    <div class=\"postTile__content\">\n                <a href=\"https:\/\/bp2.yoho.pl\/de\/anderung-der-anschrift-des-eingetragenen-firmensitzes-von-bp2-sp-z-o-o\/\" class=\"postTile__normalLink\">\n            <h2 class=\"postTile__title uppercase\"><span class=\"ez-toc-section\" id=\"Aenderung_der_Anschrift_des_eingetragenen_Firmensitzes_von_BP2_sp_z_oo\"><\/span>\u00c4nderung der Anschrift des eingetragenen Firmensitzes von BP2 sp. z o.o.<span class=\"ez-toc-section-end\"><\/span><\/h2>\n            <p class=\"postTile__date uppercase\">15 Februar 2024<\/p>\n        <\/a>\n        <p class=\"postTile__link noMarginTop noMarginBottom\"><a href=\"https:\/\/bp2.yoho.pl\/de\/anderung-der-anschrift-des-eingetragenen-firmensitzes-von-bp2-sp-z-o-o\/\" class=\"button button--black uppercase\">Mehr<\/a><\/p>\n    <\/div>\n<\/div><\/div><div class=\"sliderGroup__elem\">\n<div class=\"postTile\">\n    <a class=\"postTile__thumb\" href=\"https:\/\/bp2.yoho.pl\/de\/zertifikat-fur-grune-energie-im-jahr-2023\/\">\n        <img decoding=\"async\" src=\"https:\/\/bp2.yoho.pl\/wp-content\/uploads\/2024\/02\/Free_Poster_Frame_Mockup_1-1-820x486.png\" class=\"postTile__thumbImage\" alt=\"ZERTIFIKAT F\u00dcR GR\u00dcNE ENERGIE IM JAHR 2023\">      <\/a>\n    <div class=\"postTile__content\">\n                <a href=\"https:\/\/bp2.yoho.pl\/de\/zertifikat-fur-grune-energie-im-jahr-2023\/\" class=\"postTile__normalLink\">\n            <h2 class=\"postTile__title uppercase\"><span class=\"ez-toc-section\" id=\"ZERTIFIKAT_FUeR_GRUeNE_ENERGIE_IM_JAHR_2023\"><\/span>ZERTIFIKAT F\u00dcR GR\u00dcNE ENERGIE IM JAHR 2023<span class=\"ez-toc-section-end\"><\/span><\/h2>\n            <p class=\"postTile__date uppercase\">12 Februar 2024<\/p>\n        <\/a>\n        <p class=\"postTile__link noMarginTop noMarginBottom\"><a href=\"https:\/\/bp2.yoho.pl\/de\/zertifikat-fur-grune-energie-im-jahr-2023\/\" class=\"button button--black uppercase\">Mehr<\/a><\/p>\n    <\/div>\n<\/div><\/div><div class=\"sliderGroup__elem\">\n<div class=\"postTile\">\n    <a class=\"postTile__thumb\" href=\"https:\/\/bp2.yoho.pl\/de\/verringerung-des-co2-fussabdrucks-mit-xcarb-stah\/\">\n        <img decoding=\"async\" src=\"https:\/\/bp2.yoho.pl\/wp-content\/uploads\/2024\/01\/62xcarb_2-820x555.png\" class=\"postTile__thumbImage\" alt=\"VERRINGERUNG DES CO2-FUSSABDRUCKS MIT XCARB\u00ae-STAH\">      <\/a>\n    <div class=\"postTile__content\">\n                <a href=\"https:\/\/bp2.yoho.pl\/de\/verringerung-des-co2-fussabdrucks-mit-xcarb-stah\/\" class=\"postTile__normalLink\">\n            <h2 class=\"postTile__title uppercase\"><span class=\"ez-toc-section\" id=\"VERRINGERUNG_DES_CO2-FUSSABDRUCKS_MIT_XCARB%C2%AE-STAH\"><\/span>VERRINGERUNG DES CO2-FUSSABDRUCKS MIT XCARB\u00ae-STAH<span class=\"ez-toc-section-end\"><\/span><\/h2>\n            <p class=\"postTile__date uppercase\">29 Januar 2024<\/p>\n        <\/a>\n        <p class=\"postTile__link noMarginTop noMarginBottom\"><a href=\"https:\/\/bp2.yoho.pl\/de\/verringerung-des-co2-fussabdrucks-mit-xcarb-stah\/\" class=\"button button--black uppercase\">Mehr<\/a><\/p>\n    <\/div>\n<\/div><\/div><div class=\"sliderGroup__elem\">\n<div class=\"postTile\">\n    <a class=\"postTile__thumb\" href=\"https:\/\/bp2.yoho.pl\/de\/anmeldung-zur-schulung-in-der-akademie-der-meister\/\">\n        <img decoding=\"async\" src=\"https:\/\/bp2.yoho.pl\/wp-content\/uploads\/2024\/01\/obrazek-wyrozniajacy-6-820x555.png\" class=\"postTile__thumbImage\" alt=\"ANMELDUNG ZUR SCHULUNG IN DER AKADEMIE DER MEISTER\">      <\/a>\n    <div class=\"postTile__content\">\n                <a href=\"https:\/\/bp2.yoho.pl\/de\/anmeldung-zur-schulung-in-der-akademie-der-meister\/\" class=\"postTile__normalLink\">\n            <h2 class=\"postTile__title uppercase\"><span class=\"ez-toc-section\" id=\"ANMELDUNG_ZUR_SCHULUNG_IN_DER_AKADEMIE_DER_MEISTER\"><\/span>ANMELDUNG ZUR SCHULUNG IN DER AKADEMIE DER MEISTER<span class=\"ez-toc-section-end\"><\/span><\/h2>\n            <p class=\"postTile__date uppercase\">23 Januar 2024<\/p>\n        <\/a>\n        <p class=\"postTile__link noMarginTop noMarginBottom\"><a href=\"https:\/\/bp2.yoho.pl\/de\/anmeldung-zur-schulung-in-der-akademie-der-meister\/\" class=\"button button--black uppercase\">Mehr<\/a><\/p>\n    <\/div>\n<\/div><\/div><div class=\"sliderGroup__elem\">\n<div class=\"postTile\">\n    <a class=\"postTile__thumb\" href=\"https:\/\/bp2.yoho.pl\/de\/zertifizierung-des-fit-volt-paneels-durch-vde-testing-and-certification\/\">\n        <img decoding=\"async\" src=\"https:\/\/bp2.yoho.pl\/wp-content\/uploads\/2023\/12\/Free_Poster_Display_Mockup_2-820x513.png\" class=\"postTile__thumbImage\" alt=\"Zertifizierung des FIT VOLT-Paneels durch VDE Testing and Certification\">      <\/a>\n    <div class=\"postTile__content\">\n                <a href=\"https:\/\/bp2.yoho.pl\/de\/zertifizierung-des-fit-volt-paneels-durch-vde-testing-and-certification\/\" class=\"postTile__normalLink\">\n            <h2 class=\"postTile__title uppercase\"><span class=\"ez-toc-section\" id=\"Zertifizierung_des_FIT_VOLT-Paneels_durch_VDE_Testing_and_Certification\"><\/span>Zertifizierung des FIT VOLT-Paneels durch VDE Testing and Certification<span class=\"ez-toc-section-end\"><\/span><\/h2>\n            <p class=\"postTile__date uppercase\">12 Dezember 2023<\/p>\n        <\/a>\n        <p class=\"postTile__link noMarginTop noMarginBottom\"><a href=\"https:\/\/bp2.yoho.pl\/de\/zertifizierung-des-fit-volt-paneels-durch-vde-testing-and-certification\/\" class=\"button button--black uppercase\">Mehr<\/a><\/p>\n    <\/div>\n<\/div><\/div><div class=\"sliderGroup__elem\">\n<div class=\"postTile\">\n    <a class=\"postTile__thumb\" href=\"https:\/\/bp2.yoho.pl\/de\/photovoltaikdach-installiert-von-dachdeckern-solroof\/\">\n        <img decoding=\"async\" src=\"https:\/\/bp2.yoho.pl\/wp-content\/uploads\/2024\/01\/SOLROOF-GAJOWKA-INSTRUKCJA-MONTAZU-6-1024x682-1-820x546.jpg\" class=\"postTile__thumbImage\" alt=\"PHOTOVOLTAIKDACH INSTALLIERT VON DACHDECKERN \u2013 SOLROOF\">      <\/a>\n    <div class=\"postTile__content\">\n                <a href=\"https:\/\/bp2.yoho.pl\/de\/photovoltaikdach-installiert-von-dachdeckern-solroof\/\" class=\"postTile__normalLink\">\n            <h2 class=\"postTile__title uppercase\"><span class=\"ez-toc-section\" id=\"PHOTOVOLTAIKDACH_INSTALLIERT_VON_DACHDECKERN_%E2%80%93_SOLROOF\"><\/span>PHOTOVOLTAIKDACH INSTALLIERT VON DACHDECKERN \u2013 SOLROOF<span class=\"ez-toc-section-end\"><\/span><\/h2>\n            <p class=\"postTile__date uppercase\">30 November 2023<\/p>\n        <\/a>\n        <p class=\"postTile__link noMarginTop noMarginBottom\"><a href=\"https:\/\/bp2.yoho.pl\/de\/photovoltaikdach-installiert-von-dachdeckern-solroof\/\" class=\"button button--black uppercase\">Mehr<\/a><\/p>\n    <\/div>\n<\/div><\/div>        <\/div>\n    <\/div>\n\n\n\n<div style=\"height:100px\" aria-hidden=\"true\" class=\"wp-block-spacer is-style-small-spacer\"><\/div>\n<\/div><\/div>\n","protected":false},"excerpt":{"rendered":"<p>W\u00c4HLEN SIE DIE MARKE, DIE SIE INTERESSIERT, UM ZUR ENTSPRECHENDEN SEITE ZU GELANGEN Willkommen in der Welt von BP2 Seit 1995 ist BP2 ein angesehener Hersteller von umfassenden L\u00f6sungen f\u00fcr den Wohnungs- und Industriebau. Unsere Dienstleistungen umfassen auch das Steel Service-Center. Wir sind die Sch\u00f6pfer der Marke und Produkte SOLROOF &#8211; das integrierte Photovoltaikdach. BP2 [&hellip;]<\/p>\n","protected":false},"author":1,"featured_media":0,"parent":0,"menu_order":18,"comment_status":"closed","ping_status":"closed","template":"","meta":{"_acf_changed":false,"content-type":"","footnotes":""},"class_list":["post-62067","page","type-page","status-publish","hentry"],"acf":[],"_links":{"self":[{"href":"https:\/\/bp2.yoho.pl\/de\/wp-json\/wp\/v2\/pages\/62067","targetHints":{"allow":["GET"]}}],"collection":[{"href":"https:\/\/bp2.yoho.pl\/de\/wp-json\/wp\/v2\/pages"}],"about":[{"href":"https:\/\/bp2.yoho.pl\/de\/wp-json\/wp\/v2\/types\/page"}],"author":[{"embeddable":true,"href":"https:\/\/bp2.yoho.pl\/de\/wp-json\/wp\/v2\/users\/1"}],"replies":[{"embeddable":true,"href":"https:\/\/bp2.yoho.pl\/de\/wp-json\/wp\/v2\/comments?post=62067"}],"version-history":[{"count":0,"href":"https:\/\/bp2.yoho.pl\/de\/wp-json\/wp\/v2\/pages\/62067\/revisions"}],"wp:attachment":[{"href":"https:\/\/bp2.yoho.pl\/de\/wp-json\/wp\/v2\/media?parent=62067"}],"curies":[{"name":"wp","href":"https:\/\/api.w.org\/{rel}","templated":true}]}}