{"id":49413,"date":"2022-01-05T14:14:58","date_gmt":"2022-01-05T13:14:58","guid":{"rendered":"https:\/\/bp2.yoho.pl\/o-nas\/"},"modified":"2023-10-16T15:11:11","modified_gmt":"2023-10-16T13:11:11","slug":"o-nas","status":"publish","type":"page","link":"https:\/\/bp2.yoho.pl\/sk\/o-nas\/","title":{"rendered":"O N\u00c1S"},"content":{"rendered":"\n<div id=\"modulowosc\" class=\"wp-block-group is-style-with-b2-background\"><div class=\"wp-block-group__inner-container is-layout-flow wp-block-group-is-layout-flow\">\r\n<div class=\"section__data\" data-section=\"O N\u00c1S\"><\/div>\n\n\n<div style=\"height:100px\" aria-hidden=\"true\" class=\"wp-block-spacer is-style-small-spacer\"><\/div>\n\n\n\n<p class=\"has-text-align-center noMarginBottom has-red-color has-text-color\"><strong><strong>VYBERTE ZNA\u010cKU, O KTOR\u00da M\u00c1TE Z\u00c1UJEM, A PREJDITE NA VYHRADEN\u00da STR\u00c1NKU<\/strong><\/strong><\/p><div id=\"ez-toc-container\" class=\"ez-toc-v2_0_73 ez-toc-wrap-center counter-hierarchy ez-toc-counter ez-toc-transparent ez-toc-container-direction\">\n<div class=\"ez-toc-title-container\">\n<p class=\"ez-toc-title\" style=\"cursor:inherit\">Table of Contents<\/p>\n<span class=\"ez-toc-title-toggle\"><a href=\"#\" class=\"ez-toc-pull-right ez-toc-btn ez-toc-btn-xs ez-toc-btn-default ez-toc-toggle\" aria-label=\"Toggle Table of Content\"><span class=\"ez-toc-js-icon-con\"><span class=\"\"><span class=\"eztoc-hide\" style=\"display:none;\">Toggle<\/span><span class=\"ez-toc-icon-toggle-span\"><svg style=\"fill: #999;color:#999\" xmlns=\"http:\/\/www.w3.org\/2000\/svg\" class=\"list-377408\" width=\"20px\" height=\"20px\" viewBox=\"0 0 24 24\" fill=\"none\"><path d=\"M6 6H4v2h2V6zm14 0H8v2h12V6zM4 11h2v2H4v-2zm16 0H8v2h12v-2zM4 16h2v2H4v-2zm16 0H8v2h12v-2z\" fill=\"currentColor\"><\/path><\/svg><svg style=\"fill: #999;color:#999\" class=\"arrow-unsorted-368013\" xmlns=\"http:\/\/www.w3.org\/2000\/svg\" width=\"10px\" height=\"10px\" viewBox=\"0 0 24 24\" version=\"1.2\" baseProfile=\"tiny\"><path d=\"M18.2 9.3l-6.2-6.3-6.2 6.3c-.2.2-.3.4-.3.7s.1.5.3.7c.2.2.4.3.7.3h11c.3 0 .5-.1.7-.3.2-.2.3-.5.3-.7s-.1-.5-.3-.7zM5.8 14.7l6.2 6.3 6.2-6.3c.2-.2.3-.5.3-.7s-.1-.5-.3-.7c-.2-.2-.4-.3-.7-.3h-11c-.3 0-.5.1-.7.3-.2.2-.3.5-.3.7s.1.5.3.7z\"\/><\/svg><\/span><\/span><\/span><\/a><\/span><\/div>\n<nav><ul class='ez-toc-list ez-toc-list-level-1 ' ><ul class='ez-toc-list-level-2' ><li class='ez-toc-heading-level-2'><a class=\"ez-toc-link ez-toc-heading-1\" href=\"https:\/\/bp2.yoho.pl\/sk\/o-nas\/#VITAJTE_VO_SVETE_BP2\" title=\"VITAJTE VO SVETE BP2\">VITAJTE VO SVETE BP2<\/a><\/li><li class='ez-toc-page-1 ez-toc-heading-level-2'><a class=\"ez-toc-link ez-toc-heading-2\" href=\"https:\/\/bp2.yoho.pl\/sk\/o-nas\/#PRECO_MY\" title=\"PRE\u010cO MY?\">PRE\u010cO MY?<\/a><ul class='ez-toc-list-level-3' ><li class='ez-toc-heading-level-3'><a class=\"ez-toc-link ez-toc-heading-3\" href=\"https:\/\/bp2.yoho.pl\/sk\/o-nas\/#Verime_v_to_co_robime_a_sme_verni_nasim_hodnotam\" title=\"Ver\u00edme v to, \u010do rob\u00edme a sme vern\u00ed na\u0161\u00edm hodnot\u00e1m.\">Ver\u00edme v to, \u010do rob\u00edme a sme vern\u00ed na\u0161\u00edm hodnot\u00e1m.<\/a><\/li><li class='ez-toc-page-1 ez-toc-heading-level-3'><a class=\"ez-toc-link ez-toc-heading-4\" href=\"https:\/\/bp2.yoho.pl\/sk\/o-nas\/#KOMPLETNA_FIRMA\" title=\"KOMPLETN\u00c1 FIRMA\">KOMPLETN\u00c1 FIRMA<\/a><ul class='ez-toc-list-level-4' ><li class='ez-toc-heading-level-4'><a class=\"ez-toc-link ez-toc-heading-5\" href=\"https:\/\/bp2.yoho.pl\/sk\/o-nas\/#Bytova_vystavba\" title=\"Bytov\u00e1 v\u00fdstavba\">Bytov\u00e1 v\u00fdstavba<\/a><\/li><li class='ez-toc-page-1 ez-toc-heading-level-4'><a class=\"ez-toc-link ez-toc-heading-6\" href=\"https:\/\/bp2.yoho.pl\/sk\/o-nas\/#Priemyselna_vystavba\" title=\"Priemyseln\u00e1 v\u00fdstavba\">Priemyseln\u00e1 v\u00fdstavba<\/a><\/li><li class='ez-toc-page-1 ez-toc-heading-level-4'><a class=\"ez-toc-link ez-toc-heading-7\" href=\"https:\/\/bp2.yoho.pl\/sk\/o-nas\/#Ocelove_servisne_centrum\" title=\"Oce\u013eov\u00e9 servisn\u00e9 centrum\">Oce\u013eov\u00e9 servisn\u00e9 centrum<\/a><\/li><\/ul><\/li><li class='ez-toc-page-1 ez-toc-heading-level-3'><a class=\"ez-toc-link ez-toc-heading-8\" href=\"https:\/\/bp2.yoho.pl\/sk\/o-nas\/#FIRMA_HODNA_DOVERY\" title=\"FIRMA HODN\u00c1 D\u00d4VERY\">FIRMA HODN\u00c1 D\u00d4VERY<\/a><ul class='ez-toc-list-level-4' ><li class='ez-toc-heading-level-4'><a class=\"ez-toc-link ez-toc-heading-9\" href=\"https:\/\/bp2.yoho.pl\/sk\/o-nas\/#Profesionalizmus_a_zaruka_kvality\" title=\"Profesionalizmus a z\u00e1ruka kvality\">Profesionalizmus a z\u00e1ruka kvality<\/a><\/li><\/ul><\/li><li class='ez-toc-page-1 ez-toc-heading-level-3'><a class=\"ez-toc-link ez-toc-heading-10\" href=\"https:\/\/bp2.yoho.pl\/sk\/o-nas\/#ADAM_MALYSZ\" title=\"ADAM MA\u0141YSZ\">ADAM MA\u0141YSZ<\/a><\/li><\/ul><\/li><li class='ez-toc-page-1 ez-toc-heading-level-2'><a class=\"ez-toc-link ez-toc-heading-11\" href=\"https:\/\/bp2.yoho.pl\/sk\/o-nas\/#HISTORIA_FIRMY\" title=\"HIST\u00d3RIA FIRMY\">HIST\u00d3RIA FIRMY<\/a><ul class='ez-toc-list-level-3' ><li class='ez-toc-heading-level-3'><a class=\"ez-toc-link ez-toc-heading-12\" href=\"https:\/\/bp2.yoho.pl\/sk\/o-nas\/#ZACINAME\" title=\"ZA\u010c\u00cdNAME!\">ZA\u010c\u00cdNAME!<\/a><\/li><li class='ez-toc-page-1 ez-toc-heading-level-3'><a class=\"ez-toc-link ez-toc-heading-13\" href=\"https:\/\/bp2.yoho.pl\/sk\/o-nas\/#PRVA_LINKA\" title=\"PRV\u00c1 LINKA\">PRV\u00c1 LINKA<\/a><\/li><li class='ez-toc-page-1 ez-toc-heading-level-3'><a class=\"ez-toc-link ez-toc-heading-14\" href=\"https:\/\/bp2.yoho.pl\/sk\/o-nas\/#LOGISTICKE_CENTRUM\" title=\"LOGISTICK\u00c9 CENTRUM\">LOGISTICK\u00c9 CENTRUM<\/a><\/li><li class='ez-toc-page-1 ez-toc-heading-level-3'><a class=\"ez-toc-link ez-toc-heading-15\" href=\"https:\/\/bp2.yoho.pl\/sk\/o-nas\/#IMPRO\" title=\"IMPRO\">IMPRO<\/a><\/li><li class='ez-toc-page-1 ez-toc-heading-level-3'><a class=\"ez-toc-link ez-toc-heading-16\" href=\"https:\/\/bp2.yoho.pl\/sk\/o-nas\/#DO_EUROPY\" title=\"DO EUR\u00d3PY\">DO EUR\u00d3PY<\/a><\/li><li class='ez-toc-page-1 ez-toc-heading-level-3'><a class=\"ez-toc-link ez-toc-heading-17\" href=\"https:\/\/bp2.yoho.pl\/sk\/o-nas\/#AUTOMATIZACIA\" title=\"AUTOMATIZ\u00c1CIA\">AUTOMATIZ\u00c1CIA<\/a><\/li><li class='ez-toc-page-1 ez-toc-heading-level-3'><a class=\"ez-toc-link ez-toc-heading-18\" href=\"https:\/\/bp2.yoho.pl\/sk\/o-nas\/#NOVY_VYROBNY_ZAVOD\" title=\"NOV\u00dd V\u00ddROBN\u00dd Z\u00c1VOD\">NOV\u00dd V\u00ddROBN\u00dd Z\u00c1VOD<\/a><\/li><li class='ez-toc-page-1 ez-toc-heading-level-3'><a class=\"ez-toc-link ez-toc-heading-19\" href=\"https:\/\/bp2.yoho.pl\/sk\/o-nas\/#KLUZ\" title=\"KLU\u017d\">KLU\u017d<\/a><\/li><li class='ez-toc-page-1 ez-toc-heading-level-3'><a class=\"ez-toc-link ez-toc-heading-20\" href=\"https:\/\/bp2.yoho.pl\/sk\/o-nas\/#ADAM_MALYSZ_A_AKADEMIA_MAJSTROV\" title=\"ADAM MA\u0141YSZ A AKAD\u00c9MIA MAJSTROV\">ADAM MA\u0141YSZ A AKAD\u00c9MIA MAJSTROV<\/a><\/li><li class='ez-toc-page-1 ez-toc-heading-level-3'><a class=\"ez-toc-link ez-toc-heading-21\" href=\"https:\/\/bp2.yoho.pl\/sk\/o-nas\/#VLK\" title=\"VLK\">VLK<\/a><\/li><li class='ez-toc-page-1 ez-toc-heading-level-3'><a class=\"ez-toc-link ez-toc-heading-22\" href=\"https:\/\/bp2.yoho.pl\/sk\/o-nas\/#INVESTICIE\" title=\"INVEST\u00cdCIE\">INVEST\u00cdCIE<\/a><\/li><li class='ez-toc-page-1 ez-toc-heading-level-3'><a class=\"ez-toc-link ez-toc-heading-23\" href=\"https:\/\/bp2.yoho.pl\/sk\/o-nas\/#IZI\" title=\"IZI\">IZI<\/a><\/li><li class='ez-toc-page-1 ez-toc-heading-level-3'><a class=\"ez-toc-link ez-toc-heading-24\" href=\"https:\/\/bp2.yoho.pl\/sk\/o-nas\/#VYVOJ_IMPRO\" title=\"V\u00ddVOJ IMPRO\">V\u00ddVOJ IMPRO<\/a><\/li><li class='ez-toc-page-1 ez-toc-heading-level-3'><a class=\"ez-toc-link ez-toc-heading-25\" href=\"https:\/\/bp2.yoho.pl\/sk\/o-nas\/#COMPACT_SERIES\" title=\"COMPACT SERIES\">COMPACT SERIES<\/a><\/li><li class='ez-toc-page-1 ez-toc-heading-level-3'><a class=\"ez-toc-link ez-toc-heading-26\" href=\"https:\/\/bp2.yoho.pl\/sk\/o-nas\/#MODERNE_VZDELAVACIE_CENTRUM\" title=\"MODERN\u00c9 VZDEL\u00c1VACIE CENTRUM\">MODERN\u00c9 VZDEL\u00c1VACIE CENTRUM<\/a><\/li><li class='ez-toc-page-1 ez-toc-heading-level-3'><a class=\"ez-toc-link ez-toc-heading-27\" href=\"https:\/\/bp2.yoho.pl\/sk\/o-nas\/#ROZSIRENIE_CINNOSTI_IMPRO\" title=\"ROZ\u0160\u00cdRENIE \u010cINNOSTI IMPRO\">ROZ\u0160\u00cdRENIE \u010cINNOSTI IMPRO<\/a><\/li><li class='ez-toc-page-1 ez-toc-heading-level-3'><a class=\"ez-toc-link ez-toc-heading-28\" href=\"https:\/\/bp2.yoho.pl\/sk\/o-nas\/#BP2_VSS\" title=\"BP2 VSS\">BP2 VSS<\/a><ul class='ez-toc-list-level-4' ><li class='ez-toc-heading-level-4'><a class=\"ez-toc-link ez-toc-heading-29\" href=\"https:\/\/bp2.yoho.pl\/sk\/o-nas\/#Otvarame_moderne_logisticko-vyrobne_centrum_v_Kosiciach\" title=\"Otv\u00e1rame modern\u00e9 logisticko-v\u00fdrobn\u00e9 centrum v Ko\u0161iciach\">Otv\u00e1rame modern\u00e9 logisticko-v\u00fdrobn\u00e9 centrum v Ko\u0161iciach<\/a><\/li><\/ul><\/li><li class='ez-toc-page-1 ez-toc-heading-level-3'><a class=\"ez-toc-link ez-toc-heading-30\" href=\"https:\/\/bp2.yoho.pl\/sk\/o-nas\/#SOLROOF_%E2%80%93_INTEGROVANA_FOTOVOLTAICKA_STRECHA\" title=\"SOLROOF \u2013 INTEGROVAN\u00c1 FOTOVOLTAICK\u00c1 STRECHA\">SOLROOF \u2013 INTEGROVAN\u00c1 FOTOVOLTAICK\u00c1 STRECHA<\/a><\/li><\/ul><\/li><\/ul><\/li><li class='ez-toc-page-1 ez-toc-heading-level-1'><a class=\"ez-toc-link ez-toc-heading-31\" href=\"https:\/\/bp2.yoho.pl\/sk\/o-nas\/#VYROBNE_ZAVODY\" title=\"V\u00ddROBN\u00c9 Z\u00c1VODY\">V\u00ddROBN\u00c9 Z\u00c1VODY<\/a><ul class='ez-toc-list-level-3' ><li class='ez-toc-heading-level-3'><ul class='ez-toc-list-level-3' ><li class='ez-toc-heading-level-3'><a class=\"ez-toc-link ez-toc-heading-32\" href=\"https:\/\/bp2.yoho.pl\/sk\/o-nas\/#LABORATORIUM_BP2\" title=\"LABORAT\u00d3RIUM BP2\">LABORAT\u00d3RIUM BP2<\/a><ul class='ez-toc-list-level-4' ><li class='ez-toc-heading-level-4'><a class=\"ez-toc-link ez-toc-heading-33\" href=\"https:\/\/bp2.yoho.pl\/sk\/o-nas\/#Zameriavame_sa_na_kvalitu_a_inovacie\" title=\"Zameriavame sa na kvalitu a inov\u00e1cie\">Zameriavame sa na kvalitu a inov\u00e1cie<\/a><\/li><li class='ez-toc-page-1 ez-toc-heading-level-4'><a class=\"ez-toc-link ez-toc-heading-34\" href=\"https:\/\/bp2.yoho.pl\/sk\/o-nas\/#LabGuarantee55\" title=\"LabGuarantee55\">LabGuarantee55<\/a><\/li><\/ul><\/li><\/ul><\/li><li class='ez-toc-page-1 ez-toc-heading-level-2'><a class=\"ez-toc-link ez-toc-heading-35\" href=\"https:\/\/bp2.yoho.pl\/sk\/o-nas\/#PRACA_V_BP2\" title=\"PR\u00c1CA V BP2\">PR\u00c1CA V BP2<\/a><\/li><li class='ez-toc-page-1 ez-toc-heading-level-2'><a class=\"ez-toc-link ez-toc-heading-36\" href=\"https:\/\/bp2.yoho.pl\/sk\/o-nas\/#AKADEMIA_MISTRZOW\" title=\"AKADEMIA MISTRZ\u00d3W\">AKADEMIA MISTRZ\u00d3W<\/a><\/li><li class='ez-toc-page-1 ez-toc-heading-level-2'><a class=\"ez-toc-link ez-toc-heading-37\" href=\"https:\/\/bp2.yoho.pl\/sk\/o-nas\/#MARKETINGOVE_AKTIVITY\" title=\"MARKETINGOV\u00c9 AKTIVITY\">MARKETINGOV\u00c9 AKTIVITY<\/a><\/li><li class='ez-toc-page-1 ez-toc-heading-level-2'><a class=\"ez-toc-link ez-toc-heading-38\" href=\"https:\/\/bp2.yoho.pl\/sk\/o-nas\/#Novinky\" title=\"Novinky\">Novinky<\/a><\/li><li class='ez-toc-page-1 ez-toc-heading-level-2'><a class=\"ez-toc-link ez-toc-heading-39\" href=\"https:\/\/bp2.yoho.pl\/sk\/o-nas\/#Zmena_sidla_BP2_sp_z_oo\" title=\"Zmena s\u00eddla BP2 sp. z o.o.\">Zmena s\u00eddla BP2 sp. z o.o.<\/a><\/li><li class='ez-toc-page-1 ez-toc-heading-level-2'><a class=\"ez-toc-link ez-toc-heading-40\" href=\"https:\/\/bp2.yoho.pl\/sk\/o-nas\/#CERTIFIKAT_ZELENEJ_ENERGIE_V_ROKU_2023\" title=\"CERTIFIK\u00c1T ZELENEJ ENERGIE V ROKU 2023\">CERTIFIK\u00c1T ZELENEJ ENERGIE V ROKU 2023<\/a><\/li><li class='ez-toc-page-1 ez-toc-heading-level-2'><a class=\"ez-toc-link ez-toc-heading-41\" href=\"https:\/\/bp2.yoho.pl\/sk\/o-nas\/#ZNIZENIE_UHLIKOVEJ_STOPY_POMOCOU_OCELE_XCARB%C2%AE\" title=\"ZN\u00cd\u017dENIE UHL\u00cdKOVEJ STOPY POMOCOU OCELE XCARB\u00ae\">ZN\u00cd\u017dENIE UHL\u00cdKOVEJ STOPY POMOCOU OCELE XCARB\u00ae<\/a><\/li><li class='ez-toc-page-1 ez-toc-heading-level-2'><a class=\"ez-toc-link ez-toc-heading-42\" href=\"https:\/\/bp2.yoho.pl\/sk\/o-nas\/#Prihlaste_sa_na_skolenie_v_Akademii_sampionov\" title=\"Prihl\u00e1ste sa na \u0161kolenie v Akad\u00e9mii \u0161ampi\u00f3nov\">Prihl\u00e1ste sa na \u0161kolenie v Akad\u00e9mii \u0161ampi\u00f3nov<\/a><\/li><li class='ez-toc-page-1 ez-toc-heading-level-2'><a class=\"ez-toc-link ez-toc-heading-43\" href=\"https:\/\/bp2.yoho.pl\/sk\/o-nas\/#Certifikacia_panelu_FIT_VOLT_spolocnostou_VDE_Testing_and_Certification\" title=\"Certifik\u00e1cia panelu FIT VOLT spolo\u010dnos\u0165ou VDE Testing and Certification\">Certifik\u00e1cia panelu FIT VOLT spolo\u010dnos\u0165ou VDE Testing and Certification<\/a><\/li><li class='ez-toc-page-1 ez-toc-heading-level-2'><a class=\"ez-toc-link ez-toc-heading-44\" href=\"https:\/\/bp2.yoho.pl\/sk\/o-nas\/#FOTOVOLTAICKA_STRECHA_INSTALOVANA_POKRYVACMI_%E2%80%93_SOLROOF\" title=\"FOTOVOLTAICK\u00c1 STRECHA IN\u0160TALOVAN\u00c1 POKR\u00ddVA\u010cMI \u2013 SOLROOF\">FOTOVOLTAICK\u00c1 STRECHA IN\u0160TALOVAN\u00c1 POKR\u00ddVA\u010cMI \u2013 SOLROOF<\/a><\/li><\/ul><\/li><\/ul><\/nav><\/div>\n\n\n\n\n<h2 class=\"wp-block-heading has-text-align-center is-style-h1 noMarginTop noMarginBottom\" style=\"font-size:3.5em\"><span class=\"ez-toc-section\" id=\"VITAJTE_VO_SVETE_BP2\"><\/span>VITAJTE VO SVETE BP2<span class=\"ez-toc-section-end\"><\/span><\/h2>\n\n\n\n<div style=\"height:100px\" aria-hidden=\"true\" class=\"wp-block-spacer is-style-small-spacer\"><\/div>\n<\/div><\/div>\n\n\n\n<div class=\"wp-block-group is-style-narrower-group\"><div class=\"wp-block-group__inner-container is-layout-flow wp-block-group-is-layout-flow\">\n<p class=\"has-text-align-center\" style=\"font-size:22px\"><strong>BP2<\/strong> je od roku 1995 uzn\u00e1van\u00fdm v\u00fdrobcom kompletn\u00fdch rie\u0161en\u00ed pre bytov\u00fa a priemyseln\u00fa v\u00fdstavbu. Na\u0161e slu\u017eby pon\u00fakame aj v r\u00e1mci Oce\u013eov\u00e9ho servisn\u00e9ho centra. Sme tvorcami zna\u010dky a v\u00fdrobkov <strong>SOLROOF<\/strong> \u2013 integrovan\u00e1 fotovoltaick\u00e1 strecha. BP2 m\u00e1 celkom p\u00e4\u0165 v\u00fdrobn\u00fdch z\u00e1vodov, na \u00fazem\u00ed Po\u013eska (Krakov, D\u0105browa G\u00f3rnicza), na Slovensku (Ko\u0161ice) a v Rumunsku (Cluj Napoca, Timi\u0219oara).<\/p>\n<\/div><\/div>\n\n\n\n<div class=\"wp-block-group\"><div class=\"wp-block-group__inner-container is-layout-constrained wp-block-group-is-layout-constrained\">\n<div style=\"height:100px\" aria-hidden=\"true\" class=\"wp-block-spacer is-style-small-spacer\"><\/div>\n\n\n\n<div class=\"brands-tiles\">\n        <div class=\"brands-tile\" style='background-image: url(\"https:\/\/bp2.yoho.pl\/wp-content\/uploads\/2022\/10\/bp2-nakladka.jpg\"); '>\n        <div class=\"brands-tile__inner\">\n            <img decoding=\"async\" src=\"https:\/\/bp2.yoho.pl\/wp-content\/uploads\/2022\/12\/bp2_white.svg\" class=\"brands-tile__logo\" alt=\"\">                    <\/div>\n        <a href=\"https:\/\/bp2.yoho.pl\/sk\/o-nas\/\" target=\"self\" class=\"button button--red\">ZISTI\u0164 VIAC<\/a>    <\/div>\n        <div class=\"brands-tile\" style='background-image: url(\"https:\/\/bp2.yoho.pl\/wp-content\/uploads\/2023\/01\/impro-nakladka.jpg\"); '>\n        <div class=\"brands-tile__inner\">\n            <img decoding=\"async\" src=\"https:\/\/bp2.yoho.pl\/wp-content\/uploads\/2022\/12\/impro_white.svg\" class=\"brands-tile__logo\" alt=\"\">                    <\/div>\n        <a href=\"https:\/\/www.impro.ro\/\" target=\"blank\" class=\"button button--red\">ZISTI\u0164 VIAC<\/a>    <\/div>\n        <div class=\"brands-tile\" style='background-image: url(\"https:\/\/bp2.yoho.pl\/wp-content\/uploads\/2023\/01\/nakladka-vss.png\"); '>\n        <div class=\"brands-tile__inner\">\n            <img decoding=\"async\" src=\"https:\/\/bp2.yoho.pl\/wp-content\/uploads\/2022\/12\/vss_white.svg\" class=\"brands-tile__logo\" alt=\"\">                    <\/div>\n        <a href=\"https:\/\/vss.sk\/ponuka\/ocelove-servisne-centrum\/\" target=\"blank\" class=\"button button--red\">ZISTI\u0164 VIAC<\/a>    <\/div>\n        <div class=\"brands-tile\" style='background-image: url(\"https:\/\/bp2.yoho.pl\/wp-content\/uploads\/2023\/01\/solroof-nakladka-bp2.jpg\"); '>\n        <div class=\"brands-tile__inner\">\n            <img decoding=\"async\" src=\"https:\/\/bp2.yoho.pl\/wp-content\/uploads\/2022\/12\/solroof-logo.svg\" class=\"brands-tile__logo\" alt=\"\">                    <\/div>\n        <a href=\"#\" target=\"blank\" class=\"button button--solroof\">PR\u00cdCHOD \u010cOSKORO<\/a>    <\/div>\n    <\/div><\/div><\/div>\n\n\n\n<div class=\"wp-block-group is-style-narrow-group has-white-background-color has-background\"><div class=\"wp-block-group__inner-container is-layout-flow wp-block-group-is-layout-flow\">\n<div style=\"height:100px\" aria-hidden=\"true\" class=\"wp-block-spacer is-style-small-spacer\"><\/div>\n\n\n\n<figure class=\"wp-block-embed is-type-video is-provider-youtube wp-block-embed-youtube wp-embed-aspect-16-9 wp-has-aspect-ratio\"><div class=\"wp-block-embed__wrapper\">\n<iframe title=\"BP2 - PRODUCT REALIZATIONS 2022\" width=\"640\" height=\"360\" src=\"https:\/\/www.youtube.com\/embed\/tgZ6lHE9VcQ?feature=oembed\" frameborder=\"0\" allow=\"accelerometer; autoplay; clipboard-write; encrypted-media; gyroscope; picture-in-picture; web-share\" referrerpolicy=\"strict-origin-when-cross-origin\" allowfullscreen><\/iframe>\n<\/div><\/figure>\n\n\n\n<div style=\"height:100px\" aria-hidden=\"true\" class=\"wp-block-spacer is-style-smaller-spacer\"><\/div>\n<\/div><\/div>\n\n\n\n<div class=\"wp-block-group\"><div class=\"wp-block-group__inner-container is-layout-flow wp-block-group-is-layout-flow\">\r\n<div class=\"section__data\" data-section=\"PRE\u010cO MY\"><\/div>\n\n<div class=\"wp-block-image\">\n<figure class=\"aligncenter size-full is-resized\" id=\"preco-my\"><img decoding=\"async\" src=\"https:\/\/bp2.yoho.pl\/wp-content\/uploads\/2022\/12\/bp2_about_dlaczego_my.svg\" alt=\"\" class=\"wp-image-34796\" style=\"width:96px;height:113px\" width=\"96\" height=\"113\"\/><\/figure><\/div>\n\n\n<h2 class=\"wp-block-heading has-text-align-center is-style-default has-red-color has-text-color\" style=\"font-size:2.5em\"><span class=\"ez-toc-section\" id=\"PRECO_MY\"><\/span>PRE\u010cO MY?<span class=\"ez-toc-section-end\"><\/span><\/h2>\n\n\n\n<h3 class=\"wp-block-heading has-text-align-center is-style-h3\" style=\"font-style:normal;font-weight:300\"><span class=\"ez-toc-section\" id=\"Verime_v_to_co_robime_a_sme_verni_nasim_hodnotam\"><\/span>Ver\u00edme v to, \u010do rob\u00edme a sme vern\u00ed na\u0161\u00edm hodnot\u00e1m.<span class=\"ez-toc-section-end\"><\/span><\/h3>\n<\/div><\/div>\n\n\n\n<div class=\"wp-block-group is-style-narrow-group\"><div class=\"wp-block-group__inner-container is-layout-flow wp-block-group-is-layout-flow\">\n<p class=\"has-text-align-center has-medium-font-size\">Charakterizuje n\u00e1s vz\u0165ah opieraj\u00faci sa na vz\u00e1jomnej \u00facte a d\u00f4vere ako aj presved\u010denie, \u017ee ka\u017ed\u00fd prvok ve\u013ek\u00e9ho zariadenia, mus\u00ed do seba ide\u00e1lne zapada\u0165. Na\u0161a firma stoji na \u0161tyroch \u2013 tvrd\u00fdch ako oce\u013e \u2013 pilieroch, ktor\u00e9 zaru\u010duj\u00fa stabilitu a umo\u017e\u0148uj\u00fa neust\u00e1ly rozvoj. Z\u00e1kladn\u00e9 predpoklady zaru\u010duj\u00fa nielen vysok\u00fa produktivitu a kvalitu, ale predov\u0161etk\u00fdm buduj\u00fa pocit solidarity, d\u00f4very a umo\u017e\u0148uj\u00fa sa s\u00fastredi\u0165 na realiz\u00e1cii spolo\u010dn\u00e9ho cie\u013ea.<\/p>\n<\/div><\/div>\n\n\n\n<div class=\"wp-block-group is-style-narrow-group\"><div class=\"wp-block-group__inner-container is-layout-flow wp-block-group-is-layout-flow\">\n<div style=\"height:100px\" aria-hidden=\"true\" class=\"wp-block-spacer is-style-small-spacer\"><\/div>\n\n\n\n<div class=\"wp-block-columns is-layout-flex wp-container-core-columns-is-layout-9d6595d7 wp-block-columns-is-layout-flex\">\n<div class=\"wp-block-column alignCenter is-layout-flow wp-block-column-is-layout-flow\"><div class=\"wp-block-image\">\n<figure class=\"aligncenter size-large is-resized\"><img decoding=\"async\" src=\"https:\/\/bp2.yoho.pl\/wp-content\/uploads\/2022\/12\/o_nas_ludzie-icon.svg\" alt=\"\" class=\"wp-image-49426\" style=\"width:107px;height:113px\" width=\"107\" height=\"113\"\/><\/figure><\/div>\n\n\n<p class=\"has-text-align-center has-medium-font-size\"><strong>\u013dUDIA<\/strong><\/p>\n\n\n\n<p class=\"has-text-align-center\">Firmu a pozit\u00edvnu atmosf\u00e9ru tvoria \u013eudia. Chceme, aby sa ka\u017ed\u00e1 osoba, ktor\u00e1 je s\u00fa\u010das\u0165ou t\u00edmu <strong>BP2<\/strong>, c\u00edtila komfortne a mala najlep\u0161ie podmienky na v\u00fdkon svojej pr\u00e1ce. Za t\u00fdmto \u00fa\u010delom neust\u00e1le zdokona\u013eujeme proces riadenia, db\u00e1me na transparentnos\u0165 pri rozhodovan\u00ed a preh\u013eadn\u00fd prietok inform\u00e1ci\u00ed. Ako svorka fungujeme t\u00edmovo a spolo\u010dne pracujeme na dosahovan\u00ed \u00faspechu.<\/p>\n<\/div>\n\n\n\n<div class=\"wp-block-column alignCenter is-layout-flow wp-block-column-is-layout-flow\"><div class=\"wp-block-image\">\n<figure class=\"aligncenter size-large is-resized\"><img decoding=\"async\" src=\"https:\/\/bp2.yoho.pl\/wp-content\/uploads\/2022\/12\/o_nas_relacje-icon.svg\" alt=\"\" class=\"wp-image-49447\" style=\"width:119px;height:113px\" width=\"119\" height=\"113\"\/><\/figure><\/div>\n\n\n<p class=\"has-text-align-center has-medium-font-size\"><strong>VZ\u0164AHY<\/strong><\/p>\n\n\n\n<p class=\"has-text-align-center\">V <strong>BP2<\/strong> u\u017e mnoho rokov budujeme profesion\u00e1lne vz\u0165ahy s na\u0161imi z\u00e1kazn\u00edkmi, dod\u00e1vate\u013emi a spolupracovn\u00edkmi. Sme nastaven\u00ed na transparentn\u00fa komunik\u00e1ciu a otvoren\u00ed dial\u00f3gu. Star\u00e1me sa o na\u0161ich odberate\u013eov, pri\u010dom im pon\u00fakame modern\u00e9 n\u00e1stroje spolupr\u00e1ce a podporu v r\u00e1mci marketingov\u00fdch programov. Vieme, \u017ee trh sa neust\u00e1le men\u00ed, preto sa flexibilne prisp\u00f4sobujeme potreb\u00e1m z\u00e1kazn\u00edkov.<\/p>\n<\/div>\n\n\n\n<div class=\"wp-block-column alignCenter is-layout-flow wp-block-column-is-layout-flow\"><div class=\"wp-block-image\">\n<figure class=\"aligncenter size-large is-resized\"><img loading=\"lazy\" decoding=\"async\" src=\"https:\/\/bp2.yoho.pl\/wp-content\/uploads\/2022\/12\/o_nas_technologia-icon.svg\" alt=\"\" class=\"wp-image-49440\" style=\"width:139px;height:113px\" width=\"139\" height=\"113\"\/><\/figure><\/div>\n\n\n<p class=\"has-text-align-center has-medium-font-size\"><strong><strong><strong><strong><strong><strong>TECHNOL\u00d3GIA<\/strong><\/strong><\/strong><\/strong><\/strong><\/strong><\/p>\n\n\n\n<p class=\"has-text-align-center\">Zameriavame sa na inovat\u00edvne rie\u0161enia a modern\u00e9 technol\u00f3gie, v\u010faka ktor\u00fdm m\u00f4\u017eeme neust\u00e1le optimalizova\u0165 v\u00fdrobu, roz\u0161irova\u0165 ponuku, zvy\u0161ova\u0165 kvalitu na\u0161ich v\u00fdrobkov a slu\u017eieb, pri\u010dom zachov\u00e1vame z\u00e1sady vyv\u00e1\u017een\u00e9ho rozvoja a bezpe\u010dnosti zamestnancov.<\/p>\n<\/div>\n\n\n\n<div class=\"wp-block-column alignCenter is-layout-flow wp-block-column-is-layout-flow\"><div class=\"wp-block-image\">\n<figure class=\"aligncenter size-large is-resized\"><img loading=\"lazy\" decoding=\"async\" src=\"https:\/\/bp2.yoho.pl\/wp-content\/uploads\/2022\/12\/o_nas_jakosc-icon.svg\" alt=\"\" class=\"wp-image-49433\" style=\"width:152px;height:113px\" width=\"152\" height=\"113\"\/><\/figure><\/div>\n\n\n<p class=\"has-text-align-center has-medium-font-size\"><strong><strong><strong><strong><strong><strong><strong>KVALITA<\/strong><\/strong><\/strong><\/strong><\/strong><\/strong><\/strong><\/p>\n\n\n\n<p class=\"has-text-align-center\">Kvalita je na\u0161ou prioritou. V\u0161etky na\u0161e v\u00fdrobn\u00e9 podniky <strong>BP2<\/strong> maj\u00fa zaveden\u00fa \u00fapln\u00fa kontrolu procesov a produktov, vzh\u013eadom na zabezpe\u010denie najvy\u0161\u0161ej kvality, preto vn\u00fatropodnikov\u00e9 prokvalitn\u00e9 aktivity na\u0161ej firmy s\u00fa st\u00e1le pod doh\u013eadom nemeckej jednotky DVS ZERT GmbH so s\u00eddlom v Dusseldorfe. D\u00f4kazom na\u0161ej st\u00e1lej starostlivosti o kvalitu produktov je ka\u017ed\u00fd rok vyd\u00e1van\u00fd a obnovovan\u00fd certifik\u00e1t, ktor\u00fd potvrdzuje perfektn\u00e9 p\u00f4sobenie v\u00fdrobnej kontroly podniku.<\/p>\n<\/div>\n<\/div>\n<\/div><\/div>\n\n\n\n<div class=\"wp-block-group\"><div class=\"wp-block-group__inner-container is-layout-flow wp-block-group-is-layout-flow\"><\/div><\/div>\n\n\n\n<div class=\"wp-block-group\"><div class=\"wp-block-group__inner-container is-layout-flow wp-block-group-is-layout-flow\">\n<div style=\"height:100px\" aria-hidden=\"true\" class=\"wp-block-spacer is-style-small-spacer\"><\/div>\n\n\n\n<div class=\"wp-block-columns is-style-mobile-reverse is-style-grid fade-in is-layout-flex wp-container-core-columns-is-layout-9d6595d7 wp-block-columns-is-layout-flex\">\n<div class=\"wp-block-column is-layout-flow wp-block-column-is-layout-flow\">\n<div class=\"wp-block-cover is-light is-style-full-width\"><span aria-hidden=\"true\" class=\"wp-block-cover__background has-gray-background-color has-background-dim-100 has-background-dim\"><\/span><div class=\"wp-block-cover__inner-container is-layout-flow wp-block-cover-is-layout-flow\">\n<h3 class=\"wp-block-heading is-style-h3\"><span class=\"ez-toc-section\" id=\"KOMPLETNA_FIRMA\"><\/span>KOMPLETN\u00c1 FIRMA<span class=\"ez-toc-section-end\"><\/span><\/h3>\n\n\n\n<h4 class=\"wp-block-heading is-style-h3\" style=\"font-style:normal;font-weight:300\"><span class=\"ez-toc-section\" id=\"Bytova_vystavba\"><\/span><strong>Bytov\u00e1 v\u00fdstavba<\/strong><span class=\"ez-toc-section-end\"><\/span><\/h4>\n\n\n\n<p>BP2 vyr\u00e1ba modul\u00e1rne a kompaktn\u00e9 plechov\u00e9 stre\u0161n\u00e9 krytiny a zodpovedaj\u00face produkty vo forme dosiek na mieru. Pochv\u00e1li\u0165 sa m\u00f4\u017eeme aj tromi inovat\u00edvnymi modelmi stre\u0161n\u00fdch panelov, ako aj \u0161irokou ponukou trap\u00e9zov\u00fdch a vlnit\u00fdch plechov. N\u00e1\u0161 sortiment dopl\u0148uj\u00fa odkvapov\u00e9 syst\u00e9my, \u0161peci\u00e1lne \u00fapravy a stre\u0161n\u00e9 doplnky.<\/p>\n\n\n\n<h4 class=\"wp-block-heading is-style-h3\" style=\"font-style:normal;font-weight:300\"><span class=\"ez-toc-section\" id=\"Priemyselna_vystavba\"><\/span><strong>Priemyseln\u00e1 v\u00fdstavba<\/strong><span class=\"ez-toc-section-end\"><\/span><\/h4>\n\n\n\n<p>Na\u0161a ponuka zah\u0155\u0148a \u0161irok\u00fa \u0161k\u00e1lu produktov ur\u010den\u00fdch na realiz\u00e1ciu investi\u010dn\u00fdch \u00faloh, t.j. v\u00fdrobn\u00fdch h\u00e1l, pr\u00edstavieb alebo obchodn\u00fdch a \u0161portov\u00fdch objektov. Pon\u00fakame komplexn\u00e9 rie\u0161enia pre priemyseln\u00fa v\u00fdstavbu, ako s\u00fa kon\u0161truk\u010dn\u00e9 trap\u00e9zov\u00e9 plechy a vlnit\u00e9 plechy SINUS, obklady stien a fas\u00e1dne kazety. N\u00e1\u0161 sortiment zah\u0155\u0148a aj sendvi\u010dov\u00e9 panely s v\u00fdpl\u0148ou PIR, PUR a WOOL. V\u00fdrobky ur\u010den\u00e9 na priemyseln\u00fa v\u00fdstavbu s\u00fa na po\u017eiadanie k dispoz\u00edcii aj v perforovanom vyhotoven\u00ed. Dostupn\u00e9 rie\u0161enia maj\u00fa vysok\u00e9 \u00fa\u017eitkov\u00e9 vlastnosti, ktor\u00e9 umo\u017e\u0148uj\u00fa ich pou\u017eitie aj v t\u00fdch najn\u00e1ro\u010dnej\u0161\u00edch priemyseln\u00fdch aplik\u00e1ci\u00e1ch.<\/p>\n\n\n\n<h4 class=\"wp-block-heading is-style-h3\" style=\"font-style:normal;font-weight:300\"><span class=\"ez-toc-section\" id=\"Ocelove_servisne_centrum\"><\/span><strong>Oce\u013eov\u00e9 servisn\u00e9 centrum<\/strong><span class=\"ez-toc-section-end\"><\/span><\/h4>\n\n\n\n<p>Vzniklo pre z\u00e1kazn\u00edkov, ktor\u00ed h\u013eadaj\u00fa materi\u00e1ly s presn\u00fdmi vlastnos\u0165ami a stup\u0148ami ich spracovania. Zais\u0165ujeme st\u00e1lu dostupnos\u0165 a \u0161irok\u00fd v\u00fdber akost\u00ed, hr\u00fabok a povrchov\u00fdch \u00faprav ocele odpor\u00fa\u010dan\u00e9 spolo\u010dnos\u0165ou BP2. Realizujeme individu\u00e1lne objedn\u00e1vky s \u013eubovo\u013en\u00fdmi parametrami. \u00daprava plechov zah\u0155\u0148a nav\u00edjanie, pozd\u013a\u017ene a prie\u010dne rezanie, ako aj zaistenie ochrann\u00fdmi f\u00f3liami. Poskytujeme mo\u017enos\u0165 reza\u0165 plechy na form\u00e1ty a na rozmery po\u017eadovan\u00e9 z\u00e1kazn\u00edkom. Pon\u00fakame perfor\u00e1cie plechov a metalickou povrchovou a organickou \u00fapravou. Prij\u00edmame aj objedn\u00e1vky s vyu\u017eit\u00edm poskytnut\u00e9ho materi\u00e1lu, pri\u010dom zabezpe\u010dujeme optim\u00e1lne vyu\u017eitie, v\u010faka vysokej kvalite v\u00fdrobn\u00fdch procesov.<\/p>\n\n\n\n<a href=\"https:\/\/bp2.yoho.pl\/sk\/ponuka\/obytna-vystavba\/\"  class=\"button button--black \">POZRIE\u0164 PONUKU<\/a><\/div><\/div>\n<\/div>\n\n\n\n<div class=\"wp-block-column is-layout-flow wp-block-column-is-layout-flow\">\n<div class=\"wp-block-cover is-light is-style-full-height\"><span aria-hidden=\"true\" class=\"wp-block-cover__background has-background-dim-0 has-background-dim\"><\/span><img decoding=\"async\" class=\"wp-block-cover__image-background wp-image-10437\" alt=\"\" src=\"https:\/\/bp2.yoho.pl\/wp-content\/uploads\/2022\/05\/DSC_8795.jpg\" style=\"object-position:42% 54%\" data-object-fit=\"cover\" data-object-position=\"42% 54%\"\/><div class=\"wp-block-cover__inner-container is-layout-flow wp-block-cover-is-layout-flow\">\n<p class=\"has-text-align-center\"><\/p>\n<\/div><\/div>\n<\/div>\n<\/div>\n\n\n\n<div class=\"wp-block-columns is-style-grid fade-in is-layout-flex wp-container-core-columns-is-layout-9d6595d7 wp-block-columns-is-layout-flex\">\n<div class=\"wp-block-column is-layout-flow wp-block-column-is-layout-flow\">\n<div class=\"wp-block-cover is-style-full-height\"><span aria-hidden=\"true\" class=\"wp-block-cover__background has-background-dim-0 has-background-dim\"><\/span><img loading=\"lazy\" decoding=\"async\" width=\"805\" height=\"561\" class=\"wp-block-cover__image-background wp-image-2096\" alt=\"\" src=\"https:\/\/bp2.yoho.pl\/wp-content\/uploads\/2022\/03\/130.png\" data-object-fit=\"cover\" srcset=\"https:\/\/bp2.yoho.pl\/wp-content\/uploads\/2022\/03\/130.png 805w, https:\/\/bp2.yoho.pl\/wp-content\/uploads\/2022\/03\/130-768x535.png 768w\" sizes=\"(max-width: 805px) 100vw, 805px\" \/><div class=\"wp-block-cover__inner-container is-layout-flow wp-block-cover-is-layout-flow\">\n<p class=\"has-text-align-center\"><\/p>\n<\/div><\/div>\n<\/div>\n\n\n\n<div class=\"wp-block-column is-layout-flow wp-block-column-is-layout-flow\">\n<div class=\"wp-block-cover is-light is-style-full-width\"><span aria-hidden=\"true\" class=\"wp-block-cover__background has-white-background-color has-background-dim-100 has-background-dim\"><\/span><div class=\"wp-block-cover__inner-container is-layout-flow wp-block-cover-is-layout-flow\">\n<h3 class=\"wp-block-heading is-style-h3\"><span class=\"ez-toc-section\" id=\"FIRMA_HODNA_DOVERY\"><\/span>FIRMA HODN\u00c1 D\u00d4VERY<span class=\"ez-toc-section-end\"><\/span><\/h3>\n\n\n\n<h4 class=\"wp-block-heading is-style-h3\" style=\"font-style:normal;font-weight:300\"><span class=\"ez-toc-section\" id=\"Profesionalizmus_a_zaruka_kvality\"><\/span><strong>Profesionalizmus a z\u00e1ruka kvality<\/strong><span class=\"ez-toc-section-end\"><\/span><\/h4>\n\n\n\n<p><strong>Firma BP2<\/strong> kladie ve\u013ek\u00fd d\u00f4raz na kvalitu vyu\u017e\u00edvanej ocele a poskytuje z\u00e1ruku dokonca do 55 rokov, potvrden\u00fa \u0161peci\u00e1lnymi testami. Disponujeme vlastn\u00fdmi laborat\u00f3riami, v ktor\u00fdch je oce\u013e podrobne testovan\u00e1 v zlo\u017eit\u00fdch poveternostn\u00fdch podmienkach. V\u00fdsledky testov dokazuj\u00fa, \u017ee nami pon\u00fakan\u00e9 produkty s\u00fa odoln\u00e9 na mnohoro\u010dn\u00e9 p\u00f4sobenie faktorov prostredia, preto zaru\u010dujeme ich nemeniacu sa eleganciu a spo\u013eahlivos\u0165 na gener\u00e1cie.<\/p>\n\n\n\n<p>BP2 pon\u00faka profesion\u00e1lnu podporu svojim distrib\u00fatorom a zhotovite\u013eom v\u010faka bohat\u00fdm poznatkom technick\u00e9ho poradenstva, ktor\u00fdm je mnohoro\u010dn\u00fd praktik, Majster pokr\u00fdva\u010dov \u2013 Waldemar Piela. T\u00fdmto sp\u00f4sobom, na\u0161i z\u00e1kazn\u00edci vyu\u017e\u00edvaj\u00fa slu\u017eby pre\u0161kolen\u00fdch odborn\u00edkov, najlep\u0161\u00edch vo svojej oblasti.<\/p>\n\n\n\n<p>Sp\u00f4sobom na upevnenie poznatkov, zameran\u00fdch na nov\u00e9 produkty a v nich pou\u017eit\u00e9 inovat\u00edvne technol\u00f3gie je Akad\u00e9mia majstrov, \u010di\u017ee cyklus autorsk\u00fdch \u0161kolen\u00ed venovan\u00fdch zhotovite\u013eom. Po\u010das stretnut\u00ed \u00fa\u010dastn\u00edci m\u00f4\u017eu spozna\u0165 podrobn\u00fd v\u00fdrobn\u00fd proces a \u0161irok\u00fa ponuku produktov, a v praktickej \u010dasti z\u00edska\u0165 alebo preh\u013abi\u0165 z\u00edskan\u00e9 sk\u00fasenosti.<\/p>\n\n\n\n<p><br><\/p>\n<\/div><\/div>\n<\/div>\n<\/div>\n\n\n\r\n<div class=\"section__data\" data-section=\"Ambas\u00e1dor\"><\/div>\n\n\n<div class=\"wp-block-columns is-style-mobile-reverse is-style-grid fade-in is-layout-flex wp-container-core-columns-is-layout-9d6595d7 wp-block-columns-is-layout-flex\">\n<div class=\"wp-block-column is-layout-flow wp-block-column-is-layout-flow\">\n<div class=\"wp-block-cover is-light is-style-full-width\"><span aria-hidden=\"true\" class=\"wp-block-cover__background has-gray-background-color has-background-dim-100 has-background-dim\"><\/span><div class=\"wp-block-cover__inner-container is-layout-flow wp-block-cover-is-layout-flow\">\n<h3 class=\"wp-block-heading is-style-h3\" id=\"ambasador\"><span class=\"ez-toc-section\" id=\"ADAM_MALYSZ\"><\/span>ADAM MA\u0141YSZ<span class=\"ez-toc-section-end\"><\/span><\/h3>\n\n\n\n<p>Najlep\u0161\u00ed skokan medzi pokr\u00fdva\u010dmi, najlep\u0161\u00ed pokr\u00fdva\u010d medzi skokanmi \u2013 Ambas\u00e1dor zna\u010dky BP2 od roku 2017 do roku 2022.<\/p>\n\n\n\n<p>Adam Ma\u0142ysz je nepochybne legendou po\u013esk\u00e9ho \u0161portu; je to \u010dlovek, ktor\u00e9mu ly\u017eiarske skoky v\u010fa\u010dia za svoju obrovsk\u00fa popularitu v Po\u013esku a vo svete. V roku 2017 sa Adam Ma\u0142ysz stal ambas\u00e1dorom zna\u010dky BP2.<\/p>\n\n\n\n<p>\u0160portov\u00e1 trieda Adama Ma\u0142ysza nevzbudzuje \u017eiadne pochybnosti. Viacer\u00e9 \u00faspechy v kateg\u00f3rii ly\u017eiarskych skokov ho \u010dinia \u0161portovcom v\u0161etk\u00fdch \u010dias. \u0160tvorn\u00e1sobn\u00fd olympijsk\u00fd v\u00ed\u0165az, v\u00ed\u0165az \u0161tyroch olympijsk\u00fdch medail\u00ed a \u0161iestich medail\u00ed na majstrovstv\u00e1ch sveta, \u0161tvorn\u00e1sobn\u00fd v\u00ed\u0165az Svetov\u00e9ho poh\u00e1ra, v\u00ed\u0165az 39 s\u00fa\u0165a\u017e\u00ed SP, triumf\u00e1tor 49. turn\u00e9 \u0161tyroch most\u00edkov, v\u00ed\u0165az troch ro\u010dn\u00edkov Nordic Opening a letn\u00e9ho Grand Prix, v\u00ed\u0165az \u0161tyroch n\u00e1rodov 2010 a dvojn\u00e1sobn\u00fd v\u00ed\u0165az poh\u00e1ra KOP, ako aj v\u00ed\u0165az 39. individu\u00e1lnych zlat\u00fdch medail\u00ed na majstrovstv\u00e1ch Po\u013eska.<\/p>\n\n\n\n<p>Mnoh\u00ed v\u0161ak nevedia, \u017ee Adam Ma\u0142ysz je povolan\u00edm pokr\u00fdva\u010d. T\u00e1to profesia mala by\u0165 jeho alternat\u00edvnym pl\u00e1nom pre budovanie jeho \u0161portovej kari\u00e9ry. Dnes ly\u017eiarsky skokan s nostalgiou spom\u00edna na obdobie, kedy pracoval na strech\u00e1ch a zd\u00f4raz\u0148uje obrovsk\u00fd technologick\u00fd postup v tejto oblasti, ak\u00fd sa dosiahol za posledn\u00fa dek\u00e1du.&nbsp;<\/p>\n\n\n\n<p>N\u00e1\u0161 ambas\u00e1dor sa akt\u00edvne z\u00fa\u010dast\u0148oval na aktivit\u00e1ch firmy v rokoch 2017-2022. Z\u00e1kazn\u00edci BP2 mali mo\u017enos\u0165 stretn\u00fa\u0165 sa s najlep\u0161\u00edm skokanom medzi pokr\u00fdva\u010dmi po\u010das akcie organizovanej v r\u00e1mci Akad\u00e9mie Majstrov BP2 a na r\u00f4znych firemn\u00fdch akci\u00e1ch.&nbsp;<\/p>\n\n\n\n<p>V roku 2022 sa Adam Ma\u0142ysz stal predsedom Po\u013esk\u00e9ho ly\u017eiarskeho zv\u00e4zu, pri\u010dom si na plecia zobral \u010fal\u0161ie povinnosti, ktor\u00e9 si vy\u017eaduj\u00fa jeho pln\u00e9 nasadenie. Vzh\u013eadom na hodnotu vyv\u00e1\u017een\u00e9ho rozvoja a potrebn\u00fa rovnov\u00e1hu medzi pr\u00e1cou a s\u00fakromn\u00fdm \u017eivotom, sme sa spolo\u010dne dohodli na skon\u010den\u00ed partnerskej zmluvy.&nbsp;<\/p>\n\n\n\n<p>Budeme pr\u00edjemne spom\u00edna\u0165 na to dlh\u00e9 a plodn\u00e9 obdobe, pri\u010dom Adamovi \u017eel\u00e1me mnoho \u010fal\u0161\u00edch pracovn\u00fdch \u00faspechov.<\/p>\n\n\n\n<div class=\"wp-block-group\"><div class=\"wp-block-group__inner-container is-layout-flow wp-block-group-is-layout-flow\">\n<a href=\"https:\/\/www.youtube.com\/watch?v=D_ijt3CxV6k\"  class=\"button button--black \">SPOZNAJTE PR\u00cdBEH ADAMA MA\u0141YSZA<\/a><\/div><\/div>\n<\/div><\/div>\n<\/div>\n\n\n\n<div class=\"wp-block-column is-layout-flow wp-block-column-is-layout-flow\">\n<div class=\"wp-block-cover is-style-full-height\"><span aria-hidden=\"true\" class=\"wp-block-cover__background has-background-dim-0 has-background-dim\"><\/span><img loading=\"lazy\" decoding=\"async\" width=\"1000\" height=\"909\" class=\"wp-block-cover__image-background wp-image-10432\" alt=\"\" src=\"https:\/\/bp2.yoho.pl\/wp-content\/uploads\/2022\/05\/adam.png\" style=\"object-position:50% 30%\" data-object-fit=\"cover\" data-object-position=\"50% 30%\" srcset=\"https:\/\/bp2.yoho.pl\/wp-content\/uploads\/2022\/05\/adam.png 1000w, https:\/\/bp2.yoho.pl\/wp-content\/uploads\/2022\/05\/adam-820x745.png 820w, https:\/\/bp2.yoho.pl\/wp-content\/uploads\/2022\/05\/adam-768x698.png 768w\" sizes=\"(max-width: 1000px) 100vw, 1000px\" \/><div class=\"wp-block-cover__inner-container is-layout-flow wp-block-cover-is-layout-flow\">\n<p class=\"has-text-align-center has-large-font-size\"><\/p>\n<\/div><\/div>\n<\/div>\n<\/div>\n\n\n\n<div style=\"height:100px\" aria-hidden=\"true\" id=\"historia\" class=\"wp-block-spacer is-style-small-spacer\"><\/div>\n\n\n\r\n<div class=\"section__data\" data-section=\"HIST\u00d3RIA FIRMY\"><\/div>\n\n\n<h2 class=\"wp-block-heading has-text-align-center\"><span class=\"ez-toc-section\" id=\"HISTORIA_FIRMY\"><\/span><strong>HIST\u00d3RIA FIRMY<\/strong><span class=\"ez-toc-section-end\"><\/span><\/h2>\n\n\n\n<div class=\"timeline__wrapper\">\n    <div class=\"timeline__slider sliderGroup\" data-timeline-slider>\n                            <div class=\"timeline__slide sliderGroup__elem\">\n                <div class=\"timeline__slideInner \" data-index=\"0\">\n                    <p class=\"timeline__label\">1995<\/p>\n                <\/div>\n            <\/div>\n                                <div class=\"timeline__slide sliderGroup__elem\">\n                <div class=\"timeline__slideInner \" data-index=\"1\">\n                    <p class=\"timeline__label\">1999<\/p>\n                <\/div>\n            <\/div>\n                                <div class=\"timeline__slide sliderGroup__elem\">\n                <div class=\"timeline__slideInner \" data-index=\"2\">\n                    <p class=\"timeline__label\">2007<\/p>\n                <\/div>\n            <\/div>\n                                <div class=\"timeline__slide sliderGroup__elem\">\n                <div class=\"timeline__slideInner \" data-index=\"3\">\n                    <p class=\"timeline__label\">2009<\/p>\n                <\/div>\n            <\/div>\n                                <div class=\"timeline__slide sliderGroup__elem\">\n                <div class=\"timeline__slideInner \" data-index=\"4\">\n                    <p class=\"timeline__label\">2009<\/p>\n                <\/div>\n            <\/div>\n                                <div class=\"timeline__slide sliderGroup__elem\">\n                <div class=\"timeline__slideInner \" data-index=\"5\">\n                    <p class=\"timeline__label\">2011<\/p>\n                <\/div>\n            <\/div>\n                                <div class=\"timeline__slide sliderGroup__elem\">\n                <div class=\"timeline__slideInner \" data-index=\"6\">\n                    <p class=\"timeline__label\">2015<\/p>\n                <\/div>\n            <\/div>\n                                <div class=\"timeline__slide sliderGroup__elem\">\n                <div class=\"timeline__slideInner \" data-index=\"7\">\n                    <p class=\"timeline__label\">2016<\/p>\n                <\/div>\n            <\/div>\n                                <div class=\"timeline__slide sliderGroup__elem\">\n                <div class=\"timeline__slideInner \" data-index=\"8\">\n                    <p class=\"timeline__label\">2017<\/p>\n                <\/div>\n            <\/div>\n                                <div class=\"timeline__slide sliderGroup__elem\">\n                <div class=\"timeline__slideInner \" data-index=\"9\">\n                    <p class=\"timeline__label\">2018<\/p>\n                <\/div>\n            <\/div>\n                                <div class=\"timeline__slide sliderGroup__elem\">\n                <div class=\"timeline__slideInner \" data-index=\"10\">\n                    <p class=\"timeline__label\">2018<\/p>\n                <\/div>\n            <\/div>\n                                <div class=\"timeline__slide sliderGroup__elem\">\n                <div class=\"timeline__slideInner \" data-index=\"11\">\n                    <p class=\"timeline__label\">2019<\/p>\n                <\/div>\n            <\/div>\n                                <div class=\"timeline__slide sliderGroup__elem\">\n                <div class=\"timeline__slideInner \" data-index=\"12\">\n                    <p class=\"timeline__label\">2020<\/p>\n                <\/div>\n            <\/div>\n                                <div class=\"timeline__slide sliderGroup__elem\">\n                <div class=\"timeline__slideInner \" data-index=\"13\">\n                    <p class=\"timeline__label\">2020<\/p>\n                <\/div>\n            <\/div>\n                                <div class=\"timeline__slide sliderGroup__elem\">\n                <div class=\"timeline__slideInner \" data-index=\"14\">\n                    <p class=\"timeline__label\">2021<\/p>\n                <\/div>\n            <\/div>\n                                <div class=\"timeline__slide sliderGroup__elem\">\n                <div class=\"timeline__slideInner \" data-index=\"15\">\n                    <p class=\"timeline__label\">2022 <\/p>\n                <\/div>\n            <\/div>\n                                <div class=\"timeline__slide sliderGroup__elem\">\n                <div class=\"timeline__slideInner \" data-index=\"16\">\n                    <p class=\"timeline__label\">2022<\/p>\n                <\/div>\n            <\/div>\n                                <div class=\"timeline__slide sliderGroup__elem\">\n                <div class=\"timeline__slideInner active\" data-index=\"17\">\n                    <p class=\"timeline__label\">2023<\/p>\n                <\/div>\n            <\/div>\n                        <\/div>\n    <div class=\"timeline__contentWrapper\" data-timeline-contentWrapper data-aos=\"fade-in\">\n                            <div class=\"wp-block-columns is-style-grid fade-in is-style-desktop-reverse is-style-no-margin \" data-index=\"0\">\n\n                <div class=\"wp-block-column\" style=\"margin-left: 0;\">\n                    <div class=\"wp-block-cover has-dark-gray-background-color has-background-dim is-style-full-height\">\n                        <div class=\"wp-block-cover__inner-container\">\n                            <h3 class=\"h3 uppercase feature__title\"><span class=\"ez-toc-section\" id=\"ZACINAME\"><\/span>ZA\u010c\u00cdNAME!<span class=\"ez-toc-section-end\"><\/span><\/h3>                                                        <div class=\"full-width\"><p>P\u00f4vodne sa zameral na po\u013esk\u00fd trh. Na\u0161a firma s\u00eddli v Krakove a pr\u00e1ve tu sa po\u010das prv\u00fdch rokov fungovania nach\u00e1dza srdce v\u00fdroby.<\/p>\n<\/div>\n\n                        <\/div>\n                    <\/div>\n                <\/div>\n\n                <div class=\"wp-block-column\">\n                    <div class=\"wp-block-cover is-style-full-height\">\n                        <img decoding=\"async\" loading=\"lazy\" class=\"wp-block-cover__image-background wp-image-461\" alt=\"ZA\u010c\u00cdNAME!\" src=\"https:\/\/bp2.yoho.pl\/wp-content\/uploads\/2022\/09\/OTWARCIE-BP2-scaled.jpg\" data-object-fit=\"cover\">\n                    <\/div>\n                <\/div>\n\n            <\/div>\n                                <div class=\"wp-block-columns is-style-grid fade-in is-style-desktop-reverse is-style-no-margin \" data-index=\"1\">\n\n                <div class=\"wp-block-column\" style=\"margin-left: 0;\">\n                    <div class=\"wp-block-cover has-dark-gray-background-color has-background-dim is-style-full-height\">\n                        <div class=\"wp-block-cover__inner-container\">\n                            <h3 class=\"h3 uppercase feature__title\"><span class=\"ez-toc-section\" id=\"PRVA_LINKA\"><\/span>PRV\u00c1 LINKA<span class=\"ez-toc-section-end\"><\/span><\/h3>                                                        <div class=\"full-width\"><p>Sp\u00fa\u0161\u0165ame prv\u00fa v\u00fdrobn\u00fa linku na stre\u0161n\u00e9 krytiny a za\u010d\u00edname s v\u00fdrobou vlastn\u00fdch produktov.<\/p>\n<\/div>\n\n                        <\/div>\n                    <\/div>\n                <\/div>\n\n                <div class=\"wp-block-column\">\n                    <div class=\"wp-block-cover is-style-full-height\">\n                        <img decoding=\"async\" loading=\"lazy\" class=\"wp-block-cover__image-background wp-image-461\" alt=\"PRV\u00c1 LINKA\" src=\"https:\/\/bp2.yoho.pl\/wp-content\/uploads\/2022\/09\/OTWARCIE-BP2_2-scaled.jpg\" data-object-fit=\"cover\">\n                    <\/div>\n                <\/div>\n\n            <\/div>\n                                <div class=\"wp-block-columns is-style-grid fade-in is-style-desktop-reverse is-style-no-margin \" data-index=\"2\">\n\n                <div class=\"wp-block-column\" style=\"margin-left: 0;\">\n                    <div class=\"wp-block-cover has-dark-gray-background-color has-background-dim is-style-full-height\">\n                        <div class=\"wp-block-cover__inner-container\">\n                            <h3 class=\"h3 uppercase feature__title\"><span class=\"ez-toc-section\" id=\"LOGISTICKE_CENTRUM\"><\/span>LOGISTICK\u00c9 CENTRUM<span class=\"ez-toc-section-end\"><\/span><\/h3>                                                        <div class=\"full-width\"><p>Otv\u00e1rame modern\u00e9 logisticko-v\u00fdrobn\u00e9 centrum v Krakove \u010do n\u00e1m d\u00e1va mo\u017enos\u0165 spestri\u0165 na\u0161u produktov\u00fa ponuku a zavies\u0165 na trh \u010fal\u0161ie konkuren\u010dn\u00e9 rie\u0161enia.<\/p>\n<\/div>\n\n                        <\/div>\n                    <\/div>\n                <\/div>\n\n                <div class=\"wp-block-column\">\n                    <div class=\"wp-block-cover is-style-full-height\">\n                        <img decoding=\"async\" loading=\"lazy\" class=\"wp-block-cover__image-background wp-image-461\" alt=\"LOGISTICK\u00c9 CENTRUM\" src=\"https:\/\/bp2.yoho.pl\/wp-content\/uploads\/2022\/09\/OTWARCIE-ALWENIA-BP2.jpeg\" data-object-fit=\"cover\">\n                    <\/div>\n                <\/div>\n\n            <\/div>\n                                <div class=\"wp-block-columns is-style-grid fade-in is-style-desktop-reverse is-style-no-margin \" data-index=\"3\">\n\n                <div class=\"wp-block-column\" style=\"margin-left: 0;\">\n                    <div class=\"wp-block-cover has-dark-gray-background-color has-background-dim is-style-full-height\">\n                        <div class=\"wp-block-cover__inner-container\">\n                            <h3 class=\"h3 uppercase feature__title\"><span class=\"ez-toc-section\" id=\"IMPRO\"><\/span>IMPRO<span class=\"ez-toc-section-end\"><\/span><\/h3>                                                        <div class=\"full-width\"><p>Spolu s nov\u00fdmi smermi v\u00fdvoja firmy sa zrodila zna\u010dka IMPRO<br \/>\nktor\u00e1 vcelku patr\u00ed finan\u010dnej skupine BP2. S\u00eddlo rumunskej spolo\u010dnosti vyzer\u00e1 takmer rovnako ako jej prototyp, teda BP2 v Krakove.<\/p>\n<\/div>\n\n                        <\/div>\n                    <\/div>\n                <\/div>\n\n                <div class=\"wp-block-column\">\n                    <div class=\"wp-block-cover is-style-full-height\">\n                        <img decoding=\"async\" loading=\"lazy\" class=\"wp-block-cover__image-background wp-image-461\" alt=\"IMPRO\" src=\"\" data-object-fit=\"cover\">\n                    <\/div>\n                <\/div>\n\n            <\/div>\n                                <div class=\"wp-block-columns is-style-grid fade-in is-style-desktop-reverse is-style-no-margin \" data-index=\"4\">\n\n                <div class=\"wp-block-column\" style=\"margin-left: 0;\">\n                    <div class=\"wp-block-cover has-dark-gray-background-color has-background-dim is-style-full-height\">\n                        <div class=\"wp-block-cover__inner-container\">\n                            <h3 class=\"h3 uppercase feature__title\"><span class=\"ez-toc-section\" id=\"DO_EUROPY\"><\/span>DO EUR\u00d3PY<span class=\"ez-toc-section-end\"><\/span><\/h3>                                                        <div class=\"full-width\"><p>Vytv\u00e1rame vlastn\u00fa distribu\u010dn\u00fa sie\u0165 v Eur\u00f3pe. Na\u0161i st\u00e1li obchodn\u00ed z\u00e1stupcovia p\u00f4sobia v \u010ceskej republike, na Slovensku, v Litve, Ma\u010farsku a Rumunsku. T\u00fdmto sp\u00f4sobom sa nielen st\u00e1vame v\u00fdznamn\u00fdmi hr\u00e1\u010dmi na eur\u00f3pskom trhu, ale m\u00e1me tie\u017e mo\u017enos\u0165 vyzna\u010dova\u0165 nov\u00e9 trendy v oblasti pokr\u00fdva\u010dstva.<\/p>\n<\/div>\n\n                        <\/div>\n                    <\/div>\n                <\/div>\n\n                <div class=\"wp-block-column\">\n                    <div class=\"wp-block-cover is-style-full-height\">\n                        <img decoding=\"async\" loading=\"lazy\" class=\"wp-block-cover__image-background wp-image-461\" alt=\"DO EUR\u00d3PY\" src=\"https:\/\/bp2.yoho.pl\/wp-content\/uploads\/2022\/06\/2009.jpg\" data-object-fit=\"cover\">\n                    <\/div>\n                <\/div>\n\n            <\/div>\n                                <div class=\"wp-block-columns is-style-grid fade-in is-style-desktop-reverse is-style-no-margin \" data-index=\"5\">\n\n                <div class=\"wp-block-column\" style=\"margin-left: 0;\">\n                    <div class=\"wp-block-cover has-dark-gray-background-color has-background-dim is-style-full-height\">\n                        <div class=\"wp-block-cover__inner-container\">\n                            <h3 class=\"h3 uppercase feature__title\"><span class=\"ez-toc-section\" id=\"AUTOMATIZACIA\"><\/span>AUTOMATIZ\u00c1CIA<span class=\"ez-toc-section-end\"><\/span><\/h3>                                                        <div class=\"full-width\"><p>Ver\u00edme v silu technol\u00f3gie, ktor\u00e1 nielen zaru\u010duje v\u00e4\u010d\u0161iu v\u00fdrobu, ale aj zvy\u0161uje komfort a bezpe\u010dnos\u0165 pri pr\u00e1ci. V roku 2011 sme automatizovali v\u00fdrobne procesy v logisticko-v\u00fdrobnom centre v Krakove.<\/p>\n<\/div>\n\n                        <\/div>\n                    <\/div>\n                <\/div>\n\n                <div class=\"wp-block-column\">\n                    <div class=\"wp-block-cover is-style-full-height\">\n                        <img decoding=\"async\" loading=\"lazy\" class=\"wp-block-cover__image-background wp-image-461\" alt=\"AUTOMATIZ\u00c1CIA\" src=\"\" data-object-fit=\"cover\">\n                    <\/div>\n                <\/div>\n\n            <\/div>\n                                <div class=\"wp-block-columns is-style-grid fade-in is-style-desktop-reverse is-style-no-margin \" data-index=\"6\">\n\n                <div class=\"wp-block-column\" style=\"margin-left: 0;\">\n                    <div class=\"wp-block-cover has-dark-gray-background-color has-background-dim is-style-full-height\">\n                        <div class=\"wp-block-cover__inner-container\">\n                            <h3 class=\"h3 uppercase feature__title\"><span class=\"ez-toc-section\" id=\"NOVY_VYROBNY_ZAVOD\"><\/span>NOV\u00dd V\u00ddROBN\u00dd Z\u00c1VOD<span class=\"ez-toc-section-end\"><\/span><\/h3>                                                        <div class=\"full-width\"><p>Sp\u00fa\u0161\u0165ame inovat\u00edvnu, automatizovan\u00fa v\u00fdrobn\u00fa halu a roz\u0161irujeme ponuku kon\u0161truk\u010dn\u00fdch plechov. Na\u0161e v\u00fdrobn\u00e9 z\u00e1vody nach\u00e1dzaj\u00fa nielen v Malopo\u013esku, ale aj v Sliezskom vojvodstve v meste D\u0105browa G\u00f3rnicza.<\/p>\n<\/div>\n\n                        <\/div>\n                    <\/div>\n                <\/div>\n\n                <div class=\"wp-block-column\">\n                    <div class=\"wp-block-cover is-style-full-height\">\n                        <img decoding=\"async\" loading=\"lazy\" class=\"wp-block-cover__image-background wp-image-461\" alt=\"NOV\u00dd V\u00ddROBN\u00dd Z\u00c1VOD\" src=\"https:\/\/bp2.yoho.pl\/wp-content\/uploads\/2022\/09\/OTWARCIE-DG.jpeg\" data-object-fit=\"cover\">\n                    <\/div>\n                <\/div>\n\n            <\/div>\n                                <div class=\"wp-block-columns is-style-grid fade-in is-style-desktop-reverse is-style-no-margin \" data-index=\"7\">\n\n                <div class=\"wp-block-column\" style=\"margin-left: 0;\">\n                    <div class=\"wp-block-cover has-dark-gray-background-color has-background-dim is-style-full-height\">\n                        <div class=\"wp-block-cover__inner-container\">\n                            <h3 class=\"h3 uppercase feature__title\"><span class=\"ez-toc-section\" id=\"KLUZ\"><\/span>KLU\u017d<span class=\"ez-toc-section-end\"><\/span><\/h3>                                                        <div class=\"full-width\"><p>Otv\u00e1rame modern\u00fa v\u00fdrobn\u00fa halu situovan\u00fa na \u00fazem\u00ed Transilv\u00e1nskej kotliny na severoz\u00e1pade Rumunska. Tvor\u00edme tak nov\u00e9 pracovn\u00e9 miesta pre obyvate\u013eov mesta Klu\u017e.<\/p>\n<\/div>\n\n                        <\/div>\n                    <\/div>\n                <\/div>\n\n                <div class=\"wp-block-column\">\n                    <div class=\"wp-block-cover is-style-full-height\">\n                        <img decoding=\"async\" loading=\"lazy\" class=\"wp-block-cover__image-background wp-image-461\" alt=\"KLU\u017d\" src=\"https:\/\/bp2.yoho.pl\/wp-content\/uploads\/2022\/09\/OTWARCIE-IMPRO-JUCU.jpg\" data-object-fit=\"cover\">\n                    <\/div>\n                <\/div>\n\n            <\/div>\n                                <div class=\"wp-block-columns is-style-grid fade-in is-style-desktop-reverse is-style-no-margin \" data-index=\"8\">\n\n                <div class=\"wp-block-column\" style=\"margin-left: 0;\">\n                    <div class=\"wp-block-cover has-dark-gray-background-color has-background-dim is-style-full-height\">\n                        <div class=\"wp-block-cover__inner-container\">\n                            <h3 class=\"h3 uppercase feature__title\"><span class=\"ez-toc-section\" id=\"ADAM_MALYSZ_A_AKADEMIA_MAJSTROV\"><\/span>ADAM MA\u0141YSZ A AKAD\u00c9MIA MAJSTROV<span class=\"ez-toc-section-end\"><\/span><\/h3>                                                        <div class=\"full-width\"><p>Adam Ma\u0142ysz sa ofici\u00e1lne st\u00e1va tv\u00e1rou zna\u010dky BP2! Najlep\u0161\u00ed skokan medzi pokr\u00fdva\u010dmi, najlep\u0161\u00ed pokr\u00fdva\u010d medzi skokanmi. V tom istom roku sme tie\u017e spustili autorsk\u00fd vzdel\u00e1vac\u00ed program vo forme mobiln\u00fdch a denn\u00fdch stretnut\u00ed v r\u00e1mci AKAD\u00c9MIE MAJSTROV. V\u010faka t\u00fdmto odborn\u00fdm \u0161koleniam rast\u00fa \u0161tandardy odbornej pr\u00edpravy v oblasti pokr\u00fdva\u010dstva a rastie konkurencieschopnos\u0165 odborn\u00edkov.<\/p>\n<\/div>\n\n                        <\/div>\n                    <\/div>\n                <\/div>\n\n                <div class=\"wp-block-column\">\n                    <div class=\"wp-block-cover is-style-full-height\">\n                        <img decoding=\"async\" loading=\"lazy\" class=\"wp-block-cover__image-background wp-image-461\" alt=\"ADAM MA\u0141YSZ A AKAD\u00c9MIA MAJSTROV\" src=\"https:\/\/bp2.yoho.pl\/wp-content\/uploads\/2022\/10\/adam-am.jpg\" data-object-fit=\"cover\">\n                    <\/div>\n                <\/div>\n\n            <\/div>\n                                <div class=\"wp-block-columns is-style-grid fade-in is-style-desktop-reverse is-style-no-margin \" data-index=\"9\">\n\n                <div class=\"wp-block-column\" style=\"margin-left: 0;\">\n                    <div class=\"wp-block-cover has-dark-gray-background-color has-background-dim is-style-full-height\">\n                        <div class=\"wp-block-cover__inner-container\">\n                            <h3 class=\"h3 uppercase feature__title\"><span class=\"ez-toc-section\" id=\"VLK\"><\/span>VLK<span class=\"ez-toc-section-end\"><\/span><\/h3>                                                        <div class=\"full-width\"><p>V\u00fdber obrazu vlka pre pe\u010datn\u00fd prste\u0148 BP2 Vlci s\u00fa st\u00e1dov\u00e9 zvierat\u00e1, ktor\u00fdch \u017eivotn\u00fd \u0161t\u00fdl symbolizuje my\u0161lienku t\u00edmovej pr\u00e1ce, ktor\u00e1 je n\u00e1m bl\u00edzka.<\/p>\n<\/div>\n\n                        <\/div>\n                    <\/div>\n                <\/div>\n\n                <div class=\"wp-block-column\">\n                    <div class=\"wp-block-cover is-style-full-height\">\n                        <img decoding=\"async\" loading=\"lazy\" class=\"wp-block-cover__image-background wp-image-461\" alt=\"VLK\" src=\"https:\/\/bp2.yoho.pl\/wp-content\/uploads\/2022\/10\/wolf.jpg\" data-object-fit=\"cover\">\n                    <\/div>\n                <\/div>\n\n            <\/div>\n                                <div class=\"wp-block-columns is-style-grid fade-in is-style-desktop-reverse is-style-no-margin \" data-index=\"10\">\n\n                <div class=\"wp-block-column\" style=\"margin-left: 0;\">\n                    <div class=\"wp-block-cover has-dark-gray-background-color has-background-dim is-style-full-height\">\n                        <div class=\"wp-block-cover__inner-container\">\n                            <h3 class=\"h3 uppercase feature__title\"><span class=\"ez-toc-section\" id=\"INVESTICIE\"><\/span>INVEST\u00cdCIE<span class=\"ez-toc-section-end\"><\/span><\/h3>                                                        <div class=\"full-width\"><p>B\u00fdval\u00fd v\u00fdrobn\u00fd z\u00e1vod MARCEGAGLIA v Rumunsku bol za\u010dlenen\u00fd do kapit\u00e1lovej skupiny BP2. Odteraz sp\u00fa\u0161\u0165ame v\u00fdrobu sendvi\u010dov\u00fdch panelov v Rumunsku.<\/p>\n<\/div>\n\n                        <\/div>\n                    <\/div>\n                <\/div>\n\n                <div class=\"wp-block-column\">\n                    <div class=\"wp-block-cover is-style-full-height\">\n                        <img decoding=\"async\" loading=\"lazy\" class=\"wp-block-cover__image-background wp-image-461\" alt=\"INVEST\u00cdCIE\" src=\"https:\/\/bp2.yoho.pl\/wp-content\/uploads\/2022\/05\/2018.jpg\" data-object-fit=\"cover\">\n                    <\/div>\n                <\/div>\n\n            <\/div>\n                                <div class=\"wp-block-columns is-style-grid fade-in is-style-desktop-reverse is-style-no-margin \" data-index=\"11\">\n\n                <div class=\"wp-block-column\" style=\"margin-left: 0;\">\n                    <div class=\"wp-block-cover has-dark-gray-background-color has-background-dim is-style-full-height\">\n                        <div class=\"wp-block-cover__inner-container\">\n                            <h3 class=\"h3 uppercase feature__title\"><span class=\"ez-toc-section\" id=\"IZI\"><\/span>IZI<span class=\"ez-toc-section-end\"><\/span><\/h3>                                                        <div class=\"full-width\"><p>Do na\u0161ej ponuky zav\u00e1dzame autorsk\u00fa ploch\u00fa modulov\u00fa \u0161kridlu IZI ktor\u00e1 je najnov\u0161\u00edm trendom v estetickej a modernej v\u00fdstavbe.<\/p>\n<\/div>\n\n                        <\/div>\n                    <\/div>\n                <\/div>\n\n                <div class=\"wp-block-column\">\n                    <div class=\"wp-block-cover is-style-full-height\">\n                        <img decoding=\"async\" loading=\"lazy\" class=\"wp-block-cover__image-background wp-image-461\" alt=\"IZI\" src=\"https:\/\/bp2.yoho.pl\/wp-content\/uploads\/2022\/05\/2019.jpg\" data-object-fit=\"cover\">\n                    <\/div>\n                <\/div>\n\n            <\/div>\n                                <div class=\"wp-block-columns is-style-grid fade-in is-style-desktop-reverse is-style-no-margin \" data-index=\"12\">\n\n                <div class=\"wp-block-column\" style=\"margin-left: 0;\">\n                    <div class=\"wp-block-cover has-dark-gray-background-color has-background-dim is-style-full-height\">\n                        <div class=\"wp-block-cover__inner-container\">\n                            <h3 class=\"h3 uppercase feature__title\"><span class=\"ez-toc-section\" id=\"VYVOJ_IMPRO\"><\/span>V\u00ddVOJ IMPRO<span class=\"ez-toc-section-end\"><\/span><\/h3>                                                        <div class=\"full-width\"><p>Spustenie v\u00fdroby kon\u0161truk\u010dn\u00fdch trap\u00e9zov vo v\u00fdrobnom z\u00e1vode v Teme\u0161v\u00e1ri (Rumunsko) ktor\u00e1 umo\u017e\u0148uje dynamick\u00fd v\u00fdvoj na trhu B2B v tejto \u010dasti Eur\u00f3py.<\/p>\n<\/div>\n\n                        <\/div>\n                    <\/div>\n                <\/div>\n\n                <div class=\"wp-block-column\">\n                    <div class=\"wp-block-cover is-style-full-height\">\n                        <img decoding=\"async\" loading=\"lazy\" class=\"wp-block-cover__image-background wp-image-461\" alt=\"V\u00ddVOJ IMPRO\" src=\"https:\/\/bp2.yoho.pl\/wp-content\/uploads\/2022\/05\/zaklad-timi.png\" data-object-fit=\"cover\">\n                    <\/div>\n                <\/div>\n\n            <\/div>\n                                <div class=\"wp-block-columns is-style-grid fade-in is-style-desktop-reverse is-style-no-margin \" data-index=\"13\">\n\n                <div class=\"wp-block-column\" style=\"margin-left: 0;\">\n                    <div class=\"wp-block-cover has-dark-gray-background-color has-background-dim is-style-full-height\">\n                        <div class=\"wp-block-cover__inner-container\">\n                            <h3 class=\"h3 uppercase feature__title\"><span class=\"ez-toc-section\" id=\"COMPACT_SERIES\"><\/span> COMPACT SERIES<span class=\"ez-toc-section-end\"><\/span><\/h3>                                                        <div class=\"full-width\"><p>Do na\u0161ej ponuky zav\u00e1dzame plechov\u00e9 stre\u0161n\u00e9 krytiny COMPACT SERIES ktor\u00e9 sa vyr\u00e1baj\u00fa na z\u00e1klade klasick\u00fdch rie\u0161en\u00ed v podobe \u013eahk\u00fdch dvojmodulov\u00fdch tab\u00fa\u013e. Zaviedli sme aj hotov\u00e9 mont\u00e1\u017ene otvory, ktor\u00e9 u\u013eah\u010duj\u00fa mont\u00e1\u017e kovov\u00fdch \u0161kridiel a eliminuj\u00fa riziko vzniku technickej chyby<\/p>\n<\/div>\n\n                        <\/div>\n                    <\/div>\n                <\/div>\n\n                <div class=\"wp-block-column\">\n                    <div class=\"wp-block-cover is-style-full-height\">\n                        <img decoding=\"async\" loading=\"lazy\" class=\"wp-block-cover__image-background wp-image-461\" alt=\" COMPACT SERIES\" src=\"\" data-object-fit=\"cover\">\n                    <\/div>\n                <\/div>\n\n            <\/div>\n                                <div class=\"wp-block-columns is-style-grid fade-in is-style-desktop-reverse is-style-no-margin \" data-index=\"14\">\n\n                <div class=\"wp-block-column\" style=\"margin-left: 0;\">\n                    <div class=\"wp-block-cover has-dark-gray-background-color has-background-dim is-style-full-height\">\n                        <div class=\"wp-block-cover__inner-container\">\n                            <h3 class=\"h3 uppercase feature__title\"><span class=\"ez-toc-section\" id=\"MODERNE_VZDELAVACIE_CENTRUM\"><\/span>MODERN\u00c9 VZDEL\u00c1VACIE CENTRUM<span class=\"ez-toc-section-end\"><\/span><\/h3>                                                        <div class=\"full-width\"><p>Aby sme mohli pre \u00fa\u010dastn\u00edkov Akad\u00e9mie majstrov zabezpe\u010di\u0165 \u010do najlep\u0161ie podmienky pre rozvoj ved\u013ea n\u00e1\u0161ho v\u00fdrobn\u00e9ho z\u00e1vodu v meste D\u0105browa G\u00f3rnicza sme postavili jedine\u010dn\u00e9 \u0161koliace centrum. Je to v\u00fdnimo\u010dn\u00e9 miesto, ktor\u00e9 sme vybavili pr\u00edstrojmi potrebn\u00fdmi na rozvoj odbornej sp\u00f4sobilosti pokr\u00fdva\u010dov prehlbovan\u00edm vedomost\u00ed a zvy\u0161ovan\u00edm \u00farovne ich zru\u010dnost\u00ed.<\/p>\n<\/div>\n\n                        <\/div>\n                    <\/div>\n                <\/div>\n\n                <div class=\"wp-block-column\">\n                    <div class=\"wp-block-cover is-style-full-height\">\n                        <img decoding=\"async\" loading=\"lazy\" class=\"wp-block-cover__image-background wp-image-461\" alt=\"MODERN\u00c9 VZDEL\u00c1VACIE CENTRUM\" src=\"https:\/\/bp2.yoho.pl\/wp-content\/uploads\/2022\/03\/bp2_AM_centrum_szkoleniowe.jpg\" data-object-fit=\"cover\">\n                    <\/div>\n                <\/div>\n\n            <\/div>\n                                <div class=\"wp-block-columns is-style-grid fade-in is-style-desktop-reverse is-style-no-margin \" data-index=\"15\">\n\n                <div class=\"wp-block-column\" style=\"margin-left: 0;\">\n                    <div class=\"wp-block-cover has-dark-gray-background-color has-background-dim is-style-full-height\">\n                        <div class=\"wp-block-cover__inner-container\">\n                            <h3 class=\"h3 uppercase feature__title\"><span class=\"ez-toc-section\" id=\"ROZSIRENIE_CINNOSTI_IMPRO\"><\/span>ROZ\u0160\u00cdRENIE \u010cINNOSTI IMPRO<span class=\"ez-toc-section-end\"><\/span><\/h3>                                                        <div class=\"full-width\"><p>V roku 2022 sme podnikli mnoh\u00e9 investi\u010dn\u00e9 aktivity vr\u00e1tane roz\u0161\u00edrenia v\u00fdrobn\u00e9ho z\u00e1vodu IMPRO.<br \/>\nZriadili sme aj Akad\u00e9miu \u0161ampi\u00f3nov p\u00f4sobiacu v jednom z v\u00fdrobn\u00fdch z\u00e1vodov IMPRO \u2013 za t\u00fdmto \u00fa\u010delom vzniklo modern\u00e9 \u0161koliace centrum umo\u017e\u0148uj\u00face zdokona\u013eovanie praktick\u00fdch zru\u010dnost\u00ed.<\/p>\n<\/div>\n\n                        <\/div>\n                    <\/div>\n                <\/div>\n\n                <div class=\"wp-block-column\">\n                    <div class=\"wp-block-cover is-style-full-height\">\n                        <img decoding=\"async\" loading=\"lazy\" class=\"wp-block-cover__image-background wp-image-461\" alt=\"ROZ\u0160\u00cdRENIE \u010cINNOSTI IMPRO\" src=\"https:\/\/bp2.yoho.pl\/wp-content\/uploads\/2022\/11\/impro-zaklad2.png\" data-object-fit=\"cover\">\n                    <\/div>\n                <\/div>\n\n            <\/div>\n                                <div class=\"wp-block-columns is-style-grid fade-in is-style-desktop-reverse is-style-no-margin \" data-index=\"16\">\n\n                <div class=\"wp-block-column\" style=\"margin-left: 0;\">\n                    <div class=\"wp-block-cover has-dark-gray-background-color has-background-dim is-style-full-height\">\n                        <div class=\"wp-block-cover__inner-container\">\n                            <h3 class=\"h3 uppercase feature__title\"><span class=\"ez-toc-section\" id=\"BP2_VSS\"><\/span>BP2 VSS<span class=\"ez-toc-section-end\"><\/span><\/h3>                            <h4 class=\"h3 feature__subtitle\"><span class=\"ez-toc-section\" id=\"Otvarame_moderne_logisticko-vyrobne_centrum_v_Kosiciach\"><\/span> Otv\u00e1rame modern\u00e9 logisticko-v\u00fdrobn\u00e9 centrum v Ko\u0161iciach<span class=\"ez-toc-section-end\"><\/span><\/h4>                            <div class=\"full-width\"><p> Otv\u00e1rame modern\u00e9 logisticko-v\u00fdrobn\u00e9 centrum v Ko\u0161iciach \u2013 najv\u00e4\u010d\u0161om meste v\u00fdchodn\u00e9ho Slovenska.<\/p>\n<\/div>\n\n                        <\/div>\n                    <\/div>\n                <\/div>\n\n                <div class=\"wp-block-column\">\n                    <div class=\"wp-block-cover is-style-full-height\">\n                        <img decoding=\"async\" loading=\"lazy\" class=\"wp-block-cover__image-background wp-image-461\" alt=\"BP2 VSS\" src=\"https:\/\/bp2.yoho.pl\/wp-content\/uploads\/2023\/07\/vss-kosice-2.jpeg\" data-object-fit=\"cover\">\n                    <\/div>\n                <\/div>\n\n            <\/div>\n                                <div class=\"wp-block-columns is-style-grid fade-in is-style-desktop-reverse is-style-no-margin active\" data-index=\"17\">\n\n                <div class=\"wp-block-column\" style=\"margin-left: 0;\">\n                    <div class=\"wp-block-cover has-dark-gray-background-color has-background-dim is-style-full-height\">\n                        <div class=\"wp-block-cover__inner-container\">\n                            <h3 class=\"h3 uppercase feature__title\"><span class=\"ez-toc-section\" id=\"SOLROOF_%E2%80%93_INTEGROVANA_FOTOVOLTAICKA_STRECHA\"><\/span>SOLROOF \u2013 INTEGROVAN\u00c1 FOTOVOLTAICK\u00c1 STRECHA<span class=\"ez-toc-section-end\"><\/span><\/h3>                                                        <div class=\"full-width\"><p>V roku 2023 sme uviedli na trh nov\u00fa zna\u010dku a produkty SOLROOF<br \/>\nteda integrovan\u00fa fotovoltaick\u00fa strechu, ktor\u00e1 vznikla ako reakcia na rast\u00faci dopyt po \u010distej energii.<\/p>\n<\/div>\n\n                        <\/div>\n                    <\/div>\n                <\/div>\n\n                <div class=\"wp-block-column\">\n                    <div class=\"wp-block-cover is-style-full-height\">\n                        <img decoding=\"async\" loading=\"lazy\" class=\"wp-block-cover__image-background wp-image-461\" alt=\"SOLROOF \u2013 INTEGROVAN\u00c1 FOTOVOLTAICK\u00c1 STRECHA\" src=\"https:\/\/bp2.yoho.pl\/wp-content\/uploads\/2023\/02\/solroof-blog-1.jpg\" data-object-fit=\"cover\">\n                    <\/div>\n                <\/div>\n\n            <\/div>\n                    \n    <\/div>\n<\/div>\n\n\r\n<div class=\"section__data\" data-section=\"V\u00ddROBN\u00c9 Z\u00c1VODY\"><\/div>\n\n\n<div class=\"wp-block-columns is-style-mobile-reverse is-style-grid fade-in is-layout-flex wp-container-core-columns-is-layout-9d6595d7 wp-block-columns-is-layout-flex\" id=\"zaklady-produkcyjne\">\n<div class=\"wp-block-column is-layout-flow wp-block-column-is-layout-flow\">\n<div class=\"wp-block-cover is-light is-style-full-width\"><span aria-hidden=\"true\" class=\"wp-block-cover__background has-white-background-color has-background-dim-100 has-background-dim\"><\/span><div class=\"wp-block-cover__inner-container is-layout-flow wp-block-cover-is-layout-flow\">\n<h1 class=\"wp-block-heading is-style-h1\" id=\"vyrobne-zavody\"><span class=\"ez-toc-section\" id=\"VYROBNE_ZAVODY\"><\/span><strong>V\u00ddROBN\u00c9 Z\u00c1VODY<\/strong><span class=\"ez-toc-section-end\"><\/span><\/h1>\n\n\n\n<p>BP2 vlastn\u00ed 5 integrovan\u00fdch v\u00fdrobn\u00fdch z\u00e1vodov v Po\u013esku, na Slovensku a v Rumunsku. Z\u00e1vody s\u00fa logisticky a syst\u00e9movo prepojen\u00e9 a tvoria tak jednotn\u00fa \u0161trukt\u00faru v\u00fdrobn\u00fdch zariaden\u00ed s vysokou produktovou \u0161pecializ\u00e1ciou.<\/p>\n\n\n\n<div class=\"accordion__list accordion__list--simple\">\n\n        <div class=\"accordion__elem\">\n        <p class=\"accordion__title\"><strong>V\u00fdrobn\u00fd z\u00e1vod v Krakove<\/strong><\/p>\n\n        <div class=\"accordion__answer\">\n            <div class=\"accordion__answerInner is-style-small-font\"><div style=\"margin-bottom: 10px; padding-bottom: 56.25%; position: relative;\"><iframe style=\"display: block; width: 98%; height: 100%; position: absolute; left: 0px; top: 0px;\" title=\"YouTube video player\" src=\"https:\/\/www.youtube.com\/embed\/nR-FGBsqw48\" frameborder=\"0\" allowfullscreen=\"allowfullscreen\"><\/iframe><\/div>\n<p>Je to jeden z prv\u00fdch v\u00fdrobn\u00fdch z\u00e1vodov, ktor\u00e9 postavila BP2. Otvoren\u00fd v roku 2007. Jeho modern\u00fd vzh\u013ead a rie\u0161enie interi\u00e9ru s\u00fa v\u00fdchodiskom pre \u010fal\u0161ie invest\u00edcie BP2. V\u010faka d\u00f4myselnej polohe v bl\u00edzkosti dia\u013enice A4 je n\u00e1\u0161 z\u00e1vod s rozlohou 2340 m\u00b2<\/b> ide\u00e1lny z h\u013eadiska logistiky. V z\u00e1vode sa s\u00fastred\u00edme na v\u00fdrobu produktov ur\u010den\u00fdch pre bytov\u00e9 stavby.<\/p>\n<\/div>\n        <\/div>\n    <\/div>\n        <div class=\"accordion__elem\">\n        <p class=\"accordion__title\"><strong>V\u00fdrobn\u00fd z\u00e1vod v meste D\u0105browa G\u00f3rnicza<\/strong><\/p>\n\n        <div class=\"accordion__answer\">\n            <div class=\"accordion__answerInner is-style-small-font\"><div style=\"margin-bottom: 10px; padding-bottom: 56.25%; position: relative;\"><iframe style=\"display: block; width: 98%; height: 100%; position: absolute; left: 0px; top: 0px;\" title=\"YouTube video player\" src=\"https:\/\/www.youtube.com\/embed\/JnVF8aVZMRI\" frameborder=\"0\" allowfullscreen=\"allowfullscreen\"><\/iframe><\/div>\n<p>Dynamick\u00fd v\u00fdvoj n\u00e1m prin\u00e1\u0161a nov\u00e9 pr\u00edle\u017eitosti. V roku 2015 sme z\u00edskali v\u00fdrobn\u00fd z\u00e1vod v D\u0105browej G\u00f3rniczej s rozlohou <b>5 500 m\u00b2<\/b>. Ve\u013emi r\u00fdchlo t\u00e1to \u010das\u0165 finan\u010dnej skupiny za\u010dala ma\u0165 ved\u00face postavenie v glob\u00e1lnej v\u00fdrobe BP2. V D\u0105browe G\u00f3rniczej sa tie\u017e nach\u00e1dza \u0161koliace stredisko BP2, kde v r\u00e1mci Akad\u00e9mie majstrov \u2013 autorsk\u00e9ho programu praktick\u00e9ho vzdel\u00e1vania veden\u00e9ho certifikovan\u00fdm majstrom pokr\u00fdva\u010dom, p\u00e1nom Waldemarom Pielom, prin\u00e1\u0161ame mo\u017enos\u0165 postupne optimalizova\u0165 pr\u00e1cu a zvy\u0161ova\u0165 vlastn\u00e9 odborn\u00e9 kvalifik\u00e1cie.<\/p>\n<p>V pobo\u010dke D\u0105browa G\u00f3rnicza vyr\u00e1bame produkty pre priemyseln\u00fa v\u00fdstavbu \u2013 fas\u00e1dne kazety SKRIN a LINEA, ako aj kon\u0161truk\u010dn\u00e9 trap\u00e9zov\u00e9 plechy. Vo v\u00fdrobnom procese n\u00e1s podporuj\u00fa \u0161pecializovan\u00ed laboranti, ktor\u00ed vykon\u00e1vaj\u00fa podrobn\u00e9 sk\u00fa\u0161ky mechanickej odolnosti a odolnosti vo\u010di premenliv\u00fdm atmosferick\u00fdm podmienkam ocele, ktor\u00fa vyu\u017e\u00edvame v na\u0161ich v\u00fdrobkoch \u2013 pri z\u00e1vode funguje modern\u00e9 laborat\u00f3rium.<\/p>\n<\/div>\n        <\/div>\n    <\/div>\n        <div class=\"accordion__elem\">\n        <p class=\"accordion__title\"><strong>V\u00fdrobn\u00fd z\u00e1vod v meste Cluj-Napoca<\/strong><\/p>\n\n        <div class=\"accordion__answer\">\n            <div class=\"accordion__answerInner is-style-small-font\"><div style=\"margin-bottom: 10px; padding-bottom: 56.25%; position: relative;\"><iframe style=\"display: block; width: 98%; height: 100%; position: absolute; left: 0px; top: 0px;\" title=\"YouTube video player\" src=\"https:\/\/www.youtube.com\/embed\/f1orWs3PY_A\" frameborder=\"0\" allowfullscreen=\"allowfullscreen\"><\/iframe><\/div>\n<p>Rozsiahle investi\u010dn\u00e9 pl\u00e1ny n\u00e1s priviedli do Rumunska, kde bol v roku 2016 postaven\u00fd n\u00e1\u0161 \u010fal\u0161\u00ed v\u00fdrobn\u00fd z\u00e1vod s rozlohou <b>4 160 m\u00b2<\/b>. Postarali sme sa o detaily, aby sme zachovali konzistenciu na\u0161ej zna\u010dky, a preto je z\u00e1vod v Cluj-Napoca vernou reprezent\u00e1ciou z\u00e1vodu v Krakove. Plne funk\u010dn\u00fd a samostatn\u00fd, bola to prv\u00e1 zahrani\u010dn\u00e1 invest\u00edcia, ktor\u00e1 mala re\u00e1lny vplyv na zv\u00fd\u0161enie v\u00fdroby finan\u010dnej skupiny BP2 a ktor\u00e1 je trhu zn\u00e1ma pod zna\u010dkou IMPRO.<\/p>\n<p>V roku 2022 sme ukon\u010dili roz\u0161irovanie a moderniz\u00e1ciu v\u00fdrobn\u00e9ho z\u00e1vodu v obci Juc-Herghelie. Otvorili sme tie\u017e \u0161koliace stredisko, ktor\u00e9 je ide\u00e1lnym miestom na v\u00fdmenu sk\u00fasenost\u00ed medzi IMPRO a pokr\u00fdva\u010dmi. P\u00f4sob\u00edme tie\u017e v r\u00e1mci Akad\u00e9mie majstrov, ktorej cie\u013eom je posilnenie vedomost\u00ed pokr\u00fdva\u010dov formou praktick\u00fdch \u0161kolen\u00ed t\u00fdkaj\u00facich sa najnov\u0161\u00edch trendov v odvetv\u00ed.<\/p>\n<\/div>\n        <\/div>\n    <\/div>\n        <div class=\"accordion__elem\">\n        <p class=\"accordion__title\"><strong>V\u00fdrobn\u00fd z\u00e1vod v Teme\u0161v\u00e1ri<\/strong><\/p>\n\n        <div class=\"accordion__answer\">\n            <div class=\"accordion__answerInner is-style-small-font\"><div style=\"margin-bottom: 10px; padding-bottom: 56.25%; position: relative;\"><iframe style=\"display: block; width: 98%; height: 100%; position: absolute; left: 0px; top: 0px;\" title=\"YouTube video player\" src=\"https:\/\/www.youtube.com\/embed\/vITjYwQcTjg?si=MyS03XpDCfGcsJ_L\" frameborder=\"0\" allowfullscreen=\"allowfullscreen\"><\/iframe><\/div>\n<p>Nadobudnut\u00fd v roku 2018. B\u00fdval\u00fd v\u00fdrobn\u00fd z\u00e1vod MARCEGAGLIA bol za\u010dlenen\u00fd do kapit\u00e1lovej skupiny BP2.<\/p>\n<p>Po moderniz\u00e1cii v\u00fdrobn\u00fdch liniek sme optimalizovali procesy pod\u013ea \u0161tandardov vypracovan\u00fdch v na\u0161ej firme, av\u0161ak s prihliadnut\u00edm na vysok\u00fa kvalitu v\u00fdrobkov, bezpe\u010dnos\u0165 a trvalo udr\u017eate\u013en\u00fd rozvoj. V s\u00fa\u010dasnosti sa vo v\u00fdrobnom z\u00e1vode s rozlohou <b>11 000 m\u00b2<\/b> v Temesv\u00e1ri vyr\u00e1baj\u00fa produkty pre priemyseln\u00e9 stavby, ako s\u00fa sendvi\u010dov\u00e9 panely a trap\u00e9zov\u00e9 kon\u0161truk\u010dn\u00e9 prvky.<\/p>\n<\/div>\n        <\/div>\n    <\/div>\n        <div class=\"accordion__elem\">\n        <p class=\"accordion__title\"><strong>V\u00fdrobn\u00fd z\u00e1vod VSS v Ko\u0161iciach<\/strong><\/p>\n\n        <div class=\"accordion__answer\">\n            <div class=\"accordion__answerInner is-style-small-font\"><div style=\"margin-bottom: 10px; padding-bottom: 56.25%; position: relative;\"><iframe style=\"display: block; width: 98%; height: 100%; position: absolute; left: 0px; top: 0px;\" title=\"YouTube video player\" src=\"https:\/\/www.youtube.com\/embed\/a29u6Tn6Ot0?si=jy1vxwAmSk4hhaWW\" frameborder=\"0\" allowfullscreen=\"allowfullscreen\"><\/iframe><\/div>\n<p>Vzh\u013eadom na n\u00e1\u0161 dynamick\u00fd rozvoj sme v roku 2022 otvorili \u010fal\u0161\u00ed v\u00fdrobn\u00fd z\u00e1vod na Slovensku, ktor\u00fd sa nach\u00e1dza v druhom najv\u00e4\u010d\u0161om meste na\u0161ich ju\u017en\u00fdch susedov. Z\u00e1vod m\u00e1 rozlohu <b>21 000 m\u00b2<\/b> a je prisp\u00f4soben\u00fd na v\u00fdrobu sendvi\u010dov\u00fdch panelov. Pri v\u00fdrobnom z\u00e1vode funguje tie\u017e Oce\u013eov\u00e9 servisn\u00e9 centrum.<\/p>\n<\/div>\n        <\/div>\n    <\/div>\n    <\/div><\/div><\/div>\n<\/div>\n\n\n\n<div class=\"wp-block-column is-layout-flow wp-block-column-is-layout-flow\">\n<figure class=\"wp-block-image size-full is-resized hiddenBelowTablet\"><img loading=\"lazy\" decoding=\"async\" src=\"https:\/\/bp2.yoho.pl\/wp-content\/uploads\/2022\/12\/map-web-o-nas-1.svg\" alt=\"\" class=\"wp-image-46418\" style=\"width:800px;height:780px\" width=\"800\" height=\"780\"\/><\/figure>\n<\/div>\n<\/div>\n\n\n\r\n<div class=\"section__data\" data-section=\"laborat\u00f3ri\u00e1\"><\/div>\n\n\n<div class=\"wp-block-columns is-style-grid fade-in is-layout-flex wp-container-core-columns-is-layout-9d6595d7 wp-block-columns-is-layout-flex\" id=\"laboratorium\">\n<div class=\"wp-block-column is-layout-flow wp-block-column-is-layout-flow\">\n<div class=\"wp-block-cover is-light is-style-full-height\"><span aria-hidden=\"true\" class=\"wp-block-cover__background has-background-dim-0 has-background-dim\"><\/span><img loading=\"lazy\" decoding=\"async\" width=\"805\" height=\"674\" class=\"wp-block-cover__image-background wp-image-2223\" alt=\"\" src=\"https:\/\/bp2.yoho.pl\/wp-content\/uploads\/2022\/03\/LABORATORIUM-bp2.png\" data-object-fit=\"cover\" srcset=\"https:\/\/bp2.yoho.pl\/wp-content\/uploads\/2022\/03\/LABORATORIUM-bp2.png 805w, https:\/\/bp2.yoho.pl\/wp-content\/uploads\/2022\/03\/LABORATORIUM-bp2-768x643.png 768w\" sizes=\"(max-width: 805px) 100vw, 805px\" \/><div class=\"wp-block-cover__inner-container is-layout-flow wp-block-cover-is-layout-flow\">\n<p class=\"has-text-align-center\"><\/p>\n<\/div><\/div>\n<\/div>\n\n\n\n<div class=\"wp-block-column is-layout-flow wp-block-column-is-layout-flow\">\n<div class=\"wp-block-cover is-light is-style-full-width\"><span aria-hidden=\"true\" class=\"wp-block-cover__background has-gray-background-color has-background-dim-100 has-background-dim\"><\/span><div class=\"wp-block-cover__inner-container is-layout-flow wp-block-cover-is-layout-flow\">\n<h3 class=\"wp-block-heading is-style-h3\"><span class=\"ez-toc-section\" id=\"LABORATORIUM_BP2\"><\/span>LABORAT\u00d3RIUM BP2<span class=\"ez-toc-section-end\"><\/span><\/h3>\n\n\n\n<h4 class=\"wp-block-heading is-style-h3\" style=\"font-style:normal;font-weight:300\"><span class=\"ez-toc-section\" id=\"Zameriavame_sa_na_kvalitu_a_inovacie\"><\/span><strong>Zameriavame sa na kvalitu a inov\u00e1cie<\/strong><span class=\"ez-toc-section-end\"><\/span><\/h4>\n\n\n\n<p>Ve\u013ek\u00fd d\u00f4raz kladieme na kvalitu produktov, ktor\u00e9 pon\u00fakame. S\u00fastre\u010fujeme sa nielen na celkov\u00fa estetiku, ale aj na mimoriadne d\u00f4le\u017eit\u00fdch technick\u00fdch detailoch. V Po\u013esku, Rumunsku a na Slovensku sme si vytvorili vlastn\u00e9 profesion\u00e1lne laborat\u00f3ri\u00e1, kde podrobujeme na\u0161e v\u00fdrobky aj materi\u00e1ly n\u00e1ro\u010dn\u00fdm testom.<\/p>\n\n\n\n<p>Kontrola kvality sa vykon\u00e1va s vyu\u017eit\u00edm s\u00fa\u010dasn\u00fdch znalost\u00ed a inovat\u00edvnych testovac\u00edch zariaden\u00ed pod doh\u013eadom n\u00e1\u0161ho oddelenia v\u00fdvoja technol\u00f3gi\u00ed. Zameriavame sa na podrobn\u00e9 \u0161t\u00fadium procesov prebiehaj\u00facich v nami pon\u00fakan\u00fdch povlakoch a oceli. Pri vykon\u00e1van\u00fdch laborat\u00f3rnych testoch sme v stave verne napodobni\u0165 podmienky, ktor\u00e9 odzrkad\u013euj\u00fa nieko\u013eko desiatok rokov p\u00f4sobenia r\u00f4znych atmosf\u00e9rick\u00fdch faktorov.<\/p>\n\n\n\n<p>.<\/p>\n\n\n\n<p><\/p>\n\n\n\n<a href=\"https:\/\/bp2.yoho.pl\/sk\/laboratoria\/\"  class=\"button button--blackSpecial \">SPOZNAJTE LABORAT\u00d3RIUM BP2<\/a>\n\n\n<div style=\"height:100px\" aria-hidden=\"true\" class=\"wp-block-spacer is-style-smaller-spacer\"><\/div>\n\n\n\n<h4 class=\"wp-block-heading is-style-h3\" style=\"font-style:normal;font-weight:300\"><span class=\"ez-toc-section\" id=\"LabGuarantee55\"><\/span><strong>LabGuarantee55<\/strong><span class=\"ez-toc-section-end\"><\/span><\/h4>\n\n\n\n<p>Z\u00e1ruky dosahuj\u00face a\u017e 55 rokov s\u00fa mo\u017en\u00e9 jedine po vystaven\u00ed materi\u00e1lu podrobn\u00fdm testom. Stre\u0161n\u00e9 krytiny s\u00fa invest\u00edcie pl\u00e1novan\u00e9 pre nieko\u013eko gener\u00e1ci\u00ed, preto sme si vedom\u00ed zodpovednej \u00falohy ako v\u00fdrobcu. V\u010faka presn\u00fdm testom vieme, \u017ee nami dod\u00e1van\u00e9 produkty s\u00fa najvy\u0161\u0161ej kvality.<\/p>\n\n\n\n<a href=\"https:\/\/bp2.yoho.pl\/sk\/natery-farby-a-zaruky\/\"  class=\"button button--red \"> ZISTI\u0164 VIAC<\/a><\/div><\/div>\n<\/div>\n<\/div>\n<\/div><\/div>\n\n\n\n<div style=\"height:100px\" aria-hidden=\"true\" class=\"wp-block-spacer is-style-small-spacer\"><\/div>\n\n\n\n<div class=\"wp-block-group\"><div class=\"wp-block-group__inner-container is-layout-flow wp-block-group-is-layout-flow\">\n<div class=\"wp-block-columns is-style-grid is-layout-flex wp-container-core-columns-is-layout-9d6595d7 wp-block-columns-is-layout-flex\">\n<div class=\"wp-block-column is-layout-flow wp-block-column-is-layout-flow\">\n<div class=\"wp-block-cover is-style-content-from-bottom\"><span aria-hidden=\"true\" class=\"wp-block-cover__background has-background-dim\"><\/span><img loading=\"lazy\" decoding=\"async\" width=\"527\" height=\"534\" class=\"wp-block-cover__image-background wp-image-3694\" alt=\"\" src=\"https:\/\/bp2.yoho.pl\/wp-content\/uploads\/2022\/03\/IMG_8343.png\" data-object-fit=\"cover\"\/><div class=\"wp-block-cover__inner-container is-layout-flow wp-block-cover-is-layout-flow\">\n<div style=\"height:100px\" aria-hidden=\"true\" class=\"wp-block-spacer is-style-medium-spacer\"><\/div>\n\n\n\n<h2 class=\"wp-block-heading is-style-h3\"><span class=\"ez-toc-section\" id=\"PRACA_V_BP2\"><\/span><strong><strong><strong>PR\u00c1CA V BP2<\/strong><\/strong><\/strong><span class=\"ez-toc-section-end\"><\/span><\/h2>\n\n\n\n<p>Pridajte sa k n\u00e1m!<\/p>\n\n\n\n<div class=\"wp-block-group\"><div class=\"wp-block-group__inner-container is-layout-flow wp-block-group-is-layout-flow\">\n<a href=\"https:\/\/bp2.yoho.pl\/sk\/kariera\/\"  class=\"button button--red \">PRIDAJTE SA K N\u00c1M!<\/a><\/div><\/div>\n<\/div><\/div>\n<\/div>\n\n\n\n<div class=\"wp-block-column is-layout-flow wp-block-column-is-layout-flow\">\n<div class=\"wp-block-cover is-style-content-from-bottom\"><span aria-hidden=\"true\" class=\"wp-block-cover__background has-background-dim\"><\/span><img loading=\"lazy\" decoding=\"async\" width=\"526\" height=\"534\" class=\"wp-block-cover__image-background wp-image-5514\" alt=\"\" src=\"https:\/\/bp2.yoho.pl\/wp-content\/uploads\/2022\/03\/MASTER-ROOFER_01-07-2021-23.png\" data-object-fit=\"cover\"\/><div class=\"wp-block-cover__inner-container is-layout-flow wp-block-cover-is-layout-flow\">\n<div style=\"height:100px\" aria-hidden=\"true\" class=\"wp-block-spacer is-style-medium-spacer\"><\/div>\n\n\n\n<h2 class=\"wp-block-heading is-style-h3\"><span class=\"ez-toc-section\" id=\"AKADEMIA_MISTRZOW\"><\/span><strong><strong>AKADEMIA MISTRZ\u00d3W<\/strong><\/strong><span class=\"ez-toc-section-end\"><\/span><\/h2>\n\n\n\n<p>Autorsk\u00fd program \u0161kolen\u00ed a platforma v\u00fdmeny sk\u00fasenost\u00ed.<\/p>\n\n\n\n<div class=\"wp-block-group\"><div class=\"wp-block-group__inner-container is-layout-flow wp-block-group-is-layout-flow\">\n<a href=\"https:\/\/am.bp2.pl\/\"  class=\"button button--red \">AKAD\u00c9MIA MAJSTROV<\/a><\/div><\/div>\n<\/div><\/div>\n<\/div>\n\n\n\n<div class=\"wp-block-column is-layout-flow wp-block-column-is-layout-flow\">\n<div class=\"wp-block-cover is-light is-style-content-from-bottom\"><span aria-hidden=\"true\" class=\"wp-block-cover__background has-background-dim\"><\/span><img loading=\"lazy\" decoding=\"async\" width=\"526\" height=\"534\" class=\"wp-block-cover__image-background wp-image-5510\" alt=\"\" src=\"https:\/\/bp2.yoho.pl\/wp-content\/uploads\/2022\/03\/Piknik-15-lecie-PSD-Malopolska-14.png\" data-object-fit=\"cover\"\/><div class=\"wp-block-cover__inner-container is-layout-flow wp-block-cover-is-layout-flow\">\n<div style=\"height:100px\" aria-hidden=\"true\" class=\"wp-block-spacer is-style-medium-spacer\"><\/div>\n\n\n\n<h2 class=\"wp-block-heading is-style-h3 has-white-color has-text-color\"><span class=\"ez-toc-section\" id=\"MARKETINGOVE_AKTIVITY\"><\/span><strong><strong><strong>MARKETINGOV\u00c9 AKTIVITY<\/strong><\/strong><\/strong><span class=\"ez-toc-section-end\"><\/span><\/h2>\n\n\n\n<p class=\"has-white-color has-text-color\">Spolo\u010densk\u00e1 zodpovednos\u0165 v obchode.<\/p>\n\n\n\n<div class=\"wp-block-group\"><div class=\"wp-block-group__inner-container is-layout-flow wp-block-group-is-layout-flow\">\n<a href=\"https:\/\/bp2.yoho.pl\/sk\/marketingove-aktivity\/\"  class=\"button button--red \">ZISTITE VIAC O NA\u0160ICH AKTIVIT\u00c1CH<\/a><\/div><\/div>\n<\/div><\/div>\n<\/div>\n<\/div>\n<\/div><\/div>\n\n\n\n<div style=\"height:100px\" aria-hidden=\"true\" class=\"wp-block-spacer is-style-small-spacer\"><\/div>\n\n\n\n<div class=\"wp-block-group has-dark-gray-background-color has-background\"><div class=\"wp-block-group__inner-container is-layout-flow wp-block-group-is-layout-flow\">\n<div style=\"height:100px\" aria-hidden=\"true\" class=\"wp-block-spacer is-style-small-spacer\"><\/div>\n\n\n\n\n<div class=\"header-with-button\">\n    <div class=\"header-with-button__label\">\n        <h2 class=\"uppercase noMarginTop noMarginBottom\"><span class=\"ez-toc-section\" id=\"Novinky\"><\/span>Novinky<span class=\"ez-toc-section-end\"><\/span><\/h2>\n    <\/div>\n    <div class=\"header-with-button__button\">\n        <a href=\"https:\/\/bp2.yoho.pl\/sk\/novinky\/\" class=\"button button--black \">Pozrie\u0165 v\u0161etko<\/a>\n    <\/div>\n<\/div>\n\n\n    <div class=\"posts-slider-wrapper\">\n        <div class=\"posts-slider sliderGroup\" data-posts-slider>\n            <div class=\"sliderGroup__elem\">\n<div class=\"postTile\">\n    <a class=\"postTile__thumb\" href=\"https:\/\/bp2.yoho.pl\/sk\/zmena-sidla-bp2-sp-z-o-o\/\">\n        <img decoding=\"async\" src=\"https:\/\/bp2.yoho.pl\/wp-content\/uploads\/2024\/02\/Tlo-newsletter-820x478.png\" class=\"postTile__thumbImage\" alt=\"Zmena s\u00eddla BP2 sp. z o.o.\">      <\/a>\n    <div class=\"postTile__content\">\n                <a href=\"https:\/\/bp2.yoho.pl\/sk\/zmena-sidla-bp2-sp-z-o-o\/\" class=\"postTile__normalLink\">\n            <h2 class=\"postTile__title uppercase\"><span class=\"ez-toc-section\" id=\"Zmena_sidla_BP2_sp_z_oo\"><\/span>Zmena s\u00eddla BP2 sp. z o.o.<span class=\"ez-toc-section-end\"><\/span><\/h2>\n            <p class=\"postTile__date uppercase\">15 febru\u00e1ra 2024<\/p>\n        <\/a>\n        <p class=\"postTile__link noMarginTop noMarginBottom\"><a href=\"https:\/\/bp2.yoho.pl\/sk\/zmena-sidla-bp2-sp-z-o-o\/\" class=\"button button--black uppercase\">\u010c\u00edtajte \u010falej<\/a><\/p>\n    <\/div>\n<\/div><\/div><div class=\"sliderGroup__elem\">\n<div class=\"postTile\">\n    <a class=\"postTile__thumb\" href=\"https:\/\/bp2.yoho.pl\/sk\/certifikat-zelenej-energie-v-roku-2023\/\">\n        <img decoding=\"async\" src=\"https:\/\/bp2.yoho.pl\/wp-content\/uploads\/2024\/02\/Free_Poster_Frame_Mockup_1-1-820x486.png\" class=\"postTile__thumbImage\" alt=\"CERTIFIK\u00c1T ZELENEJ ENERGIE V ROKU 2023\">      <\/a>\n    <div class=\"postTile__content\">\n                <a href=\"https:\/\/bp2.yoho.pl\/sk\/certifikat-zelenej-energie-v-roku-2023\/\" class=\"postTile__normalLink\">\n            <h2 class=\"postTile__title uppercase\"><span class=\"ez-toc-section\" id=\"CERTIFIKAT_ZELENEJ_ENERGIE_V_ROKU_2023\"><\/span>CERTIFIK\u00c1T ZELENEJ ENERGIE V ROKU 2023<span class=\"ez-toc-section-end\"><\/span><\/h2>\n            <p class=\"postTile__date uppercase\">12 febru\u00e1ra 2024<\/p>\n        <\/a>\n        <p class=\"postTile__link noMarginTop noMarginBottom\"><a href=\"https:\/\/bp2.yoho.pl\/sk\/certifikat-zelenej-energie-v-roku-2023\/\" class=\"button button--black uppercase\">\u010c\u00edtajte \u010falej<\/a><\/p>\n    <\/div>\n<\/div><\/div><div class=\"sliderGroup__elem\">\n<div class=\"postTile\">\n    <a class=\"postTile__thumb\" href=\"https:\/\/bp2.yoho.pl\/sk\/znizenie-uhlikovej-stopy-pomocou-ocele-xcarb\/\">\n        <img decoding=\"async\" src=\"https:\/\/bp2.yoho.pl\/wp-content\/uploads\/2024\/01\/62xcarb_2-820x555.png\" class=\"postTile__thumbImage\" alt=\"ZN\u00cd\u017dENIE UHL\u00cdKOVEJ STOPY POMOCOU OCELE XCARB\u00ae\">      <\/a>\n    <div class=\"postTile__content\">\n                <a href=\"https:\/\/bp2.yoho.pl\/sk\/znizenie-uhlikovej-stopy-pomocou-ocele-xcarb\/\" class=\"postTile__normalLink\">\n            <h2 class=\"postTile__title uppercase\"><span class=\"ez-toc-section\" id=\"ZNIZENIE_UHLIKOVEJ_STOPY_POMOCOU_OCELE_XCARB%C2%AE\"><\/span>ZN\u00cd\u017dENIE UHL\u00cdKOVEJ STOPY POMOCOU OCELE XCARB\u00ae<span class=\"ez-toc-section-end\"><\/span><\/h2>\n            <p class=\"postTile__date uppercase\">29 janu\u00e1ra 2024<\/p>\n        <\/a>\n        <p class=\"postTile__link noMarginTop noMarginBottom\"><a href=\"https:\/\/bp2.yoho.pl\/sk\/znizenie-uhlikovej-stopy-pomocou-ocele-xcarb\/\" class=\"button button--black uppercase\">\u010c\u00edtajte \u010falej<\/a><\/p>\n    <\/div>\n<\/div><\/div><div class=\"sliderGroup__elem\">\n<div class=\"postTile\">\n    <a class=\"postTile__thumb\" href=\"https:\/\/bp2.yoho.pl\/sk\/prihlaste-sa-na-skolenie-v-akademii-sampionov\/\">\n        <img decoding=\"async\" src=\"https:\/\/bp2.yoho.pl\/wp-content\/uploads\/2024\/01\/obrazek-wyrozniajacy-6-820x555.png\" class=\"postTile__thumbImage\" alt=\"Prihl\u00e1ste sa na \u0161kolenie v Akad\u00e9mii \u0161ampi\u00f3nov\">      <\/a>\n    <div class=\"postTile__content\">\n                <a href=\"https:\/\/bp2.yoho.pl\/sk\/prihlaste-sa-na-skolenie-v-akademii-sampionov\/\" class=\"postTile__normalLink\">\n            <h2 class=\"postTile__title uppercase\"><span class=\"ez-toc-section\" id=\"Prihlaste_sa_na_skolenie_v_Akademii_sampionov\"><\/span>Prihl\u00e1ste sa na \u0161kolenie v Akad\u00e9mii \u0161ampi\u00f3nov<span class=\"ez-toc-section-end\"><\/span><\/h2>\n            <p class=\"postTile__date uppercase\">23 janu\u00e1ra 2024<\/p>\n        <\/a>\n        <p class=\"postTile__link noMarginTop noMarginBottom\"><a href=\"https:\/\/bp2.yoho.pl\/sk\/prihlaste-sa-na-skolenie-v-akademii-sampionov\/\" class=\"button button--black uppercase\">\u010c\u00edtajte \u010falej<\/a><\/p>\n    <\/div>\n<\/div><\/div><div class=\"sliderGroup__elem\">\n<div class=\"postTile\">\n    <a class=\"postTile__thumb\" href=\"https:\/\/bp2.yoho.pl\/sk\/certifikacia-panelu-fit-volt-spolocnostou-vde-testing-and-certification\/\">\n        <img decoding=\"async\" src=\"https:\/\/bp2.yoho.pl\/wp-content\/uploads\/2023\/12\/Free_Poster_Display_Mockup_2-820x513.png\" class=\"postTile__thumbImage\" alt=\"Certifik\u00e1cia panelu FIT VOLT spolo\u010dnos\u0165ou VDE Testing and Certification\">      <\/a>\n    <div class=\"postTile__content\">\n                <a href=\"https:\/\/bp2.yoho.pl\/sk\/certifikacia-panelu-fit-volt-spolocnostou-vde-testing-and-certification\/\" class=\"postTile__normalLink\">\n            <h2 class=\"postTile__title uppercase\"><span class=\"ez-toc-section\" id=\"Certifikacia_panelu_FIT_VOLT_spolocnostou_VDE_Testing_and_Certification\"><\/span>Certifik\u00e1cia panelu FIT VOLT spolo\u010dnos\u0165ou VDE Testing and Certification<span class=\"ez-toc-section-end\"><\/span><\/h2>\n            <p class=\"postTile__date uppercase\">12 decembra 2023<\/p>\n        <\/a>\n        <p class=\"postTile__link noMarginTop noMarginBottom\"><a href=\"https:\/\/bp2.yoho.pl\/sk\/certifikacia-panelu-fit-volt-spolocnostou-vde-testing-and-certification\/\" class=\"button button--black uppercase\">\u010c\u00edtajte \u010falej<\/a><\/p>\n    <\/div>\n<\/div><\/div><div class=\"sliderGroup__elem\">\n<div class=\"postTile\">\n    <a class=\"postTile__thumb\" href=\"https:\/\/bp2.yoho.pl\/sk\/fotovoltaicka-strecha-instalovana-pokryvaci-solroof\/\">\n        <img decoding=\"async\" src=\"https:\/\/bp2.yoho.pl\/wp-content\/uploads\/2024\/01\/SOLROOF-GAJOWKA-INSTRUKCJA-MONTAZU-6-1024x682-1-820x546.jpg\" class=\"postTile__thumbImage\" alt=\"FOTOVOLTAICK\u00c1 STRECHA IN\u0160TALOVAN\u00c1 POKR\u00ddVA\u010cMI \u2013 SOLROOF\">      <\/a>\n    <div class=\"postTile__content\">\n                <a href=\"https:\/\/bp2.yoho.pl\/sk\/fotovoltaicka-strecha-instalovana-pokryvaci-solroof\/\" class=\"postTile__normalLink\">\n            <h2 class=\"postTile__title uppercase\"><span class=\"ez-toc-section\" id=\"FOTOVOLTAICKA_STRECHA_INSTALOVANA_POKRYVACMI_%E2%80%93_SOLROOF\"><\/span>FOTOVOLTAICK\u00c1 STRECHA IN\u0160TALOVAN\u00c1 POKR\u00ddVA\u010cMI \u2013 SOLROOF<span class=\"ez-toc-section-end\"><\/span><\/h2>\n            <p class=\"postTile__date uppercase\">30 novembra 2023<\/p>\n        <\/a>\n        <p class=\"postTile__link noMarginTop noMarginBottom\"><a href=\"https:\/\/bp2.yoho.pl\/sk\/fotovoltaicka-strecha-instalovana-pokryvaci-solroof\/\" class=\"button button--black uppercase\">\u010c\u00edtajte \u010falej<\/a><\/p>\n    <\/div>\n<\/div><\/div>        <\/div>\n    <\/div>\n\n\n\n<div style=\"height:100px\" aria-hidden=\"true\" class=\"wp-block-spacer is-style-small-spacer\"><\/div>\n<\/div><\/div>\n","protected":false},"excerpt":{"rendered":"<p>VYBERTE ZNA\u010cKU, O KTOR\u00da M\u00c1TE Z\u00c1UJEM, A PREJDITE NA VYHRADEN\u00da STR\u00c1NKU VITAJTE VO SVETE BP2 BP2 je od roku 1995 uzn\u00e1van\u00fdm v\u00fdrobcom kompletn\u00fdch rie\u0161en\u00ed pre bytov\u00fa a priemyseln\u00fa v\u00fdstavbu. Na\u0161e slu\u017eby pon\u00fakame aj v r\u00e1mci Oce\u013eov\u00e9ho servisn\u00e9ho centra. Sme tvorcami zna\u010dky a v\u00fdrobkov SOLROOF \u2013 integrovan\u00e1 fotovoltaick\u00e1 strecha. BP2 m\u00e1 celkom p\u00e4\u0165 v\u00fdrobn\u00fdch z\u00e1vodov, na [&hellip;]<\/p>\n","protected":false},"author":1,"featured_media":0,"parent":0,"menu_order":17,"comment_status":"closed","ping_status":"closed","template":"","meta":{"_acf_changed":false,"content-type":"","footnotes":""},"class_list":["post-49413","page","type-page","status-publish","hentry"],"acf":[],"_links":{"self":[{"href":"https:\/\/bp2.yoho.pl\/sk\/wp-json\/wp\/v2\/pages\/49413","targetHints":{"allow":["GET"]}}],"collection":[{"href":"https:\/\/bp2.yoho.pl\/sk\/wp-json\/wp\/v2\/pages"}],"about":[{"href":"https:\/\/bp2.yoho.pl\/sk\/wp-json\/wp\/v2\/types\/page"}],"author":[{"embeddable":true,"href":"https:\/\/bp2.yoho.pl\/sk\/wp-json\/wp\/v2\/users\/1"}],"replies":[{"embeddable":true,"href":"https:\/\/bp2.yoho.pl\/sk\/wp-json\/wp\/v2\/comments?post=49413"}],"version-history":[{"count":0,"href":"https:\/\/bp2.yoho.pl\/sk\/wp-json\/wp\/v2\/pages\/49413\/revisions"}],"wp:attachment":[{"href":"https:\/\/bp2.yoho.pl\/sk\/wp-json\/wp\/v2\/media?parent=49413"}],"curies":[{"name":"wp","href":"https:\/\/api.w.org\/{rel}","templated":true}]}}